{"id":4512,"date":"2025-07-05T20:38:40","date_gmt":"2025-07-05T18:38:40","guid":{"rendered":"https:\/\/cuevalosamayas.com\/startseite"},"modified":"2026-01-07T17:31:47","modified_gmt":"2026-01-07T16:31:47","slug":"startseite","status":"publish","type":"page","link":"https:\/\/cuevalosamayas.com\/de","title":{"rendered":"Startseite"},"content":{"rendered":"\t\t<div data-elementor-type=\"wp-page\" data-elementor-id=\"4512\" class=\"elementor elementor-4512 elementor-1106\" data-elementor-post-type=\"page\">\n\t\t\t\t<div class=\"elementor-element elementor-element-9758d5f e-flex e-con-boxed e-con e-parent\" data-id=\"9758d5f\" data-element_type=\"container\" data-e-type=\"container\" data-settings=\"{&quot;background_background&quot;:&quot;video&quot;,&quot;background_video_link&quot;:&quot;\\\/wp-content\\\/uploads\\\/2025\\\/07\\\/espectaculo-flamenco-sacromonte.mp4&quot;,&quot;background_play_on_mobile&quot;:&quot;yes&quot;}\">\n\t\t\t\t\t<div class=\"e-con-inner\">\n\t\t<div class=\"elementor-background-video-container\">\n\t\t\t\t\t\t\t<video class=\"elementor-background-video-hosted\" role=\"presentation\" autoplay muted playsinline loop><\/video>\n\t\t\t\t\t<\/div>\t\t<div class=\"elementor-element elementor-element-abf4e92 elementor-widget elementor-widget-heading\" data-id=\"abf4e92\" data-element_type=\"widget\" data-e-type=\"widget\" data-widget_type=\"heading.default\">\n\t\t\t\t<div class=\"elementor-widget-container\">\n\t\t\t\t\t<h1 class=\"elementor-heading-title elementor-size-default\">Flamenco in Sacromonte<\/h1>\t\t\t\t<\/div>\n\t\t\t\t<\/div>\n\t\t\t\t<div class=\"elementor-element elementor-element-212c3cf elementor-widget elementor-widget-heading\" data-id=\"212c3cf\" data-element_type=\"widget\" data-e-type=\"widget\" data-widget_type=\"heading.default\">\n\t\t\t\t<div class=\"elementor-widget-container\">\n\t\t\t\t\t<h2 class=\"elementor-heading-title elementor-size-default\">CUEVA LOS AMAYAS<\/h2>\t\t\t\t<\/div>\n\t\t\t\t<\/div>\n\t\t\t\t<div class=\"elementor-element elementor-element-2fdf060 elementor-widget__width-initial elementor-widget elementor-widget-text-editor\" data-id=\"2fdf060\" data-element_type=\"widget\" data-e-type=\"widget\" data-widget_type=\"text-editor.default\">\n\t\t\t\t<div class=\"elementor-widget-container\">\n\t\t\t\t\t\t\t\t\t<p>Die <strong>Cueva de Los Amaya Tablao Flamenco<\/strong> ist die erste <strong>Zambra Flamenca<\/strong> des Sacromonte in Granada. Geleitet von der <strong>Familie Amaya<\/strong>, einer historischen Zigeunerfamilie aus Granada und Wiege gro\u00dfer Flamenco-K\u00fcnstler. <\/p><p>Begrenzte Kapazit\u00e4t auf 60 Personen, mit der besten Aussicht auf den Generalife und die Alhambra, ohne B\u00fchne oder Beschallung, um den Flamenco in seinem reinsten Zustand zu erleben.<\/p>\t\t\t\t\t\t\t\t<\/div>\n\t\t\t\t<\/div>\n\t\t\t\t<div class=\"elementor-element elementor-element-5af36ff elementor-align-center elementor-hidden-widescreen elementor-hidden-desktop elementor-hidden-laptop elementor-hidden-tablet_extra elementor-hidden-tablet elementor-hidden-mobile_extra elementor-hidden-mobile elementor-widget elementor-widget-button\" data-id=\"5af36ff\" data-element_type=\"widget\" data-e-type=\"widget\" data-widget_type=\"button.default\">\n\t\t\t\t<div class=\"elementor-widget-container\">\n\t\t\t\t\t\t\t\t\t<div class=\"elementor-button-wrapper\">\n\t\t\t\t\t<a class=\"elementor-button elementor-button-link elementor-size-sm\" href=\"https:\/\/cuevalosamayas.com\/de\/reservieren-sie-ihren-platz\" title=\"Reserva ahora\">\n\t\t\t\t\t\t<span class=\"elementor-button-content-wrapper\">\n\t\t\t\t\t\t\t\t\t<span class=\"elementor-button-text\">JETZT BUCHEN<\/span>\n\t\t\t\t\t<\/span>\n\t\t\t\t\t<\/a>\n\t\t\t\t<\/div>\n\t\t\t\t\t\t\t\t<\/div>\n\t\t\t\t<\/div>\n\t\t\t\t<div class=\"elementor-element elementor-element-470c585 elementor-hidden-mobile elementor-widget elementor-widget-html\" data-id=\"470c585\" data-element_type=\"widget\" data-e-type=\"widget\" data-widget_type=\"html.default\">\n\t\t\t\t<div class=\"elementor-widget-container\">\n\t\t\t\t\t<button-widget widget-id=\"9326aee4-4dea-4dd6-8ea7-5f58d9ebb417\" styles-template-id=\"product-catalog-widget-styles2\"><\/button-widget>\r\n\t\t\t\t<\/div>\n\t\t\t\t<\/div>\n\t\t\t\t<div class=\"elementor-element elementor-element-1e7cd31 elementor-hidden-widescreen elementor-hidden-desktop elementor-hidden-laptop elementor-hidden-tablet_extra elementor-hidden-tablet elementor-hidden-mobile_extra elementor-widget elementor-widget-html\" data-id=\"1e7cd31\" data-element_type=\"widget\" data-e-type=\"widget\" data-widget_type=\"html.default\">\n\t\t\t\t<div class=\"elementor-widget-container\">\n\t\t\t\t\t<button-widget widget-id=\"d7e98f14-9775-4f17-b018-fd54d42e9401\" styles-template-id=\"product-catalog-widget-styles2\"><\/button-widget>\r\n\t\t\t\t<\/div>\n\t\t\t\t<\/div>\n\t\t\t\t\t<\/div>\n\t\t\t\t<\/div>\n\t\t<div class=\"elementor-element elementor-element-fc2183a e-flex e-con-boxed e-con e-parent\" data-id=\"fc2183a\" data-element_type=\"container\" data-e-type=\"container\" data-settings=\"{&quot;background_background&quot;:&quot;classic&quot;}\">\n\t\t\t\t\t<div class=\"e-con-inner\">\n\t\t\t\t<div class=\"elementor-element elementor-element-b659fc5 elementor-widget elementor-widget-heading\" data-id=\"b659fc5\" data-element_type=\"widget\" data-e-type=\"widget\" data-widget_type=\"heading.default\">\n\t\t\t\t<div class=\"elementor-widget-container\">\n\t\t\t\t\t<p class=\"elementor-heading-title elementor-size-default\">Entdecken Sie die Kunst des Flamenco in<\/p>\t\t\t\t<\/div>\n\t\t\t\t<\/div>\n\t\t\t\t<div class=\"elementor-element elementor-element-99e6c35 elementor-widget elementor-widget-heading\" data-id=\"99e6c35\" data-element_type=\"widget\" data-e-type=\"widget\" data-widget_type=\"heading.default\">\n\t\t\t\t<div class=\"elementor-widget-container\">\n\t\t\t\t\t<p class=\"elementor-heading-title elementor-size-default\">die beste H\u00f6hle von Granada<\/p>\t\t\t\t<\/div>\n\t\t\t\t<\/div>\n\t\t\t\t<div class=\"elementor-element elementor-element-12b1919 elementor-widget__width-initial uael-aspect-ratio-16_9 elementor-widget elementor-widget-uael-video\" data-id=\"12b1919\" data-element_type=\"widget\" data-e-type=\"widget\" data-widget_type=\"uael-video.default\">\n\t\t\t\t<div class=\"elementor-widget-container\">\n\t\t\t\t\t\t\t\t\t\t\t<div class=\"uael-video__outer-wrap  uael-video-type-hosted\" data-device=\"false\" data-vsticky=\"no\" data-hidedesktop=\"\" data-hidetablet=\"\" data-hidemobile=\"\" data-vsticky-viewport=\"0\" data-hosted-html=\"&quot; &lt;video class=\\&quot;uael-hosted-video\\&quot; src=\\&quot;https:\\\/\\\/cuevalosamayas.com\\\/wp-content\\\/uploads\\\/2025\\\/07\\\/espectaculo-flamenco-sacromonte.mp4\\&quot; controls=&amp;quot;&amp;quot;&gt;&lt;\\\/video&gt; &quot;\" data-autoplay=\"0\">\n\t\t\t\t\t\t<div class=\"uael-video-inner-wrap\">\n\t\t\t\t<div class=\"uael-video__play\" data-src=\"https:\/\/cuevalosamayas.com\/wp-content\/uploads\/2025\/07\/espectaculo-flamenco-sacromonte.mp4\">\n\t\t\t\t\t<video class=\"uael-video__thumb\" src=\"https:\/\/cuevalosamayas.com\/wp-content\/uploads\/2025\/07\/espectaculo-flamenco-sacromonte.mp4\" alt=\"\"><\/video>\n\t\t\t\t\t<div class=\"uael-video__play-icon uael-animation-\">\n\t\t\t\t\t\t<svg aria-hidden=\"true\" class=\"e-font-icon-svg e-fa-play-circle\" viewBox=\"0 0 512 512\" xmlns=\"http:\/\/www.w3.org\/2000\/svg\"><path d=\"M256 8C119 8 8 119 8 256s111 248 248 248 248-111 248-248S393 8 256 8zm115.7 272l-176 101c-15.8 8.8-35.7-2.5-35.7-21V152c0-18.4 19.8-29.8 35.7-21l176 107c16.4 9.2 16.4 32.9 0 42z\"><\/path><\/svg>\t\t\t\t\t<\/div>\n\t\t\t\t<\/div>\n\t\t\t\t\t\t\t\t\t\t\t<\/div>\n\t\t<\/div>\n\t\t\t\t\t\t\t<\/div>\n\t\t\t\t<\/div>\n\t\t\t\t<div class=\"elementor-element elementor-element-810c263 elementor-hidden-widescreen elementor-hidden-desktop elementor-hidden-laptop elementor-hidden-tablet_extra elementor-hidden-tablet elementor-hidden-mobile_extra elementor-hidden-mobile elementor-view-default elementor-widget elementor-widget-icon\" data-id=\"810c263\" data-element_type=\"widget\" data-e-type=\"widget\" data-widget_type=\"icon.default\">\n\t\t\t\t<div class=\"elementor-widget-container\">\n\t\t\t\t\t\t\t<div class=\"elementor-icon-wrapper\">\n\t\t\t<a class=\"elementor-icon\" href=\"#elementor-action%3Aaction%3Dpopup%3Aopen%26settings%3DeyJpZCI6MjYyMSwidG9nZ2xlIjpmYWxzZX0%3D\">\n\t\t\t<svg aria-hidden=\"true\" class=\"e-font-icon-svg e-fas-play-circle\" viewBox=\"0 0 512 512\" xmlns=\"http:\/\/www.w3.org\/2000\/svg\"><path d=\"M256 8C119 8 8 119 8 256s111 248 248 248 248-111 248-248S393 8 256 8zm115.7 272l-176 101c-15.8 8.8-35.7-2.5-35.7-21V152c0-18.4 19.8-29.8 35.7-21l176 107c16.4 9.2 16.4 32.9 0 42z\"><\/path><\/svg>\t\t\t<\/a>\n\t\t<\/div>\n\t\t\t\t\t\t<\/div>\n\t\t\t\t<\/div>\n\t\t\t\t\t<\/div>\n\t\t\t\t<\/div>\n\t\t<div class=\"elementor-element elementor-element-e59203b e-con-full e-flex e-con e-parent\" data-id=\"e59203b\" data-element_type=\"container\" data-e-type=\"container\" data-settings=\"{&quot;background_background&quot;:&quot;classic&quot;}\">\n\t\t<div class=\"elementor-element elementor-element-19bd394 e-con-full e-flex e-con e-child\" data-id=\"19bd394\" data-element_type=\"container\" data-e-type=\"container\">\n\t\t\t\t<div class=\"elementor-element elementor-element-40982ca1 elementor-widget elementor-widget-heading\" data-id=\"40982ca1\" data-element_type=\"widget\" data-e-type=\"widget\" data-widget_type=\"heading.default\">\n\t\t\t\t<div class=\"elementor-widget-container\">\n\t\t\t\t\t<p class=\"elementor-heading-title elementor-size-default\">Buchen Sie online Ihre Flamenco-Show im Viertel Sacromonte<\/p>\t\t\t\t<\/div>\n\t\t\t\t<\/div>\n\t\t\t\t<\/div>\n\t\t<div class=\"elementor-element elementor-element-5387b95 e-con-full e-flex e-con e-child\" data-id=\"5387b95\" data-element_type=\"container\" data-e-type=\"container\">\n\t\t\t\t<div class=\"elementor-element elementor-element-9b8b193 elementor-widget elementor-widget-text-editor\" data-id=\"9b8b193\" data-element_type=\"widget\" data-e-type=\"widget\" data-widget_type=\"text-editor.default\">\n\t\t\t\t<div class=\"elementor-widget-container\">\n\t\t\t\t\t\t\t\t\t<p>Unser gem\u00fctlicher Raum zelebriert die reiche <strong>Tradition des Flamenco<\/strong> und empf\u00e4ngt sowohl lokale Liebhaber als auch Besucher aus aller Welt, die auf der Suche nach der authentischen andalusischen Kultur sind.<\/p>\t\t\t\t\t\t\t\t<\/div>\n\t\t\t\t<\/div>\n\t\t\t\t<\/div>\n\t\t\t\t<\/div>\n\t\t<div class=\"elementor-element elementor-element-fbe69d3 e-con-full e-flex e-con e-parent\" data-id=\"fbe69d3\" data-element_type=\"container\" data-e-type=\"container\" data-settings=\"{&quot;background_background&quot;:&quot;classic&quot;}\">\n\t\t<div class=\"elementor-element elementor-element-75b5aae e-con-full e-flex e-con e-child\" data-id=\"75b5aae\" data-element_type=\"container\" data-e-type=\"container\">\n\t\t\t\t<div class=\"elementor-element elementor-element-812edef elementor-widget elementor-widget-heading\" data-id=\"812edef\" data-element_type=\"widget\" data-e-type=\"widget\" data-widget_type=\"heading.default\">\n\t\t\t\t<div class=\"elementor-widget-container\">\n\t\t\t\t\t<p class=\"elementor-heading-title elementor-size-default\">N\u00e4chte voller Kunst und Emotionen<\/p>\t\t\t\t<\/div>\n\t\t\t\t<\/div>\n\t\t\t\t<div class=\"elementor-element elementor-element-0a86bad elementor-widget elementor-widget-text-editor\" data-id=\"0a86bad\" data-element_type=\"widget\" data-e-type=\"widget\" data-widget_type=\"text-editor.default\">\n\t\t\t\t<div class=\"elementor-widget-container\">\n\t\t\t\t\t\t\t\t\t<p>Tauchen Sie ein in die Seele des Flamenco mit Cueva Flamenca los Amayas im Sacromonte, wo sich Geschichte mit Kunst verbindet, um unvergessliche Shows zu bieten.<\/p>\t\t\t\t\t\t\t\t<\/div>\n\t\t\t\t<\/div>\n\t\t\t\t<\/div>\n\t\t<div class=\"elementor-element elementor-element-2261af9 e-con-full e-flex e-con e-child\" data-id=\"2261af9\" data-element_type=\"container\" data-e-type=\"container\">\n\t\t\t\t<div class=\"elementor-element elementor-element-d6e8bd5 elementor-widget elementor-widget-heading\" data-id=\"d6e8bd5\" data-element_type=\"widget\" data-e-type=\"widget\" data-widget_type=\"heading.default\">\n\t\t\t\t<div class=\"elementor-widget-container\">\n\t\t\t\t\t<p class=\"elementor-heading-title elementor-size-default\">Immersives Erlebnis<\/p>\t\t\t\t<\/div>\n\t\t\t\t<\/div>\n\t\t\t\t<div class=\"elementor-element elementor-element-2150a04 elementor-widget elementor-widget-text-editor\" data-id=\"2150a04\" data-element_type=\"widget\" data-e-type=\"widget\" data-widget_type=\"text-editor.default\">\n\t\t\t\t<div class=\"elementor-widget-container\">\n\t\t\t\t\t\t\t\t\t<p>Erleben Sie die Leidenschaft des Flamenco in einer einzigartigen Umgebung. Jede Nacht verwandelt sich die Cueva Flamenca los Amayas in eine lebendige B\u00fchne der Kunst und Kultur. <\/p>\t\t\t\t\t\t\t\t<\/div>\n\t\t\t\t<\/div>\n\t\t\t\t<\/div>\n\t\t<div class=\"elementor-element elementor-element-3bf783f e-con-full e-flex e-con e-child\" data-id=\"3bf783f\" data-element_type=\"container\" data-e-type=\"container\">\n\t\t\t\t<div class=\"elementor-element elementor-element-29b4c22 elementor-widget elementor-widget-heading\" data-id=\"29b4c22\" data-element_type=\"widget\" data-e-type=\"widget\" data-widget_type=\"heading.default\">\n\t\t\t\t<div class=\"elementor-widget-container\">\n\t\t\t\t\t<p class=\"elementor-heading-title elementor-size-default\">Online-Buchungen<\/p>\t\t\t\t<\/div>\n\t\t\t\t<\/div>\n\t\t\t\t<div class=\"elementor-element elementor-element-a33d012 elementor-widget elementor-widget-text-editor\" data-id=\"a33d012\" data-element_type=\"widget\" data-e-type=\"widget\" data-widget_type=\"text-editor.default\">\n\t\t\t\t<div class=\"elementor-widget-container\">\n\t\t\t\t\t\t\t\t\t<p>Wir erleichtern den Zugang zu einem magischen Erlebnis mit unserem Online-Buchungssystem. Sichern Sie sich Ihren Platz im Herzen des Flamenco von Sacromonte. <\/p>\t\t\t\t\t\t\t\t<\/div>\n\t\t\t\t<\/div>\n\t\t\t\t<\/div>\n\t\t<div class=\"elementor-element elementor-element-4319dd0 e-con-full e-flex e-con e-child\" data-id=\"4319dd0\" data-element_type=\"container\" data-e-type=\"container\">\n\t\t\t\t<div class=\"elementor-element elementor-element-0683651 elementor-widget elementor-widget-heading\" data-id=\"0683651\" data-element_type=\"widget\" data-e-type=\"widget\" data-widget_type=\"heading.default\">\n\t\t\t\t<div class=\"elementor-widget-container\">\n\t\t\t\t\t<p class=\"elementor-heading-title elementor-size-default\">Kultur und Tradition<\/p>\t\t\t\t<\/div>\n\t\t\t\t<\/div>\n\t\t\t\t<div class=\"elementor-element elementor-element-fc1fd97 elementor-widget elementor-widget-text-editor\" data-id=\"fc1fd97\" data-element_type=\"widget\" data-e-type=\"widget\" data-widget_type=\"text-editor.default\">\n\t\t\t\t<div class=\"elementor-widget-container\">\n\t\t\t\t\t\t\t\t\t<p>Tauchen Sie durch unsere Aktivit\u00e4ten und Veranstaltungen in die Geschichte des Flamenco ein und entdecken Sie die Geheimnisse dieser Kunst, die die Welt in ihren Bann gezogen hat.<\/p>\t\t\t\t\t\t\t\t<\/div>\n\t\t\t\t<\/div>\n\t\t\t\t<\/div>\n\t\t<div class=\"elementor-element elementor-element-739cf8c e-con-full e-flex e-con e-child\" data-id=\"739cf8c\" data-element_type=\"container\" data-e-type=\"container\">\n\t\t\t\t<div class=\"elementor-element elementor-element-da999c8 elementor-widget elementor-widget-heading\" data-id=\"da999c8\" data-element_type=\"widget\" data-e-type=\"widget\" data-widget_type=\"heading.default\">\n\t\t\t\t<div class=\"elementor-widget-container\">\n\t\t\t\t\t<p class=\"elementor-heading-title elementor-size-default\">Organisation von Veranstaltungen<\/p>\t\t\t\t<\/div>\n\t\t\t\t<\/div>\n\t\t\t\t<div class=\"elementor-element elementor-element-35a5ff3 elementor-widget elementor-widget-text-editor\" data-id=\"35a5ff3\" data-element_type=\"widget\" data-e-type=\"widget\" data-widget_type=\"text-editor.default\">\n\t\t\t\t<div class=\"elementor-widget-container\">\n\t\t\t\t\t\t\t\t\t<p>Wir sind darauf spezialisiert, jede Veranstaltung zu einem unvergesslichen Erlebnis zu machen, indem wir die Authentizit\u00e4t des Flamenco mit der andalusischen Gastfreundschaft verbinden.<\/p>\t\t\t\t\t\t\t\t<\/div>\n\t\t\t\t<\/div>\n\t\t\t\t<\/div>\n\t\t<div class=\"elementor-element elementor-element-ddef55b e-con-full e-flex e-con e-child\" data-id=\"ddef55b\" data-element_type=\"container\" data-e-type=\"container\">\n\t\t\t\t<div class=\"elementor-element elementor-element-744ba73 elementor-widget elementor-widget-heading\" data-id=\"744ba73\" data-element_type=\"widget\" data-e-type=\"widget\" data-widget_type=\"heading.default\">\n\t\t\t\t<div class=\"elementor-widget-container\">\n\t\t\t\t\t<p class=\"elementor-heading-title elementor-size-default\">Das Flamenco-Herz<\/p>\t\t\t\t<\/div>\n\t\t\t\t<\/div>\n\t\t\t\t<div class=\"elementor-element elementor-element-65b7ed9 elementor-widget elementor-widget-text-editor\" data-id=\"65b7ed9\" data-element_type=\"widget\" data-e-type=\"widget\" data-widget_type=\"text-editor.default\">\n\t\t\t\t<div class=\"elementor-widget-container\">\n\t\t\t\t\t\t\t\t\t<p>Entdecken Sie die Essenz des Flamenco mit Cueva los Amayas de Granada, wo Tradition auf Leidenschaft trifft, um einzigartige und unvergessliche Momente zu schaffen.<\/p>\t\t\t\t\t\t\t\t<\/div>\n\t\t\t\t<\/div>\n\t\t\t\t<\/div>\n\t\t\t\t<\/div>\n\t\t<div class=\"elementor-element elementor-element-451efe2d e-con-full e-flex e-con e-parent\" data-id=\"451efe2d\" data-element_type=\"container\" data-e-type=\"container\">\n\t\t\t\t<div class=\"elementor-element elementor-element-b196a21 elementor-widget elementor-widget-heading\" data-id=\"b196a21\" data-element_type=\"widget\" data-e-type=\"widget\" data-widget_type=\"heading.default\">\n\t\t\t\t<div class=\"elementor-widget-container\">\n\t\t\t\t\t<h2 class=\"elementor-heading-title elementor-size-default\">Traditionelle Flamenco-Show<\/h2>\t\t\t\t<\/div>\n\t\t\t\t<\/div>\n\t\t\t\t<div class=\"elementor-element elementor-element-365b46f8 elementor-widget-divider--view-line elementor-widget elementor-widget-divider\" data-id=\"365b46f8\" data-element_type=\"widget\" data-e-type=\"widget\" data-widget_type=\"divider.default\">\n\t\t\t\t<div class=\"elementor-widget-container\">\n\t\t\t\t\t\t\t<div class=\"elementor-divider\">\n\t\t\t<span class=\"elementor-divider-separator\">\n\t\t\t\t\t\t<\/span>\n\t\t<\/div>\n\t\t\t\t\t\t<\/div>\n\t\t\t\t<\/div>\n\t\t\t\t<div class=\"elementor-element elementor-element-7319a8c4 elementor-widget elementor-widget-text-editor\" data-id=\"7319a8c4\" data-element_type=\"widget\" data-e-type=\"widget\" data-widget_type=\"text-editor.default\">\n\t\t\t\t<div class=\"elementor-widget-container\">\n\t\t\t\t\t\t\t\t\t<p>Erleben Sie eine <strong>traditionelle Flamenco-Show<\/strong> in einer einzigartigen und gem\u00fctlichen Atmosph\u00e4re in Granada. In La Cueva de los Amaya ist die Show eine <g id=\"gid_1\">Zambra gitana<\/g>, ein Fest, bei dem renommierte K\u00fcnstler ohne B\u00fchne oder Beschallung mit dem Publikum interagieren. Sie werden das Klackern, die Gitarre und den Gesang hautnah sp\u00fcren und vom Rhythmus, der Leidenschaft und der Tradition der authentischsten Zigeunerkultur durchdrungen sein.  <\/p>\t\t\t\t\t\t\t\t<\/div>\n\t\t\t\t<\/div>\n\t\t\t\t<div class=\"elementor-element elementor-element-6aee816 elementor-widget__width-initial elementor-widget elementor-widget-gallery\" data-id=\"6aee816\" data-element_type=\"widget\" data-e-type=\"widget\" data-settings=\"{&quot;gallery_layout&quot;:&quot;justified&quot;,&quot;gap&quot;:{&quot;unit&quot;:&quot;px&quot;,&quot;size&quot;:8,&quot;sizes&quot;:[]},&quot;lazyload&quot;:&quot;yes&quot;,&quot;ideal_row_height&quot;:{&quot;unit&quot;:&quot;px&quot;,&quot;size&quot;:200,&quot;sizes&quot;:[]},&quot;ideal_row_height_widescreen&quot;:{&quot;unit&quot;:&quot;px&quot;,&quot;size&quot;:&quot;&quot;,&quot;sizes&quot;:[]},&quot;ideal_row_height_laptop&quot;:{&quot;unit&quot;:&quot;px&quot;,&quot;size&quot;:150,&quot;sizes&quot;:[]},&quot;ideal_row_height_tablet_extra&quot;:{&quot;unit&quot;:&quot;px&quot;,&quot;size&quot;:150,&quot;sizes&quot;:[]},&quot;ideal_row_height_tablet&quot;:{&quot;unit&quot;:&quot;px&quot;,&quot;size&quot;:150,&quot;sizes&quot;:[]},&quot;ideal_row_height_mobile_extra&quot;:{&quot;unit&quot;:&quot;px&quot;,&quot;size&quot;:150,&quot;sizes&quot;:[]},&quot;ideal_row_height_mobile&quot;:{&quot;unit&quot;:&quot;px&quot;,&quot;size&quot;:150,&quot;sizes&quot;:[]},&quot;gap_widescreen&quot;:{&quot;unit&quot;:&quot;px&quot;,&quot;size&quot;:&quot;&quot;,&quot;sizes&quot;:[]},&quot;gap_laptop&quot;:{&quot;unit&quot;:&quot;px&quot;,&quot;size&quot;:10,&quot;sizes&quot;:[]},&quot;gap_tablet_extra&quot;:{&quot;unit&quot;:&quot;px&quot;,&quot;size&quot;:10,&quot;sizes&quot;:[]},&quot;gap_tablet&quot;:{&quot;unit&quot;:&quot;px&quot;,&quot;size&quot;:10,&quot;sizes&quot;:[]},&quot;gap_mobile_extra&quot;:{&quot;unit&quot;:&quot;px&quot;,&quot;size&quot;:10,&quot;sizes&quot;:[]},&quot;gap_mobile&quot;:{&quot;unit&quot;:&quot;px&quot;,&quot;size&quot;:10,&quot;sizes&quot;:[]},&quot;link_to&quot;:&quot;file&quot;,&quot;overlay_background&quot;:&quot;yes&quot;,&quot;content_hover_animation&quot;:&quot;fade-in&quot;}\" data-widget_type=\"gallery.default\">\n\t\t\t\t<div class=\"elementor-widget-container\">\n\t\t\t\t\t\t\t<div class=\"elementor-gallery__container\">\n\t\t\t\t\t\t\t<a class=\"e-gallery-item elementor-gallery-item elementor-animated-content\" href=\"https:\/\/cuevalosamayas.com\/wp-content\/uploads\/2025\/07\/artistas-en-actuacion-cueva.avif\" data-elementor-open-lightbox=\"yes\" data-elementor-lightbox-slideshow=\"6aee816\" data-e-action-hash=\"#elementor-action%3Aaction%3Dlightbox%26settings%3DeyJpZCI6MTM5MSwidXJsIjoiaHR0cHM6XC9cL2N1ZXZhbG9zYW1heWFzLmNvbVwvd3AtY29udGVudFwvdXBsb2Fkc1wvMjAyNVwvMDdcL2FydGlzdGFzLWVuLWFjdHVhY2lvbi1jdWV2YS5hdmlmIiwic2xpZGVzaG93IjoiNmFlZTgxNiJ9\">\n\t\t\t\t\t<div class=\"e-gallery-image elementor-gallery-item__image\" data-thumbnail=\"https:\/\/cuevalosamayas.com\/wp-content\/uploads\/2025\/07\/artistas-en-actuacion-cueva-1024x683.avif\" data-width=\"800\" data-height=\"534\" aria-label=\"Artistas Actuando\" role=\"img\" ><\/div>\n\t\t\t\t\t\t\t\t\t\t\t<div class=\"elementor-gallery-item__overlay\"><\/div>\n\t\t\t\t\t\t\t\t\t\t\t\t\t\t<\/a>\n\t\t\t\t\t\t\t<a class=\"e-gallery-item elementor-gallery-item elementor-animated-content\" href=\"https:\/\/cuevalosamayas.com\/wp-content\/uploads\/2025\/07\/actuacion-bailaora.avif\" data-elementor-open-lightbox=\"yes\" data-elementor-lightbox-slideshow=\"6aee816\" data-e-action-hash=\"#elementor-action%3Aaction%3Dlightbox%26settings%3DeyJpZCI6MTM5NywidXJsIjoiaHR0cHM6XC9cL2N1ZXZhbG9zYW1heWFzLmNvbVwvd3AtY29udGVudFwvdXBsb2Fkc1wvMjAyNVwvMDdcL2FjdHVhY2lvbi1iYWlsYW9yYS5hdmlmIiwic2xpZGVzaG93IjoiNmFlZTgxNiJ9\">\n\t\t\t\t\t<div class=\"e-gallery-image elementor-gallery-item__image\" data-thumbnail=\"https:\/\/cuevalosamayas.com\/wp-content\/uploads\/2025\/07\/actuacion-bailaora-1024x683.avif\" data-width=\"800\" data-height=\"534\" aria-label=\"Baile Flamenco\" role=\"img\" ><\/div>\n\t\t\t\t\t\t\t\t\t\t\t<div class=\"elementor-gallery-item__overlay\"><\/div>\n\t\t\t\t\t\t\t\t\t\t\t\t\t\t<\/a>\n\t\t\t\t\t\t\t<a class=\"e-gallery-item elementor-gallery-item elementor-animated-content\" href=\"https:\/\/cuevalosamayas.com\/wp-content\/uploads\/2025\/07\/cantaora-flamenco.avif\" data-elementor-open-lightbox=\"yes\" data-elementor-lightbox-slideshow=\"6aee816\" data-e-action-hash=\"#elementor-action%3Aaction%3Dlightbox%26settings%3DeyJpZCI6MTQwMywidXJsIjoiaHR0cHM6XC9cL2N1ZXZhbG9zYW1heWFzLmNvbVwvd3AtY29udGVudFwvdXBsb2Fkc1wvMjAyNVwvMDdcL2NhbnRhb3JhLWZsYW1lbmNvLmF2aWYiLCJzbGlkZXNob3ciOiI2YWVlODE2In0%3D\">\n\t\t\t\t\t<div class=\"e-gallery-image elementor-gallery-item__image\" data-thumbnail=\"https:\/\/cuevalosamayas.com\/wp-content\/uploads\/2025\/07\/cantaora-flamenco-1024x682.avif\" data-width=\"800\" data-height=\"533\" aria-label=\"Cantaora tocando las palmas\" role=\"img\" ><\/div>\n\t\t\t\t\t\t\t\t\t\t\t<div class=\"elementor-gallery-item__overlay\"><\/div>\n\t\t\t\t\t\t\t\t\t\t\t\t\t\t<\/a>\n\t\t\t\t\t\t\t<a class=\"e-gallery-item elementor-gallery-item elementor-animated-content\" href=\"https:\/\/cuevalosamayas.com\/wp-content\/uploads\/2025\/07\/bailaora-gitana-granada.avif\" data-elementor-open-lightbox=\"yes\" data-elementor-lightbox-slideshow=\"6aee816\" data-e-action-hash=\"#elementor-action%3Aaction%3Dlightbox%26settings%3DeyJpZCI6MTQxNSwidXJsIjoiaHR0cHM6XC9cL2N1ZXZhbG9zYW1heWFzLmNvbVwvd3AtY29udGVudFwvdXBsb2Fkc1wvMjAyNVwvMDdcL2JhaWxhb3JhLWdpdGFuYS1ncmFuYWRhLmF2aWYiLCJzbGlkZXNob3ciOiI2YWVlODE2In0%3D\">\n\t\t\t\t\t<div class=\"e-gallery-image elementor-gallery-item__image\" data-thumbnail=\"https:\/\/cuevalosamayas.com\/wp-content\/uploads\/2025\/07\/bailaora-gitana-granada-1024x683.avif\" data-width=\"800\" data-height=\"534\" aria-label=\"Bailaora flamenca gitana\" role=\"img\" ><\/div>\n\t\t\t\t\t\t\t\t\t\t\t<div class=\"elementor-gallery-item__overlay\"><\/div>\n\t\t\t\t\t\t\t\t\t\t\t\t\t\t<\/a>\n\t\t\t\t\t\t\t<a class=\"e-gallery-item elementor-gallery-item elementor-animated-content\" href=\"https:\/\/cuevalosamayas.com\/wp-content\/uploads\/2025\/07\/zapateo-flamenco.avif\" data-elementor-open-lightbox=\"yes\" data-elementor-lightbox-slideshow=\"6aee816\" data-e-action-hash=\"#elementor-action%3Aaction%3Dlightbox%26settings%3DeyJpZCI6MTQyMSwidXJsIjoiaHR0cHM6XC9cL2N1ZXZhbG9zYW1heWFzLmNvbVwvd3AtY29udGVudFwvdXBsb2Fkc1wvMjAyNVwvMDdcL3phcGF0ZW8tZmxhbWVuY28uYXZpZiIsInNsaWRlc2hvdyI6IjZhZWU4MTYifQ%3D%3D\">\n\t\t\t\t\t<div class=\"e-gallery-image elementor-gallery-item__image\" data-thumbnail=\"https:\/\/cuevalosamayas.com\/wp-content\/uploads\/2025\/07\/zapateo-flamenco-1024x683.avif\" data-width=\"800\" data-height=\"534\" aria-label=\"Zapateo flamenco en tarima\" role=\"img\" ><\/div>\n\t\t\t\t\t\t\t\t\t\t\t<div class=\"elementor-gallery-item__overlay\"><\/div>\n\t\t\t\t\t\t\t\t\t\t\t\t\t\t<\/a>\n\t\t\t\t\t\t\t<a class=\"e-gallery-item elementor-gallery-item elementor-animated-content\" href=\"https:\/\/cuevalosamayas.com\/wp-content\/uploads\/2025\/07\/bailaor-flamenco-en-cueva.avif\" data-elementor-open-lightbox=\"yes\" data-elementor-lightbox-slideshow=\"6aee816\" data-e-action-hash=\"#elementor-action%3Aaction%3Dlightbox%26settings%3DeyJpZCI6MTQzMywidXJsIjoiaHR0cHM6XC9cL2N1ZXZhbG9zYW1heWFzLmNvbVwvd3AtY29udGVudFwvdXBsb2Fkc1wvMjAyNVwvMDdcL2JhaWxhb3ItZmxhbWVuY28tZW4tY3VldmEuYXZpZiIsInNsaWRlc2hvdyI6IjZhZWU4MTYifQ%3D%3D\">\n\t\t\t\t\t<div class=\"e-gallery-image elementor-gallery-item__image\" data-thumbnail=\"https:\/\/cuevalosamayas.com\/wp-content\/uploads\/2025\/07\/bailaor-flamenco-en-cueva-1024x683.avif\" data-width=\"800\" data-height=\"534\" aria-label=\"Bailaor flamenco en cueva\" role=\"img\" ><\/div>\n\t\t\t\t\t\t\t\t\t\t\t<div class=\"elementor-gallery-item__overlay\"><\/div>\n\t\t\t\t\t\t\t\t\t\t\t\t\t\t<\/a>\n\t\t\t\t\t\t\t<a class=\"e-gallery-item elementor-gallery-item elementor-animated-content\" href=\"https:\/\/cuevalosamayas.com\/wp-content\/uploads\/2025\/07\/plena-actuacion.avif\" data-elementor-open-lightbox=\"yes\" data-elementor-lightbox-slideshow=\"6aee816\" data-e-action-hash=\"#elementor-action%3Aaction%3Dlightbox%26settings%3DeyJpZCI6MTQzOSwidXJsIjoiaHR0cHM6XC9cL2N1ZXZhbG9zYW1heWFzLmNvbVwvd3AtY29udGVudFwvdXBsb2Fkc1wvMjAyNVwvMDdcL3BsZW5hLWFjdHVhY2lvbi5hdmlmIiwic2xpZGVzaG93IjoiNmFlZTgxNiJ9\">\n\t\t\t\t\t<div class=\"e-gallery-image elementor-gallery-item__image\" data-thumbnail=\"https:\/\/cuevalosamayas.com\/wp-content\/uploads\/2025\/07\/plena-actuacion-683x1024.avif\" data-width=\"683\" data-height=\"1024\" aria-label=\"Actuaci\u00f3n flamenca\" role=\"img\" ><\/div>\n\t\t\t\t\t\t\t\t\t\t\t<div class=\"elementor-gallery-item__overlay\"><\/div>\n\t\t\t\t\t\t\t\t\t\t\t\t\t\t<\/a>\n\t\t\t\t\t\t\t<a class=\"e-gallery-item elementor-gallery-item elementor-animated-content\" href=\"https:\/\/cuevalosamayas.com\/wp-content\/uploads\/2025\/08\/exterior-cueva-sacromonte.avif\" data-elementor-open-lightbox=\"yes\" data-elementor-lightbox-slideshow=\"6aee816\" data-e-action-hash=\"#elementor-action%3Aaction%3Dlightbox%26settings%3DeyJpZCI6NDEzNywidXJsIjoiaHR0cHM6XC9cL2N1ZXZhbG9zYW1heWFzLmNvbVwvd3AtY29udGVudFwvdXBsb2Fkc1wvMjAyNVwvMDhcL2V4dGVyaW9yLWN1ZXZhLXNhY3JvbW9udGUuYXZpZiIsInNsaWRlc2hvdyI6IjZhZWU4MTYifQ%3D%3D\">\n\t\t\t\t\t<div class=\"e-gallery-image elementor-gallery-item__image\" data-thumbnail=\"https:\/\/cuevalosamayas.com\/wp-content\/uploads\/2025\/08\/exterior-cueva-sacromonte-1024x683.avif\" data-width=\"800\" data-height=\"534\" aria-label=\"Exterior cueva flamenca los Amaya\" role=\"img\" ><\/div>\n\t\t\t\t\t\t\t\t\t\t\t<div class=\"elementor-gallery-item__overlay\"><\/div>\n\t\t\t\t\t\t\t\t\t\t\t\t\t\t<\/a>\n\t\t\t\t\t<\/div>\n\t\t\t\t\t<\/div>\n\t\t\t\t<\/div>\n\t\t\t\t<div class=\"elementor-element elementor-element-39e73c9 elementor-align-center elementor-mobile-align-left elementor-widget elementor-widget-button\" data-id=\"39e73c9\" data-element_type=\"widget\" data-e-type=\"widget\" data-widget_type=\"button.default\">\n\t\t\t\t<div class=\"elementor-widget-container\">\n\t\t\t\t\t\t\t\t\t<div class=\"elementor-button-wrapper\">\n\t\t\t\t\t<a class=\"elementor-button elementor-button-link elementor-size-sm\" href=\"https:\/\/cuevalosamayas.com\/de\/bildergalerie\" title=\"Galer\u00eda\">\n\t\t\t\t\t\t<span class=\"elementor-button-content-wrapper\">\n\t\t\t\t\t\t<span class=\"elementor-button-icon\">\n\t\t\t\t<svg aria-hidden=\"true\" class=\"e-font-icon-svg e-fas-long-arrow-alt-right\" viewBox=\"0 0 448 512\" xmlns=\"http:\/\/www.w3.org\/2000\/svg\"><path d=\"M313.941 216H12c-6.627 0-12 5.373-12 12v56c0 6.627 5.373 12 12 12h301.941v46.059c0 21.382 25.851 32.09 40.971 16.971l86.059-86.059c9.373-9.373 9.373-24.569 0-33.941l-86.059-86.059c-15.119-15.119-40.971-4.411-40.971 16.971V216z\"><\/path><\/svg>\t\t\t<\/span>\n\t\t\t\t\t\t\t\t\t<span class=\"elementor-button-text\">Alle Fotos ansehen<\/span>\n\t\t\t\t\t<\/span>\n\t\t\t\t\t<\/a>\n\t\t\t\t<\/div>\n\t\t\t\t\t\t\t\t<\/div>\n\t\t\t\t<\/div>\n\t\t\t\t<\/div>\n\t\t<div class=\"elementor-element elementor-element-28aa589f e-con-full e-flex e-con e-parent\" data-id=\"28aa589f\" data-element_type=\"container\" data-e-type=\"container\">\n\t\t<div class=\"elementor-element elementor-element-7b75b85e e-con-full e-flex e-con e-child\" data-id=\"7b75b85e\" data-element_type=\"container\" data-e-type=\"container\">\n\t\t<div class=\"elementor-element elementor-element-5b102dbe e-flex e-con-boxed e-con e-child\" data-id=\"5b102dbe\" data-element_type=\"container\" data-e-type=\"container\">\n\t\t\t\t\t<div class=\"e-con-inner\">\n\t\t\t\t<div class=\"elementor-element elementor-element-61a92463 elementor-widget__width-inherit elementor-widget elementor-widget-cta\" data-id=\"61a92463\" data-element_type=\"widget\" data-e-type=\"widget\" data-settings=\"{&quot;layout_preset&quot;:&quot;focus&quot;,&quot;cta_vertical_position&quot;:&quot;start&quot;,&quot;primary_button_shape&quot;:&quot;default&quot;,&quot;box_shape&quot;:&quot;sharp&quot;}\" data-widget_type=\"cta.default\">\n\t\t\t\t<div class=\"elementor-widget-container\">\n\t\t\t\t\t\t\t<div class=\"has-shape-sharp shape-type-box ehp-cta has-preset-focus\">\n\t\t\t<div class=\"ehp-cta__overlay\"><\/div>\n\t\t\t<div class=\"ehp-cta__elements-container\">\n\t\t\t\t\t\t<div class=\"ehp-cta__text-container\">\n\t\t\t<p class=\"ehp-cta__heading\">Spektakel<\/p>\t\t<\/div>\n\t\t\t\t\t<div class=\"ehp-cta__ctas-container\">\n\t\t\t\t<div class=\"ehp-cta__buttons-wrapper\">\n\t\t\t\t\t\t\t<a class=\"has-shape-default shape-type-button ehp-button ehp-button--primary ehp-cta__button ehp-cta__button--primary is-type-button\" href=\"https:\/\/cuevalosamayas.com\/de\/reservieren-sie-ihren-platz\" title=\"Reservar espect\u00e1culo\">\n\t\t\t<svg aria-hidden=\"true\" class=\"ehp-button__icon e-font-icon-svg e-fas-arrow-right\" 0=\"ehp-cta__button-icon\" viewBox=\"0 0 448 512\" xmlns=\"http:\/\/www.w3.org\/2000\/svg\"><path d=\"M190.5 66.9l22.2-22.2c9.4-9.4 24.6-9.4 33.9 0L441 239c9.4 9.4 9.4 24.6 0 33.9L246.6 467.3c-9.4 9.4-24.6 9.4-33.9 0l-22.2-22.2c-9.5-9.5-9.3-25 .4-34.3L311.4 296H24c-13.3 0-24-10.7-24-24v-32c0-13.3 10.7-24 24-24h287.4L190.9 101.2c-9.8-9.3-10-24.8-.4-34.3z\"><\/path><\/svg>\t\t<span class=\"ehp-button__text ehp-cta__button-text ehp-cta__button-text--primary\">\n\t\t\tbuchen\t\t\t\t<\/a>\n\t\t\t\t\t\t\t\t\t\t\t<\/div>\n\t\t\t<\/div>\n\t\t\t\t\t<\/div>\n\t\t<\/div>\n\t\t\t\t\t\t<\/div>\n\t\t\t\t<\/div>\n\t\t\t\t\t<\/div>\n\t\t\t\t<\/div>\n\t\t\t\t<div class=\"elementor-element elementor-element-7d9cbb33 elementor-widget-divider--view-line elementor-widget elementor-widget-divider\" data-id=\"7d9cbb33\" data-element_type=\"widget\" data-e-type=\"widget\" data-widget_type=\"divider.default\">\n\t\t\t\t<div class=\"elementor-widget-container\">\n\t\t\t\t\t\t\t<div class=\"elementor-divider\">\n\t\t\t<span class=\"elementor-divider-separator\">\n\t\t\t\t\t\t<\/span>\n\t\t<\/div>\n\t\t\t\t\t\t<\/div>\n\t\t\t\t<\/div>\n\t\t\t\t<div class=\"elementor-element elementor-element-16a688b2 elementor-widget elementor-widget-image\" data-id=\"16a688b2\" data-element_type=\"widget\" data-e-type=\"widget\" data-widget_type=\"image.default\">\n\t\t\t\t<div class=\"elementor-widget-container\">\n\t\t\t\t\t\t\t\t\t\t\t\t<figure class=\"wp-caption\">\n\t\t\t\t\t\t\t\t\t\t<img fetchpriority=\"high\" decoding=\"async\" width=\"1200\" height=\"800\" src=\"https:\/\/cuevalosamayas.com\/wp-content\/uploads\/2025\/07\/flamenca-tocando-palmas.avif\" class=\"attachment-full size-full wp-image-1430\" alt=\"Flamenca tocando palmas\" srcset=\"https:\/\/cuevalosamayas.com\/wp-content\/uploads\/2025\/07\/flamenca-tocando-palmas.avif 1200w, https:\/\/cuevalosamayas.com\/wp-content\/uploads\/2025\/07\/flamenca-tocando-palmas-300x200.avif 300w, https:\/\/cuevalosamayas.com\/wp-content\/uploads\/2025\/07\/flamenca-tocando-palmas-1024x683.avif 1024w, https:\/\/cuevalosamayas.com\/wp-content\/uploads\/2025\/07\/flamenca-tocando-palmas-768x512.avif 768w\" sizes=\"(max-width: 1200px) 100vw, 1200px\" \/>\t\t\t\t\t\t\t\t\t\t\t<figcaption class=\"widget-image-caption wp-caption-text\">60 Minuten Leidenschaft pur. Flamenco-Show in der Cueva del Sacromonte in Granada. <\/figcaption>\n\t\t\t\t\t\t\t\t\t\t<\/figure>\n\t\t\t\t\t\t\t\t\t<\/div>\n\t\t\t\t<\/div>\n\t\t\t\t<\/div>\n\t\t<div class=\"elementor-element elementor-element-160c9a77 e-con-full e-flex e-con e-child\" data-id=\"160c9a77\" data-element_type=\"container\" data-e-type=\"container\">\n\t\t<div class=\"elementor-element elementor-element-77e585c3 e-flex e-con-boxed e-con e-child\" data-id=\"77e585c3\" data-element_type=\"container\" data-e-type=\"container\">\n\t\t\t\t\t<div class=\"e-con-inner\">\n\t\t\t\t<div class=\"elementor-element elementor-element-65c8aa36 elementor-widget__width-inherit elementor-widget elementor-widget-cta\" data-id=\"65c8aa36\" data-element_type=\"widget\" data-e-type=\"widget\" data-settings=\"{&quot;layout_preset&quot;:&quot;focus&quot;,&quot;cta_vertical_position&quot;:&quot;start&quot;,&quot;primary_button_shape&quot;:&quot;default&quot;,&quot;box_shape&quot;:&quot;sharp&quot;}\" data-widget_type=\"cta.default\">\n\t\t\t\t<div class=\"elementor-widget-container\">\n\t\t\t\t\t\t\t<div class=\"has-shape-sharp shape-type-box ehp-cta has-preset-focus\">\n\t\t\t<div class=\"ehp-cta__overlay\"><\/div>\n\t\t\t<div class=\"ehp-cta__elements-container\">\n\t\t\t\t\t\t<div class=\"ehp-cta__text-container\">\n\t\t\t<p class=\"ehp-cta__heading\">Show + Getr\u00e4nk<\/p>\t\t<\/div>\n\t\t\t\t\t<div class=\"ehp-cta__ctas-container\">\n\t\t\t\t<div class=\"ehp-cta__buttons-wrapper\">\n\t\t\t\t\t\t\t<a class=\"has-shape-default shape-type-button ehp-button ehp-button--primary ehp-cta__button ehp-cta__button--primary is-type-button\" href=\"https:\/\/cuevalosamayas.com\/de\/reservieren-sie-ihren-platz\" title=\"Reservar espect\u00e1culo + consumici\u00f3n\">\n\t\t\t<svg aria-hidden=\"true\" class=\"ehp-button__icon e-font-icon-svg e-fas-arrow-right\" 0=\"ehp-cta__button-icon\" viewBox=\"0 0 448 512\" xmlns=\"http:\/\/www.w3.org\/2000\/svg\"><path d=\"M190.5 66.9l22.2-22.2c9.4-9.4 24.6-9.4 33.9 0L441 239c9.4 9.4 9.4 24.6 0 33.9L246.6 467.3c-9.4 9.4-24.6 9.4-33.9 0l-22.2-22.2c-9.5-9.5-9.3-25 .4-34.3L311.4 296H24c-13.3 0-24-10.7-24-24v-32c0-13.3 10.7-24 24-24h287.4L190.9 101.2c-9.8-9.3-10-24.8-.4-34.3z\"><\/path><\/svg>\t\t<span class=\"ehp-button__text ehp-cta__button-text ehp-cta__button-text--primary\">\n\t\t\tbuchen\t\t\t\t<\/a>\n\t\t\t\t\t\t\t\t\t\t\t<\/div>\n\t\t\t<\/div>\n\t\t\t\t\t<\/div>\n\t\t<\/div>\n\t\t\t\t\t\t<\/div>\n\t\t\t\t<\/div>\n\t\t\t\t\t<\/div>\n\t\t\t\t<\/div>\n\t\t\t\t<div class=\"elementor-element elementor-element-5110ddb1 elementor-widget-divider--view-line elementor-widget elementor-widget-divider\" data-id=\"5110ddb1\" data-element_type=\"widget\" data-e-type=\"widget\" data-widget_type=\"divider.default\">\n\t\t\t\t<div class=\"elementor-widget-container\">\n\t\t\t\t\t\t\t<div class=\"elementor-divider\">\n\t\t\t<span class=\"elementor-divider-separator\">\n\t\t\t\t\t\t<\/span>\n\t\t<\/div>\n\t\t\t\t\t\t<\/div>\n\t\t\t\t<\/div>\n\t\t\t\t<div class=\"elementor-element elementor-element-2890685b elementor-widget elementor-widget-image\" data-id=\"2890685b\" data-element_type=\"widget\" data-e-type=\"widget\" data-widget_type=\"image.default\">\n\t\t\t\t<div class=\"elementor-widget-container\">\n\t\t\t\t\t\t\t\t\t\t\t\t<figure class=\"wp-caption\">\n\t\t\t\t\t\t\t\t\t\t<img decoding=\"async\" width=\"800\" height=\"534\" src=\"https:\/\/cuevalosamayas.com\/wp-content\/uploads\/2025\/07\/espectaculo-y-consumicion-1024x683.avif\" class=\"attachment-large size-large wp-image-1489\" alt=\"Espectaculo y consumicion\" srcset=\"https:\/\/cuevalosamayas.com\/wp-content\/uploads\/2025\/07\/espectaculo-y-consumicion-1024x683.avif 1024w, https:\/\/cuevalosamayas.com\/wp-content\/uploads\/2025\/07\/espectaculo-y-consumicion-300x200.avif 300w, https:\/\/cuevalosamayas.com\/wp-content\/uploads\/2025\/07\/espectaculo-y-consumicion-768x512.avif 768w, https:\/\/cuevalosamayas.com\/wp-content\/uploads\/2025\/07\/espectaculo-y-consumicion.avif 1200w\" sizes=\"(max-width: 800px) 100vw, 800px\" \/>\t\t\t\t\t\t\t\t\t\t\t<figcaption class=\"widget-image-caption wp-caption-text\">Genie\u00dfen Sie zusammen mit der Show ein Glas Wein, Bier, Erfrischungsgetr\u00e4nk oder Saft.<\/figcaption>\n\t\t\t\t\t\t\t\t\t\t<\/figure>\n\t\t\t\t\t\t\t\t\t<\/div>\n\t\t\t\t<\/div>\n\t\t\t\t<\/div>\n\t\t<div class=\"elementor-element elementor-element-2ab3afc e-con-full e-flex e-con e-child\" data-id=\"2ab3afc\" data-element_type=\"container\" data-e-type=\"container\">\n\t\t<div class=\"elementor-element elementor-element-76bdfefb e-flex e-con-boxed e-con e-child\" data-id=\"76bdfefb\" data-element_type=\"container\" data-e-type=\"container\">\n\t\t\t\t\t<div class=\"e-con-inner\">\n\t\t\t\t<div class=\"elementor-element elementor-element-20fd162a elementor-widget__width-inherit elementor-widget elementor-widget-cta\" data-id=\"20fd162a\" data-element_type=\"widget\" data-e-type=\"widget\" data-settings=\"{&quot;layout_preset&quot;:&quot;focus&quot;,&quot;cta_vertical_position&quot;:&quot;start&quot;,&quot;primary_button_shape&quot;:&quot;default&quot;,&quot;box_shape&quot;:&quot;sharp&quot;}\" data-widget_type=\"cta.default\">\n\t\t\t\t<div class=\"elementor-widget-container\">\n\t\t\t\t\t\t\t<div class=\"has-shape-sharp shape-type-box ehp-cta has-preset-focus\">\n\t\t\t<div class=\"ehp-cta__overlay\"><\/div>\n\t\t\t<div class=\"ehp-cta__elements-container\">\n\t\t\t\t\t\t<div class=\"ehp-cta__text-container\">\n\t\t\t<p class=\"ehp-cta__heading\">Vorstellung + Tour<\/p>\t\t<\/div>\n\t\t\t\t\t<div class=\"ehp-cta__ctas-container\">\n\t\t\t\t<div class=\"ehp-cta__buttons-wrapper\">\n\t\t\t\t\t\t\t<a class=\"has-shape-default shape-type-button ehp-button ehp-button--primary ehp-cta__button ehp-cta__button--primary is-type-button\" href=\"https:\/\/cuevalosamayas.com\/de\/reservieren-sie-ihren-platz\" title=\"Reservar espect\u00e1culo\">\n\t\t\t<svg aria-hidden=\"true\" class=\"ehp-button__icon e-font-icon-svg e-fas-arrow-right\" 0=\"ehp-cta__button-icon\" viewBox=\"0 0 448 512\" xmlns=\"http:\/\/www.w3.org\/2000\/svg\"><path d=\"M190.5 66.9l22.2-22.2c9.4-9.4 24.6-9.4 33.9 0L441 239c9.4 9.4 9.4 24.6 0 33.9L246.6 467.3c-9.4 9.4-24.6 9.4-33.9 0l-22.2-22.2c-9.5-9.5-9.3-25 .4-34.3L311.4 296H24c-13.3 0-24-10.7-24-24v-32c0-13.3 10.7-24 24-24h287.4L190.9 101.2c-9.8-9.3-10-24.8-.4-34.3z\"><\/path><\/svg>\t\t<span class=\"ehp-button__text ehp-cta__button-text ehp-cta__button-text--primary\">\n\t\t\tbuchen\t\t\t\t<\/a>\n\t\t\t\t\t\t\t\t\t\t\t<\/div>\n\t\t\t<\/div>\n\t\t\t\t\t<\/div>\n\t\t<\/div>\n\t\t\t\t\t\t<\/div>\n\t\t\t\t<\/div>\n\t\t\t\t\t<\/div>\n\t\t\t\t<\/div>\n\t\t\t\t<div class=\"elementor-element elementor-element-3de7210d elementor-widget-divider--view-line elementor-widget elementor-widget-divider\" data-id=\"3de7210d\" data-element_type=\"widget\" data-e-type=\"widget\" data-widget_type=\"divider.default\">\n\t\t\t\t<div class=\"elementor-widget-container\">\n\t\t\t\t\t\t\t<div class=\"elementor-divider\">\n\t\t\t<span class=\"elementor-divider-separator\">\n\t\t\t\t\t\t<\/span>\n\t\t<\/div>\n\t\t\t\t\t\t<\/div>\n\t\t\t\t<\/div>\n\t\t\t\t<div class=\"elementor-element elementor-element-181a23b9 elementor-widget elementor-widget-image\" data-id=\"181a23b9\" data-element_type=\"widget\" data-e-type=\"widget\" data-widget_type=\"image.default\">\n\t\t\t\t<div class=\"elementor-widget-container\">\n\t\t\t\t\t\t\t\t\t\t\t\t<figure class=\"wp-caption\">\n\t\t\t\t\t\t\t\t\t\t\t<a href=\"https:\/\/cuevalosamayas.com\/de\/reservieren-sie-ihren-platz\" title=\"Informaci\u00f3n espect\u00e1culo flamenco y tour\">\n\t\t\t\t\t\t\t<img decoding=\"async\" width=\"800\" height=\"534\" src=\"https:\/\/cuevalosamayas.com\/wp-content\/uploads\/2025\/11\/tour-albaicin-1024x683.avif\" class=\"attachment-large size-large wp-image-5966\" alt=\"Entrada con espect\u00e1culo flamenco m\u00e1s tour por el Albaic\u00edn\" srcset=\"https:\/\/cuevalosamayas.com\/wp-content\/uploads\/2025\/11\/tour-albaicin-1024x683.avif 1024w, https:\/\/cuevalosamayas.com\/wp-content\/uploads\/2025\/11\/tour-albaicin-300x200.avif 300w, https:\/\/cuevalosamayas.com\/wp-content\/uploads\/2025\/11\/tour-albaicin-768x512.avif 768w, https:\/\/cuevalosamayas.com\/wp-content\/uploads\/2025\/11\/tour-albaicin.avif 1200w\" sizes=\"(max-width: 800px) 100vw, 800px\" \/>\t\t\t\t\t\t\t\t<\/a>\n\t\t\t\t\t\t\t\t\t\t\t<figcaption class=\"widget-image-caption wp-caption-text\">Genie\u00dfe eine aufregende Flamenco-Show und erkunde das Albaic\u00edn bei einer einzigartigen Tour, w\u00e4hrend du durch seine engen Gassen und geschichtstr\u00e4chtigen Winkel schlenderst.<\/figcaption>\n\t\t\t\t\t\t\t\t\t\t<\/figure>\n\t\t\t\t\t\t\t\t\t<\/div>\n\t\t\t\t<\/div>\n\t\t\t\t<\/div>\n\t\t\t\t<\/div>\n\t\t<div class=\"elementor-element elementor-element-4e7af377 e-flex e-con-boxed e-con e-parent\" data-id=\"4e7af377\" data-element_type=\"container\" data-e-type=\"container\">\n\t\t\t\t\t<div class=\"e-con-inner\">\n\t\t\t\t<div class=\"elementor-element elementor-element-5790a859 elementor-widget-divider--view-line_icon elementor-view-default elementor-widget-divider--element-align-center elementor-widget elementor-widget-divider\" data-id=\"5790a859\" data-element_type=\"widget\" data-e-type=\"widget\" data-widget_type=\"divider.default\">\n\t\t\t\t<div class=\"elementor-widget-container\">\n\t\t\t\t\t\t\t<div class=\"elementor-divider\">\n\t\t\t<span class=\"elementor-divider-separator\">\n\t\t\t\t\t\t\t<div class=\"elementor-icon elementor-divider__element\">\n\t\t\t\t\t<svg xmlns=\"http:\/\/www.w3.org\/2000\/svg\" id=\"f9eb21bf-2219-47db-ad86-312d0028a39c\" data-name=\"Layer 1\" width=\"59.3281\" height=\"42.3096\" viewBox=\"0 0 59.3281 42.3096\"><polygon points=\"59.28 27.219 59.28 0 33.197 0 33.197 27.269 49.859 27.269 40.781 37.618 46.129 42.31 59.328 27.262 59.28 27.219\"><\/polygon><polygon points=\"26.083 0 0 0 0 27.269 16.663 27.269 7.585 37.618 12.933 42.31 26.131 27.262 26.083 27.219 26.083 0\"><\/polygon><\/svg><\/div>\n\t\t\t\t\t\t<\/span>\n\t\t<\/div>\n\t\t\t\t\t\t<\/div>\n\t\t\t\t<\/div>\n\t\t\t\t<div class=\"elementor-element elementor-element-78b826b4 elementor-widget elementor-widget-testimonial\" data-id=\"78b826b4\" data-element_type=\"widget\" data-e-type=\"widget\" data-widget_type=\"testimonial.default\">\n\t\t\t\t<div class=\"elementor-widget-container\">\n\t\t\t\t\t\t\t<div class=\"elementor-testimonial-wrapper\">\n\t\t\t\t\t\t\t<div class=\"elementor-testimonial-content\">Purer Flamenco im Herzen des Sacromonte! Eine magische Ecke, in der die Seele mit jedem Quej\u00edo und jedem Taconeo vibriert. Die Cueva de los Amayas ist eine Erfahrung, die das Herz ber\u00fchrt.  <\/div>\n\t\t\t\n\t\t\t\t\t<\/div>\n\t\t\t\t\t\t<\/div>\n\t\t\t\t<\/div>\n\t\t\t\t\t<\/div>\n\t\t\t\t<\/div>\n\t\t<div class=\"elementor-element elementor-element-4c0b7d7c e-con-full e-flex e-con e-parent\" data-id=\"4c0b7d7c\" data-element_type=\"container\" data-e-type=\"container\">\n\t\t\t\t<div class=\"elementor-element elementor-element-50c1847e elementor-widget__width-inherit elementor-widget elementor-widget-cta\" data-id=\"50c1847e\" data-element_type=\"widget\" data-e-type=\"widget\" data-settings=\"{&quot;layout_preset&quot;:&quot;focus&quot;,&quot;cta_vertical_position&quot;:&quot;start&quot;,&quot;primary_button_shape&quot;:&quot;default&quot;,&quot;box_shape&quot;:&quot;sharp&quot;}\" data-widget_type=\"cta.default\">\n\t\t\t\t<div class=\"elementor-widget-container\">\n\t\t\t\t\t\t\t<div class=\"has-shape-sharp shape-type-box ehp-cta has-preset-focus\">\n\t\t\t<div class=\"ehp-cta__overlay\"><\/div>\n\t\t\t<div class=\"ehp-cta__elements-container\">\n\t\t\t\t\t\t<div class=\"ehp-cta__text-container\">\n\t\t\t<h2 class=\"ehp-cta__heading\">Unsere Geschichte<\/h2>\t\t<\/div>\n\t\t\t\t\t<div class=\"ehp-cta__ctas-container\">\n\t\t\t\t<div class=\"ehp-cta__buttons-wrapper\">\n\t\t\t\t\t\t\t<a class=\"has-shape-default shape-type-button ehp-button ehp-button--primary ehp-cta__button ehp-cta__button--primary is-type-button\" href=\"https:\/\/cuevalosamayas.com\/de\/unsere-geschichte\" title=\"Nuestra historia\">\n\t\t\t<svg aria-hidden=\"true\" class=\"ehp-button__icon e-font-icon-svg e-fas-arrow-right\" 0=\"ehp-cta__button-icon\" viewBox=\"0 0 448 512\" xmlns=\"http:\/\/www.w3.org\/2000\/svg\"><path d=\"M190.5 66.9l22.2-22.2c9.4-9.4 24.6-9.4 33.9 0L441 239c9.4 9.4 9.4 24.6 0 33.9L246.6 467.3c-9.4 9.4-24.6 9.4-33.9 0l-22.2-22.2c-9.5-9.5-9.3-25 .4-34.3L311.4 296H24c-13.3 0-24-10.7-24-24v-32c0-13.3 10.7-24 24-24h287.4L190.9 101.2c-9.8-9.3-10-24.8-.4-34.3z\"><\/path><\/svg>\t\t<span class=\"ehp-button__text ehp-cta__button-text ehp-cta__button-text--primary\">\n\t\t\tMehr erfahren\t\t\t\t<\/a>\n\t\t\t\t\t\t\t\t\t\t\t<\/div>\n\t\t\t<\/div>\n\t\t\t\t\t<\/div>\n\t\t<\/div>\n\t\t\t\t\t\t<\/div>\n\t\t\t\t<\/div>\n\t\t<div class=\"elementor-element elementor-element-134bfe2f e-con-full e-flex e-con e-child\" data-id=\"134bfe2f\" data-element_type=\"container\" data-e-type=\"container\">\n\t\t\t\t<div class=\"elementor-element elementor-element-6ffb35fd elementor-widget-divider--view-line elementor-widget elementor-widget-divider\" data-id=\"6ffb35fd\" data-element_type=\"widget\" data-e-type=\"widget\" data-widget_type=\"divider.default\">\n\t\t\t\t<div class=\"elementor-widget-container\">\n\t\t\t\t\t\t\t<div class=\"elementor-divider\">\n\t\t\t<span class=\"elementor-divider-separator\">\n\t\t\t\t\t\t<\/span>\n\t\t<\/div>\n\t\t\t\t\t\t<\/div>\n\t\t\t\t<\/div>\n\t\t\t\t<div class=\"elementor-element elementor-element-4ec88711 elementor-widget elementor-widget-text-editor\" data-id=\"4ec88711\" data-element_type=\"widget\" data-e-type=\"widget\" data-widget_type=\"text-editor.default\">\n\t\t\t\t<div class=\"elementor-widget-container\">\n\t\t\t\t\t\t\t\t\t<p>Die Geschichte der Flamenco-Zambras in Granada ist tiefgr\u00fcndig und reichhaltig und reicht zur\u00fcck bis zu den Innovationen von Antonio Torcuato \u201eCuj\u00f3n\u201c, einem bedeutenden Zigeuner aus \u00cdtrabo.<\/p><p>Er war es, der in einer Schmiede auf der Plaza del Humilladero die Idee zur ersten Zambra entwickelte. Dieses Vorl\u00e4uferereignis f\u00fchrte zur emblematischen Zambra de los Amayas im Sacromonte, die Anfang des 20. Jahrhunderts von Capit\u00e1n Juan Amaya geleitet wurde. <\/p>\t\t\t\t\t\t\t\t<\/div>\n\t\t\t\t<\/div>\n\t\t\t\t<\/div>\n\t\t<div class=\"elementor-element elementor-element-3d835186 e-con-full e-flex e-con e-child\" data-id=\"3d835186\" data-element_type=\"container\" data-e-type=\"container\">\n\t\t<div class=\"elementor-element elementor-element-7b089db3 e-con-full e-flex e-con e-child\" data-id=\"7b089db3\" data-element_type=\"container\" data-e-type=\"container\">\n\t\t\t\t<div class=\"elementor-element elementor-element-5795fd19 elementor-widget elementor-widget-image\" data-id=\"5795fd19\" data-element_type=\"widget\" data-e-type=\"widget\" data-widget_type=\"image.default\">\n\t\t\t\t<div class=\"elementor-widget-container\">\n\t\t\t\t\t\t\t\t\t\t\t\t<figure class=\"wp-caption\">\n\t\t\t\t\t\t\t\t\t\t<img loading=\"lazy\" decoding=\"async\" width=\"800\" height=\"596\" src=\"https:\/\/cuevalosamayas.com\/wp-content\/uploads\/2025\/07\/zambra-gitana-sacromonte.webp\" class=\"attachment-large size-large wp-image-1540\" alt=\"Foto antigua Zambra de los Amayas Sacromonte Granadino\" srcset=\"https:\/\/cuevalosamayas.com\/wp-content\/uploads\/2025\/07\/zambra-gitana-sacromonte.webp 999w, https:\/\/cuevalosamayas.com\/wp-content\/uploads\/2025\/07\/zambra-gitana-sacromonte-300x223.webp 300w, https:\/\/cuevalosamayas.com\/wp-content\/uploads\/2025\/07\/zambra-gitana-sacromonte-768x572.webp 768w\" sizes=\"(max-width: 800px) 100vw, 800px\" \/>\t\t\t\t\t\t\t\t\t\t\t<figcaption class=\"widget-image-caption wp-caption-text\">Der Kapit\u00e4n, Juan Amaya in der ersten Zambra des Sacromonte, Anfang des 20. Jahrhunderts<\/figcaption>\n\t\t\t\t\t\t\t\t\t\t<\/figure>\n\t\t\t\t\t\t\t\t\t<\/div>\n\t\t\t\t<\/div>\n\t\t\t\t<\/div>\n\t\t<div class=\"elementor-element elementor-element-1a9f3595 e-con-full e-flex e-con e-child\" data-id=\"1a9f3595\" data-element_type=\"container\" data-e-type=\"container\">\n\t\t\t\t<div class=\"elementor-element elementor-element-850aef8 elementor-widget elementor-widget-image\" data-id=\"850aef8\" data-element_type=\"widget\" data-e-type=\"widget\" data-widget_type=\"image.default\">\n\t\t\t\t<div class=\"elementor-widget-container\">\n\t\t\t\t\t\t\t\t\t\t\t\t<figure class=\"wp-caption\">\n\t\t\t\t\t\t\t\t\t\t<img loading=\"lazy\" decoding=\"async\" width=\"768\" height=\"1152\" src=\"https:\/\/cuevalosamayas.com\/wp-content\/uploads\/2025\/08\/cartel-antiguo-flamenco-sacromonte-768x1152.avif\" class=\"attachment-medium_large size-medium_large wp-image-4122\" alt=\"Cartel antiguo Zambra Gitana del Sacromonte\" srcset=\"https:\/\/cuevalosamayas.com\/wp-content\/uploads\/2025\/08\/cartel-antiguo-flamenco-sacromonte-768x1152.avif 768w, https:\/\/cuevalosamayas.com\/wp-content\/uploads\/2025\/08\/cartel-antiguo-flamenco-sacromonte-200x300.avif 200w, https:\/\/cuevalosamayas.com\/wp-content\/uploads\/2025\/08\/cartel-antiguo-flamenco-sacromonte-683x1024.avif 683w, https:\/\/cuevalosamayas.com\/wp-content\/uploads\/2025\/08\/cartel-antiguo-flamenco-sacromonte.avif 800w\" sizes=\"(max-width: 768px) 100vw, 768px\" \/>\t\t\t\t\t\t\t\t\t\t\t<figcaption class=\"widget-image-caption wp-caption-text\">Altes Plakat einer Flamenco-Show<\/figcaption>\n\t\t\t\t\t\t\t\t\t\t<\/figure>\n\t\t\t\t\t\t\t\t\t<\/div>\n\t\t\t\t<\/div>\n\t\t\t\t<\/div>\n\t\t<div class=\"elementor-element elementor-element-6b98114d e-con-full e-flex e-con e-child\" data-id=\"6b98114d\" data-element_type=\"container\" data-e-type=\"container\">\n\t\t\t\t<div class=\"elementor-element elementor-element-8ff145b elementor-widget elementor-widget-image\" data-id=\"8ff145b\" data-element_type=\"widget\" data-e-type=\"widget\" data-widget_type=\"image.default\">\n\t\t\t\t<div class=\"elementor-widget-container\">\n\t\t\t\t\t\t\t\t\t\t\t\t<figure class=\"wp-caption\">\n\t\t\t\t\t\t\t\t\t\t<img loading=\"lazy\" decoding=\"async\" width=\"800\" height=\"550\" src=\"https:\/\/cuevalosamayas.com\/wp-content\/uploads\/2025\/07\/antonio-canales-tablao-de-los-amayas-1024x704.webp\" class=\"attachment-large size-large wp-image-1553\" alt=\"Antonio Canales en Cueva los Amayas\" srcset=\"https:\/\/cuevalosamayas.com\/wp-content\/uploads\/2025\/07\/antonio-canales-tablao-de-los-amayas-1024x704.webp 1024w, https:\/\/cuevalosamayas.com\/wp-content\/uploads\/2025\/07\/antonio-canales-tablao-de-los-amayas-300x206.webp 300w, https:\/\/cuevalosamayas.com\/wp-content\/uploads\/2025\/07\/antonio-canales-tablao-de-los-amayas-768x528.webp 768w, https:\/\/cuevalosamayas.com\/wp-content\/uploads\/2025\/07\/antonio-canales-tablao-de-los-amayas.webp 1537w\" sizes=\"(max-width: 800px) 100vw, 800px\" \/>\t\t\t\t\t\t\t\t\t\t\t<figcaption class=\"widget-image-caption wp-caption-text\">Bailaor Antonio Canales in der Cueva de los Amayas<\/figcaption>\n\t\t\t\t\t\t\t\t\t\t<\/figure>\n\t\t\t\t\t\t\t\t\t<\/div>\n\t\t\t\t<\/div>\n\t\t\t\t<\/div>\n\t\t\t\t<\/div>\n\t\t\t\t<div class=\"elementor-element elementor-element-fd732f2 elementor-align-center elementor-mobile-align-left elementor-widget elementor-widget-button\" data-id=\"fd732f2\" data-element_type=\"widget\" data-e-type=\"widget\" data-widget_type=\"button.default\">\n\t\t\t\t<div class=\"elementor-widget-container\">\n\t\t\t\t\t\t\t\t\t<div class=\"elementor-button-wrapper\">\n\t\t\t\t\t<a class=\"elementor-button elementor-button-link elementor-size-sm\" href=\"https:\/\/cuevalosamayas.com\/de\/blog\" title=\"Articulos del blog\">\n\t\t\t\t\t\t<span class=\"elementor-button-content-wrapper\">\n\t\t\t\t\t\t<span class=\"elementor-button-icon\">\n\t\t\t\t<svg aria-hidden=\"true\" class=\"e-font-icon-svg e-fas-long-arrow-alt-right\" viewBox=\"0 0 448 512\" xmlns=\"http:\/\/www.w3.org\/2000\/svg\"><path d=\"M313.941 216H12c-6.627 0-12 5.373-12 12v56c0 6.627 5.373 12 12 12h301.941v46.059c0 21.382 25.851 32.09 40.971 16.971l86.059-86.059c9.373-9.373 9.373-24.569 0-33.941l-86.059-86.059c-15.119-15.119-40.971-4.411-40.971 16.971V216z\"><\/path><\/svg>\t\t\t<\/span>\n\t\t\t\t\t\t\t\t\t<span class=\"elementor-button-text\">Mehr erfahren<\/span>\n\t\t\t\t\t<\/span>\n\t\t\t\t\t<\/a>\n\t\t\t\t<\/div>\n\t\t\t\t\t\t\t\t<\/div>\n\t\t\t\t<\/div>\n\t\t\t\t<\/div>\n\t\t<div class=\"elementor-element elementor-element-8e691bf e-con-full e-flex e-con e-parent\" data-id=\"8e691bf\" data-element_type=\"container\" data-e-type=\"container\">\n\t\t<div class=\"elementor-element elementor-element-4e31d489 e-con-full e-flex e-con e-child\" data-id=\"4e31d489\" data-element_type=\"container\" data-e-type=\"container\">\n\t\t\t\t<div class=\"elementor-element elementor-element-3d0546b3 elementor-widget elementor-widget-image\" data-id=\"3d0546b3\" data-element_type=\"widget\" data-e-type=\"widget\" data-widget_type=\"image.default\">\n\t\t\t\t<div class=\"elementor-widget-container\">\n\t\t\t\t\t\t\t\t\t\t\t\t<figure class=\"wp-caption\">\n\t\t\t\t\t\t\t\t\t\t<img loading=\"lazy\" decoding=\"async\" width=\"800\" height=\"534\" src=\"https:\/\/cuevalosamayas.com\/wp-content\/uploads\/2025\/07\/interior-cueva-1024x683.avif\" class=\"attachment-large size-large wp-image-1466\" alt=\"Interior Cueva\" srcset=\"https:\/\/cuevalosamayas.com\/wp-content\/uploads\/2025\/07\/interior-cueva-1024x683.avif 1024w, https:\/\/cuevalosamayas.com\/wp-content\/uploads\/2025\/07\/interior-cueva-300x200.avif 300w, https:\/\/cuevalosamayas.com\/wp-content\/uploads\/2025\/07\/interior-cueva-768x512.avif 768w, https:\/\/cuevalosamayas.com\/wp-content\/uploads\/2025\/07\/interior-cueva.avif 1200w\" sizes=\"(max-width: 800px) 100vw, 800px\" \/>\t\t\t\t\t\t\t\t\t\t\t<figcaption class=\"widget-image-caption wp-caption-text\">Innenraum der Cueva de Los Amayas<\/figcaption>\n\t\t\t\t\t\t\t\t\t\t<\/figure>\n\t\t\t\t\t\t\t\t\t<\/div>\n\t\t\t\t<\/div>\n\t\t\t\t<div class=\"elementor-element elementor-element-4f4cdce9 elementor-widget elementor-widget-image\" data-id=\"4f4cdce9\" data-element_type=\"widget\" data-e-type=\"widget\" data-widget_type=\"image.default\">\n\t\t\t\t<div class=\"elementor-widget-container\">\n\t\t\t\t\t\t\t\t\t\t\t\t<figure class=\"wp-caption\">\n\t\t\t\t\t\t\t\t\t\t<img loading=\"lazy\" decoding=\"async\" width=\"800\" height=\"534\" src=\"https:\/\/cuevalosamayas.com\/wp-content\/uploads\/2025\/07\/evento-flamenco-privado-1024x683.avif\" class=\"attachment-large size-large wp-image-1566\" alt=\"Evento privado en la cueva de los Amayas\" srcset=\"https:\/\/cuevalosamayas.com\/wp-content\/uploads\/2025\/07\/evento-flamenco-privado-1024x683.avif 1024w, https:\/\/cuevalosamayas.com\/wp-content\/uploads\/2025\/07\/evento-flamenco-privado-300x200.avif 300w, https:\/\/cuevalosamayas.com\/wp-content\/uploads\/2025\/07\/evento-flamenco-privado-768x512.avif 768w, https:\/\/cuevalosamayas.com\/wp-content\/uploads\/2025\/07\/evento-flamenco-privado.avif 1200w\" sizes=\"(max-width: 800px) 100vw, 800px\" \/>\t\t\t\t\t\t\t\t\t\t\t<figcaption class=\"widget-image-caption wp-caption-text\">K\u00fcnstler w\u00e4hrend einer privaten Veranstaltung<\/figcaption>\n\t\t\t\t\t\t\t\t\t\t<\/figure>\n\t\t\t\t\t\t\t\t\t<\/div>\n\t\t\t\t<\/div>\n\t\t\t\t<\/div>\n\t\t<div class=\"elementor-element elementor-element-c414f0d e-con-full e-flex e-con e-child\" data-id=\"c414f0d\" data-element_type=\"container\" data-e-type=\"container\">\n\t\t\t\t<div class=\"elementor-element elementor-element-30d007b9 elementor-widget elementor-widget-heading\" data-id=\"30d007b9\" data-element_type=\"widget\" data-e-type=\"widget\" data-widget_type=\"heading.default\">\n\t\t\t\t<div class=\"elementor-widget-container\">\n\t\t\t\t\t<p class=\"elementor-heading-title elementor-size-default\">Private Veranstaltungen und Gruppen<\/p>\t\t\t\t<\/div>\n\t\t\t\t<\/div>\n\t\t\t\t<div class=\"elementor-element elementor-element-7bc02e45 elementor-widget elementor-widget-cta\" data-id=\"7bc02e45\" data-element_type=\"widget\" data-e-type=\"widget\" data-settings=\"{&quot;layout_preset&quot;:&quot;streamline&quot;,&quot;content_alignment&quot;:&quot;start&quot;,&quot;primary_button_shape&quot;:&quot;sharp&quot;,&quot;content_alignment_tablet&quot;:&quot;center&quot;,&quot;content_alignment_mobile&quot;:&quot;center&quot;,&quot;cta_width&quot;:&quot;default&quot;,&quot;cta_position&quot;:&quot;default&quot;,&quot;box_shape&quot;:&quot;sharp&quot;}\" data-widget_type=\"cta.default\">\n\t\t\t\t<div class=\"elementor-widget-container\">\n\t\t\t\t\t\t\t<div class=\"has-shape-sharp shape-type-box ehp-cta has-preset-streamline\">\n\t\t\t<div class=\"ehp-cta__overlay\"><\/div>\n\t\t\t<div class=\"ehp-cta__elements-container\">\n\t\t\t\t\t\t<div class=\"ehp-cta__text-container\">\n\t\t\t<h2 class=\"ehp-cta__heading\">Private Shows<\/h2><p class=\"ehp-cta__description\">Genie\u00dfen Sie eine einzigartige Ecke f\u00fcr Ihre privaten Feiern.\nIn der Cueva de los Amayas geben wir Ihnen die M\u00f6glichkeit, ein unvergessliches Event zu kreieren. Ob intime Feier, Firmenessen, besondere Pr\u00e4sentation oder kulturelles Treffen, wir bieten Ihnen einen einzigartigen Raum im Herzen des Sacromonte, wo die Magie des Flamenco und die andalusische Gastfreundschaft f\u00fcr Sie zusammenkommen. \n\nGenie\u00dfen Sie unsere K\u00fcnstler in einer gem\u00fctlichen und traditionellen Atmosph\u00e4re, begleitet von lokaler Gastronomie, pers\u00f6nlicher und professioneller Betreuung.<\/p>\t\t<\/div>\n\t\t\t\t\t<div class=\"ehp-cta__ctas-container has-cta-width-default\">\n\t\t\t\t<div class=\"ehp-cta__buttons-wrapper\">\n\t\t\t\t\t\t\t<a class=\"has-shape-sharp shape-type-button ehp-button ehp-button--primary ehp-cta__button ehp-cta__button--primary is-type-button has-border\" href=\"tel:626759129\" title=\"Tel\u00e9fono de contacto\">\n\t\t\t\t\t<span class=\"ehp-button__text ehp-cta__button-text ehp-cta__button-text--primary\">\n\t\t\tRUFEN SIE UNS AN\t\t\t\t<\/a>\n\t\t\t\t\t\t\t\t\t\t\t<\/div>\n\t\t\t<\/div>\n\t\t\t\t\t<\/div>\n\t\t<\/div>\n\t\t\t\t\t\t<\/div>\n\t\t\t\t<\/div>\n\t\t\t\t<\/div>\n\t\t\t\t<\/div>\n\t\t<div class=\"elementor-element elementor-element-9e62348 e-con-full e-flex e-con e-parent\" data-id=\"9e62348\" data-element_type=\"container\" data-e-type=\"container\">\n\t\t<div class=\"elementor-element elementor-element-dd2fdb8 e-con-full e-flex e-con e-child\" data-id=\"dd2fdb8\" data-element_type=\"container\" data-e-type=\"container\">\n\t\t\t\t<div class=\"elementor-element elementor-element-b159da4 elementor-widget elementor-widget-heading\" data-id=\"b159da4\" data-element_type=\"widget\" data-e-type=\"widget\" data-widget_type=\"heading.default\">\n\t\t\t\t<div class=\"elementor-widget-container\">\n\t\t\t\t\t<h2 class=\"elementor-heading-title elementor-size-default\">Sind Sie bereit, den authentischen Flamenco zu erleben?<\/h2>\t\t\t\t<\/div>\n\t\t\t\t<\/div>\n\t\t\t\t<div class=\"elementor-element elementor-element-5db01af elementor-widget elementor-widget-text-editor\" data-id=\"5db01af\" data-element_type=\"widget\" data-e-type=\"widget\" data-widget_type=\"text-editor.default\">\n\t\t\t\t<div class=\"elementor-widget-container\">\n\t\t\t\t\t\t\t\t\t<p>Buchen Sie Tickets einfach mit unserem Online-Ticketverkaufssystem<\/p>\t\t\t\t\t\t\t\t<\/div>\n\t\t\t\t<\/div>\n\t\t\t\t<div class=\"elementor-element elementor-element-b4e1da4 elementor-align-center elementor-widget elementor-widget-button\" data-id=\"b4e1da4\" data-element_type=\"widget\" data-e-type=\"widget\" data-widget_type=\"button.default\">\n\t\t\t\t<div class=\"elementor-widget-container\">\n\t\t\t\t\t\t\t\t\t<div class=\"elementor-button-wrapper\">\n\t\t\t\t\t<a class=\"elementor-button elementor-button-link elementor-size-sm\" href=\"https:\/\/cuevalosamayas.com\/de\/reservieren-sie-ihren-platz\" title=\"Reserva ahora\">\n\t\t\t\t\t\t<span class=\"elementor-button-content-wrapper\">\n\t\t\t\t\t\t\t\t\t<span class=\"elementor-button-text\">JETZT BUCHEN<\/span>\n\t\t\t\t\t<\/span>\n\t\t\t\t\t<\/a>\n\t\t\t\t<\/div>\n\t\t\t\t\t\t\t\t<\/div>\n\t\t\t\t<\/div>\n\t\t\t\t<\/div>\n\t\t\t\t<\/div>\n\t\t<div class=\"elementor-element elementor-element-5b2fcd6 e-con-full e-flex e-con e-parent\" data-id=\"5b2fcd6\" data-element_type=\"container\" data-e-type=\"container\">\n\t\t\t\t<div class=\"elementor-element elementor-element-c40f6cf elementor-widget__width-initial elementor-widget-mobile__width-inherit elementor-widget elementor-widget-heading\" data-id=\"c40f6cf\" data-element_type=\"widget\" data-e-type=\"widget\" data-widget_type=\"heading.default\">\n\t\t\t\t<div class=\"elementor-widget-container\">\n\t\t\t\t\t<p class=\"elementor-heading-title elementor-size-default\">N\u00fctzliche Informationen<br> um die Show zu genie\u00dfen<br><\/p>\t\t\t\t<\/div>\n\t\t\t\t<\/div>\n\t\t\t\t<div class=\"elementor-element elementor-element-a905915 elementor-widget elementor-widget-n-accordion\" data-id=\"a905915\" data-element_type=\"widget\" data-e-type=\"widget\" data-settings=\"{&quot;n_accordion_animation_duration&quot;:{&quot;unit&quot;:&quot;ms&quot;,&quot;size&quot;:300,&quot;sizes&quot;:[]},&quot;default_state&quot;:&quot;expanded&quot;,&quot;max_items_expended&quot;:&quot;one&quot;}\" data-widget_type=\"nested-accordion.default\">\n\t\t\t\t<div class=\"elementor-widget-container\">\n\t\t\t\t\t\t\t<div class=\"e-n-accordion\" aria-label=\"Accordion. Open links with Enter or Space, close with Escape, and navigate with Arrow Keys\">\n\t\t\t\t\t\t<details id=\"e-n-accordion-item-1770\" class=\"e-n-accordion-item\" open>\n\t\t\t\t<summary class=\"e-n-accordion-item-title\" data-accordion-index=\"1\" tabindex=\"0\" aria-expanded=\"true\" aria-controls=\"e-n-accordion-item-1770\" >\n\t\t\t\t\t<span class='e-n-accordion-item-title-header'><div class=\"e-n-accordion-item-title-text\"> Welches ist die beste H\u00f6hle in Granada? <\/div><\/span>\n\t\t\t\t\t\t\t<span class='e-n-accordion-item-title-icon'>\n\t\t\t<span class='e-opened' ><svg aria-hidden=\"true\" class=\"e-font-icon-svg e-fas-minus\" viewBox=\"0 0 448 512\" xmlns=\"http:\/\/www.w3.org\/2000\/svg\"><path d=\"M416 208H32c-17.67 0-32 14.33-32 32v32c0 17.67 14.33 32 32 32h384c17.67 0 32-14.33 32-32v-32c0-17.67-14.33-32-32-32z\"><\/path><\/svg><\/span>\n\t\t\t<span class='e-closed'><svg aria-hidden=\"true\" class=\"e-font-icon-svg e-fas-plus\" viewBox=\"0 0 448 512\" xmlns=\"http:\/\/www.w3.org\/2000\/svg\"><path d=\"M416 208H272V64c0-17.67-14.33-32-32-32h-32c-17.67 0-32 14.33-32 32v144H32c-17.67 0-32 14.33-32 32v32c0 17.67 14.33 32 32 32h144v144c0 17.67 14.33 32 32 32h32c17.67 0 32-14.33 32-32V304h144c17.67 0 32-14.33 32-32v-32c0-17.67-14.33-32-32-32z\"><\/path><\/svg><\/span>\n\t\t<\/span>\n\n\t\t\t\t\t\t<\/summary>\n\t\t\t\t<div role=\"region\" aria-labelledby=\"e-n-accordion-item-1770\" class=\"elementor-element elementor-element-d856d66 e-con-full e-flex e-con e-child\" data-id=\"d856d66\" data-element_type=\"container\" data-e-type=\"container\">\n\t\t\t\t<div class=\"elementor-element elementor-element-cedf297 elementor-widget elementor-widget-text-editor\" data-id=\"cedf297\" data-element_type=\"widget\" data-e-type=\"widget\" data-widget_type=\"text-editor.default\">\n\t\t\t\t<div class=\"elementor-widget-container\">\n\t\t\t\t\t\t\t\t\t<p>Granada ist ber\u00fchmt f\u00fcr seine Flamenco-H\u00f6hlen im Viertel Sacromonte, aber wenn Sie auf der Suche nach einem authentischen und kunstvollen Erlebnis sind, sticht <strong>die Cueva de Los Amayas<\/strong> als eine der besten hervor. Ihr traditionelles Ambiente, ihre nat\u00fcrliche Akustik und die N\u00e4he zu den K\u00fcnstlern machen jede Show unvergesslich. <\/p>\t\t\t\t\t\t\t\t<\/div>\n\t\t\t\t<\/div>\n\t\t\t\t<\/div>\n\t\t\t\t\t<\/details>\n\t\t\t\t\t\t<details id=\"e-n-accordion-item-1771\" class=\"e-n-accordion-item\" >\n\t\t\t\t<summary class=\"e-n-accordion-item-title\" data-accordion-index=\"2\" tabindex=\"-1\" aria-expanded=\"false\" aria-controls=\"e-n-accordion-item-1771\" >\n\t\t\t\t\t<span class='e-n-accordion-item-title-header'><div class=\"e-n-accordion-item-title-text\"> Welches ist der beste Ort, um die Flamenco-Show zu sehen? <\/div><\/span>\n\t\t\t\t\t\t\t<span class='e-n-accordion-item-title-icon'>\n\t\t\t<span class='e-opened' ><svg aria-hidden=\"true\" class=\"e-font-icon-svg e-fas-minus\" viewBox=\"0 0 448 512\" xmlns=\"http:\/\/www.w3.org\/2000\/svg\"><path d=\"M416 208H32c-17.67 0-32 14.33-32 32v32c0 17.67 14.33 32 32 32h384c17.67 0 32-14.33 32-32v-32c0-17.67-14.33-32-32-32z\"><\/path><\/svg><\/span>\n\t\t\t<span class='e-closed'><svg aria-hidden=\"true\" class=\"e-font-icon-svg e-fas-plus\" viewBox=\"0 0 448 512\" xmlns=\"http:\/\/www.w3.org\/2000\/svg\"><path d=\"M416 208H272V64c0-17.67-14.33-32-32-32h-32c-17.67 0-32 14.33-32 32v144H32c-17.67 0-32 14.33-32 32v32c0 17.67 14.33 32 32 32h144v144c0 17.67 14.33 32 32 32h32c17.67 0 32-14.33 32-32V304h144c17.67 0 32-14.33 32-32v-32c0-17.67-14.33-32-32-32z\"><\/path><\/svg><\/span>\n\t\t<\/span>\n\n\t\t\t\t\t\t<\/summary>\n\t\t\t\t<div role=\"region\" aria-labelledby=\"e-n-accordion-item-1771\" class=\"elementor-element elementor-element-69958e0 e-con-full e-flex e-con e-child\" data-id=\"69958e0\" data-element_type=\"container\" data-e-type=\"container\">\n\t\t\t\t<div class=\"elementor-element elementor-element-cdf9aac elementor-widget elementor-widget-text-editor\" data-id=\"cdf9aac\" data-element_type=\"widget\" data-e-type=\"widget\" data-widget_type=\"text-editor.default\">\n\t\t\t\t<div class=\"elementor-widget-container\">\n\t\t\t\t\t\t\t\t\t<p>Der beste Ort, um den Flamenco in Granada zu erleben, ist zweifellos eine H\u00f6hle des <strong>Sacromonte<\/strong>, wo diese Tradition geboren wurde und weiterlebt. Insbesondere <strong>die Cueva de Los Amayas<\/strong> bietet eine reine Flamenco-Show mit erstklassigen T\u00e4nzern, Gitarristen und S\u00e4ngern in einem Raum, der Geschichte und Flamenco-Leidenschaft atmet. <\/p>\t\t\t\t\t\t\t\t<\/div>\n\t\t\t\t<\/div>\n\t\t\t\t<\/div>\n\t\t\t\t\t<\/details>\n\t\t\t\t\t\t<details id=\"e-n-accordion-item-1772\" class=\"e-n-accordion-item\" >\n\t\t\t\t<summary class=\"e-n-accordion-item-title\" data-accordion-index=\"3\" tabindex=\"-1\" aria-expanded=\"false\" aria-controls=\"e-n-accordion-item-1772\" >\n\t\t\t\t\t<span class='e-n-accordion-item-title-header'><div class=\"e-n-accordion-item-title-text\"> Lohnt es sich, eine Flamenco-Show zu sehen? <\/div><\/span>\n\t\t\t\t\t\t\t<span class='e-n-accordion-item-title-icon'>\n\t\t\t<span class='e-opened' ><svg aria-hidden=\"true\" class=\"e-font-icon-svg e-fas-minus\" viewBox=\"0 0 448 512\" xmlns=\"http:\/\/www.w3.org\/2000\/svg\"><path d=\"M416 208H32c-17.67 0-32 14.33-32 32v32c0 17.67 14.33 32 32 32h384c17.67 0 32-14.33 32-32v-32c0-17.67-14.33-32-32-32z\"><\/path><\/svg><\/span>\n\t\t\t<span class='e-closed'><svg aria-hidden=\"true\" class=\"e-font-icon-svg e-fas-plus\" viewBox=\"0 0 448 512\" xmlns=\"http:\/\/www.w3.org\/2000\/svg\"><path d=\"M416 208H272V64c0-17.67-14.33-32-32-32h-32c-17.67 0-32 14.33-32 32v144H32c-17.67 0-32 14.33-32 32v32c0 17.67 14.33 32 32 32h144v144c0 17.67 14.33 32 32 32h32c17.67 0 32-14.33 32-32V304h144c17.67 0 32-14.33 32-32v-32c0-17.67-14.33-32-32-32z\"><\/path><\/svg><\/span>\n\t\t<\/span>\n\n\t\t\t\t\t\t<\/summary>\n\t\t\t\t<div role=\"region\" aria-labelledby=\"e-n-accordion-item-1772\" class=\"elementor-element elementor-element-9ab4d4b e-con-full e-flex e-con e-child\" data-id=\"9ab4d4b\" data-element_type=\"container\" data-e-type=\"container\">\n\t\t\t\t<div class=\"elementor-element elementor-element-397526a elementor-widget elementor-widget-text-editor\" data-id=\"397526a\" data-element_type=\"widget\" data-e-type=\"widget\" data-widget_type=\"text-editor.default\">\n\t\t\t\t<div class=\"elementor-widget-container\">\n\t\t\t\t\t\t\t\t\tJa, es lohnt sich auf jeden Fall. <strong>Der Flamenco ist immaterielles Kulturerbe der Menschheit der UNESCO<\/strong> und der Besuch einer Show in einer <strong>Granada-H\u00f6hle<\/strong> wie <strong>Los Amayas<\/strong> ist eine einzigartige M\u00f6glichkeit, sich mit der andalusischen Kultur zu verbinden. Es ist eine Erfahrung, die selbst diejenigen begeistert, die den Flamenco nicht kennen. \t\t\t\t\t\t\t\t<\/div>\n\t\t\t\t<\/div>\n\t\t\t\t<\/div>\n\t\t\t\t\t<\/details>\n\t\t\t\t\t\t<details id=\"e-n-accordion-item-1773\" class=\"e-n-accordion-item\" >\n\t\t\t\t<summary class=\"e-n-accordion-item-title\" data-accordion-index=\"4\" tabindex=\"-1\" aria-expanded=\"false\" aria-controls=\"e-n-accordion-item-1773\" >\n\t\t\t\t\t<span class='e-n-accordion-item-title-header'><div class=\"e-n-accordion-item-title-text\"> Wie lange dauert die Flamenco-Show? <\/div><\/span>\n\t\t\t\t\t\t\t<span class='e-n-accordion-item-title-icon'>\n\t\t\t<span class='e-opened' ><svg aria-hidden=\"true\" class=\"e-font-icon-svg e-fas-minus\" viewBox=\"0 0 448 512\" xmlns=\"http:\/\/www.w3.org\/2000\/svg\"><path d=\"M416 208H32c-17.67 0-32 14.33-32 32v32c0 17.67 14.33 32 32 32h384c17.67 0 32-14.33 32-32v-32c0-17.67-14.33-32-32-32z\"><\/path><\/svg><\/span>\n\t\t\t<span class='e-closed'><svg aria-hidden=\"true\" class=\"e-font-icon-svg e-fas-plus\" viewBox=\"0 0 448 512\" xmlns=\"http:\/\/www.w3.org\/2000\/svg\"><path d=\"M416 208H272V64c0-17.67-14.33-32-32-32h-32c-17.67 0-32 14.33-32 32v144H32c-17.67 0-32 14.33-32 32v32c0 17.67 14.33 32 32 32h144v144c0 17.67 14.33 32 32 32h32c17.67 0 32-14.33 32-32V304h144c17.67 0 32-14.33 32-32v-32c0-17.67-14.33-32-32-32z\"><\/path><\/svg><\/span>\n\t\t<\/span>\n\n\t\t\t\t\t\t<\/summary>\n\t\t\t\t<div role=\"region\" aria-labelledby=\"e-n-accordion-item-1773\" class=\"elementor-element elementor-element-19920bd e-con-full e-flex e-con e-child\" data-id=\"19920bd\" data-element_type=\"container\" data-e-type=\"container\">\n\t\t\t\t<div class=\"elementor-element elementor-element-0d2bc3b elementor-widget elementor-widget-text-editor\" data-id=\"0d2bc3b\" data-element_type=\"widget\" data-e-type=\"widget\" data-widget_type=\"text-editor.default\">\n\t\t\t\t<div class=\"elementor-widget-container\">\n\t\t\t\t\t\t\t\t\tDie <strong>Flamenco-Show<\/strong> in der <strong>Cueva de Los Amayas<\/strong> dauert ungef\u00e4hr <strong>1 Stunde.<\/strong> W\u00e4hrend dieser Zeit k\u00f6nnen Sie verschiedene Flamenco-Palos genie\u00dfen: von T\u00e4nzen mit viel Rhythmus bis hin zu Liedern, die wirklich bewegen. Alles findet in einer besonderen, sehr intimen Atmosph\u00e4re statt, in der man die Leidenschaft und Energie des Flamenco von der ersten Minute an sp\u00fcrt. \t\t\t\t\t\t\t\t<\/div>\n\t\t\t\t<\/div>\n\t\t\t\t<\/div>\n\t\t\t\t\t<\/details>\n\t\t\t\t\t\t<details id=\"e-n-accordion-item-1774\" class=\"e-n-accordion-item\" >\n\t\t\t\t<summary class=\"e-n-accordion-item-title\" data-accordion-index=\"5\" tabindex=\"-1\" aria-expanded=\"false\" aria-controls=\"e-n-accordion-item-1774\" >\n\t\t\t\t\t<span class='e-n-accordion-item-title-header'><div class=\"e-n-accordion-item-title-text\"> Welche Kleidung sollte man tragen, um eine Flamenco-Show zu sehen? <\/div><\/span>\n\t\t\t\t\t\t\t<span class='e-n-accordion-item-title-icon'>\n\t\t\t<span class='e-opened' ><svg aria-hidden=\"true\" class=\"e-font-icon-svg e-fas-minus\" viewBox=\"0 0 448 512\" xmlns=\"http:\/\/www.w3.org\/2000\/svg\"><path d=\"M416 208H32c-17.67 0-32 14.33-32 32v32c0 17.67 14.33 32 32 32h384c17.67 0 32-14.33 32-32v-32c0-17.67-14.33-32-32-32z\"><\/path><\/svg><\/span>\n\t\t\t<span class='e-closed'><svg aria-hidden=\"true\" class=\"e-font-icon-svg e-fas-plus\" viewBox=\"0 0 448 512\" xmlns=\"http:\/\/www.w3.org\/2000\/svg\"><path d=\"M416 208H272V64c0-17.67-14.33-32-32-32h-32c-17.67 0-32 14.33-32 32v144H32c-17.67 0-32 14.33-32 32v32c0 17.67 14.33 32 32 32h144v144c0 17.67 14.33 32 32 32h32c17.67 0 32-14.33 32-32V304h144c17.67 0 32-14.33 32-32v-32c0-17.67-14.33-32-32-32z\"><\/path><\/svg><\/span>\n\t\t<\/span>\n\n\t\t\t\t\t\t<\/summary>\n\t\t\t\t<div role=\"region\" aria-labelledby=\"e-n-accordion-item-1774\" class=\"elementor-element elementor-element-8d8c45f e-con-full e-flex e-con e-child\" data-id=\"8d8c45f\" data-element_type=\"container\" data-e-type=\"container\">\n\t\t\t\t<div class=\"elementor-element elementor-element-0dad245 elementor-widget elementor-widget-text-editor\" data-id=\"0dad245\" data-element_type=\"widget\" data-e-type=\"widget\" data-widget_type=\"text-editor.default\">\n\t\t\t\t<div class=\"elementor-widget-container\">\n\t\t\t\t\t\t\t\t\t<p>Es gibt keine strenge Kleiderordnung, aber es wird empfohlen, sich bequem und angemessen f\u00fcr eine kulturelle Veranstaltung zu kleiden. Viele Leute entscheiden sich f\u00fcr informelle, aber elegante Kleidung, besonders wenn sie vor oder nach der Show zu Abend essen oder etwas trinken gehen. Es ist nicht n\u00f6tig, sich in Gala zu kleiden, aber das Vermeiden von zu sportlicher oder Strandkleidung tr\u00e4gt dazu bei, die besondere Atmosph\u00e4re der Show zu erhalten.  <\/p>\t\t\t\t\t\t\t\t<\/div>\n\t\t\t\t<\/div>\n\t\t\t\t<\/div>\n\t\t\t\t\t<\/details>\n\t\t\t\t\t<\/div>\n\t\t\t\t\t<script type=\"application\/ld+json\">{\"@context\":\"https:\\\/\\\/schema.org\",\"@type\":\"FAQPage\",\"mainEntity\":[{\"@type\":\"Question\",\"name\":\"Welches ist die beste H\\u00f6hle in Granada?\",\"acceptedAnswer\":{\"@type\":\"Answer\",\"text\":\"Granada ist ber\\u00fchmt f\\u00fcr seine Flamenco-H\\u00f6hlen im Viertel Sacromonte, aber wenn Sie auf der Suche nach einem authentischen und kunstvollen Erlebnis sind, sticht die Cueva de Los Amayas als eine der besten hervor. Ihr traditionelles Ambiente, ihre nat\\u00fcrliche Akustik und die N\\u00e4he zu den K\\u00fcnstlern machen jede Show unvergesslich.\"}},{\"@type\":\"Question\",\"name\":\"Welches ist der beste Ort, um die Flamenco-Show zu sehen?\",\"acceptedAnswer\":{\"@type\":\"Answer\",\"text\":\"Der beste Ort, um den Flamenco in Granada zu erleben, ist zweifellos eine H\\u00f6hle des Sacromonte, wo diese Tradition geboren wurde und weiterlebt. Insbesondere die Cueva de Los Amayas bietet eine reine Flamenco-Show mit erstklassigen T\\u00e4nzern, Gitarristen und S\\u00e4ngern in einem Raum, der Geschichte und Flamenco-Leidenschaft atmet.\"}},{\"@type\":\"Question\",\"name\":\"Lohnt es sich, eine Flamenco-Show zu sehen?\",\"acceptedAnswer\":{\"@type\":\"Answer\",\"text\":\"Ja, es lohnt sich auf jeden Fall. Der Flamenco ist immaterielles Kulturerbe der Menschheit der UNESCO und der Besuch einer Show in einer Granada-H\\u00f6hle wie Los Amayas ist eine einzigartige M\\u00f6glichkeit, sich mit der andalusischen Kultur zu verbinden. Es ist eine Erfahrung, die selbst diejenigen begeistert, die den Flamenco nicht kennen.\"}},{\"@type\":\"Question\",\"name\":\"Wie lange dauert die Flamenco-Show?\",\"acceptedAnswer\":{\"@type\":\"Answer\",\"text\":\"Die Flamenco-Show in der Cueva de Los Amayas dauert ungef\\u00e4hr 1 Stunde. W\\u00e4hrend dieser Zeit k\\u00f6nnen Sie verschiedene Flamenco-Palos genie\\u00dfen: von T\\u00e4nzen mit viel Rhythmus bis hin zu Liedern, die wirklich bewegen. Alles findet in einer besonderen, sehr intimen Atmosph\\u00e4re statt, in der man die Leidenschaft und Energie des Flamenco von der ersten Minute an sp\\u00fcrt.\"}},{\"@type\":\"Question\",\"name\":\"Welche Kleidung sollte man tragen, um eine Flamenco-Show zu sehen?\",\"acceptedAnswer\":{\"@type\":\"Answer\",\"text\":\"Es gibt keine strenge Kleiderordnung, aber es wird empfohlen, sich bequem und angemessen f\\u00fcr eine kulturelle Veranstaltung zu kleiden. Viele Leute entscheiden sich f\\u00fcr informelle, aber elegante Kleidung, besonders wenn sie vor oder nach der Show zu Abend essen oder etwas trinken gehen. Es ist nicht n\\u00f6tig, sich in Gala zu kleiden, aber das Vermeiden von zu sportlicher oder Strandkleidung tr\\u00e4gt dazu bei, die besondere Atmosph\\u00e4re der Show zu erhalten.\"}}]}<\/script>\n\t\t\t\t\t\t\t<\/div>\n\t\t\t\t<\/div>\n\t\t\t\t<\/div>\n\t\t\t\t<\/div>\n\t\t","protected":false},"excerpt":{"rendered":"<p>Flamenco in Sacromonte CUEVA LOS AMAYAS Die Cueva de Los Amaya Tablao Flamenco ist die erste Zambra Flamenca des Sacromonte in Granada. Geleitet von der Familie Amaya, einer historischen Zigeunerfamilie aus Granada und Wiege gro\u00dfer Flamenco-K\u00fcnstler. Begrenzte Kapazit\u00e4t auf 60 Personen, mit der besten Aussicht auf den Generalife und die Alhambra, ohne B\u00fchne oder Beschallung, [&hellip;]<\/p>\n","protected":false},"author":1,"featured_media":0,"parent":0,"menu_order":0,"comment_status":"closed","ping_status":"closed","template":"","meta":{"footnotes":""},"class_list":["post-4512","page","type-page","status-publish","hentry"],"_links":{"self":[{"href":"https:\/\/cuevalosamayas.com\/de\/wp-json\/wp\/v2\/pages\/4512","targetHints":{"allow":["GET"]}}],"collection":[{"href":"https:\/\/cuevalosamayas.com\/de\/wp-json\/wp\/v2\/pages"}],"about":[{"href":"https:\/\/cuevalosamayas.com\/de\/wp-json\/wp\/v2\/types\/page"}],"author":[{"embeddable":true,"href":"https:\/\/cuevalosamayas.com\/de\/wp-json\/wp\/v2\/users\/1"}],"replies":[{"embeddable":true,"href":"https:\/\/cuevalosamayas.com\/de\/wp-json\/wp\/v2\/comments?post=4512"}],"version-history":[{"count":21,"href":"https:\/\/cuevalosamayas.com\/de\/wp-json\/wp\/v2\/pages\/4512\/revisions"}],"predecessor-version":[{"id":6628,"href":"https:\/\/cuevalosamayas.com\/de\/wp-json\/wp\/v2\/pages\/4512\/revisions\/6628"}],"wp:attachment":[{"href":"https:\/\/cuevalosamayas.com\/de\/wp-json\/wp\/v2\/media?parent=4512"}],"curies":[{"name":"wp","href":"https:\/\/api.w.org\/{rel}","templated":true}]}}