{"id":4514,"date":"2025-07-05T20:38:40","date_gmt":"2025-07-05T18:38:40","guid":{"rendered":"https:\/\/cuevalosamayas.com\/debut"},"modified":"2026-01-07T17:27:30","modified_gmt":"2026-01-07T16:27:30","slug":"debut","status":"publish","type":"page","link":"https:\/\/cuevalosamayas.com\/fr","title":{"rendered":"D\u00e9but"},"content":{"rendered":"\t\t<div data-elementor-type=\"wp-page\" data-elementor-id=\"4514\" class=\"elementor elementor-4514 elementor-1106\" data-elementor-post-type=\"page\">\n\t\t\t\t<div class=\"elementor-element elementor-element-9758d5f e-flex e-con-boxed e-con e-parent\" data-id=\"9758d5f\" data-element_type=\"container\" data-e-type=\"container\" data-settings=\"{&quot;background_background&quot;:&quot;video&quot;,&quot;background_video_link&quot;:&quot;\\\/wp-content\\\/uploads\\\/2025\\\/07\\\/espectaculo-flamenco-sacromonte.mp4&quot;,&quot;background_play_on_mobile&quot;:&quot;yes&quot;}\">\n\t\t\t\t\t<div class=\"e-con-inner\">\n\t\t<div class=\"elementor-background-video-container\">\n\t\t\t\t\t\t\t<video class=\"elementor-background-video-hosted\" role=\"presentation\" autoplay muted playsinline loop><\/video>\n\t\t\t\t\t<\/div>\t\t<div class=\"elementor-element elementor-element-abf4e92 elementor-widget elementor-widget-heading\" data-id=\"abf4e92\" data-element_type=\"widget\" data-e-type=\"widget\" data-widget_type=\"heading.default\">\n\t\t\t\t<div class=\"elementor-widget-container\">\n\t\t\t\t\t<h1 class=\"elementor-heading-title elementor-size-default\">Flamenco \u00e0 Sacromonte<\/h1>\t\t\t\t<\/div>\n\t\t\t\t<\/div>\n\t\t\t\t<div class=\"elementor-element elementor-element-212c3cf elementor-widget elementor-widget-heading\" data-id=\"212c3cf\" data-element_type=\"widget\" data-e-type=\"widget\" data-widget_type=\"heading.default\">\n\t\t\t\t<div class=\"elementor-widget-container\">\n\t\t\t\t\t<h2 class=\"elementor-heading-title elementor-size-default\">CUEVA LOS AMAYAS<\/h2>\t\t\t\t<\/div>\n\t\t\t\t<\/div>\n\t\t\t\t<div class=\"elementor-element elementor-element-2fdf060 elementor-widget__width-initial elementor-widget elementor-widget-text-editor\" data-id=\"2fdf060\" data-element_type=\"widget\" data-e-type=\"widget\" data-widget_type=\"text-editor.default\">\n\t\t\t\t<div class=\"elementor-widget-container\">\n\t\t\t\t\t\t\t\t\t<p>La <strong>Cueva de Los Amaya Tablao Flamenco<\/strong> est la premi\u00e8re <strong>Zambra Flamenca<\/strong> du Sacromonte de Grenade. Dirig\u00e9e par la <strong>famille Amaya<\/strong>, une famille gitane historique de Grenade et berceau de grands artistes de flamenco. <\/p><p>Capacit\u00e9 limit\u00e9e \u00e0 60 personnes, avec les meilleures vues sur le Generalife et l&rsquo;Alhambra, sans sc\u00e8ne ni sonorisation pour vivre le flamenco dans son \u00e9tat le plus pur.<\/p>\t\t\t\t\t\t\t\t<\/div>\n\t\t\t\t<\/div>\n\t\t\t\t<div class=\"elementor-element elementor-element-5af36ff elementor-align-center elementor-hidden-widescreen elementor-hidden-desktop elementor-hidden-laptop elementor-hidden-tablet_extra elementor-hidden-tablet elementor-hidden-mobile_extra elementor-hidden-mobile elementor-widget elementor-widget-button\" data-id=\"5af36ff\" data-element_type=\"widget\" data-e-type=\"widget\" data-widget_type=\"button.default\">\n\t\t\t\t<div class=\"elementor-widget-container\">\n\t\t\t\t\t\t\t\t\t<div class=\"elementor-button-wrapper\">\n\t\t\t\t\t<a class=\"elementor-button elementor-button-link elementor-size-sm\" href=\"https:\/\/cuevalosamayas.com\/fr\/reservez-votre-place\" title=\"Reserva ahora\">\n\t\t\t\t\t\t<span class=\"elementor-button-content-wrapper\">\n\t\t\t\t\t\t\t\t\t<span class=\"elementor-button-text\">R\u00c9SERVEZ MAINTENANT<\/span>\n\t\t\t\t\t<\/span>\n\t\t\t\t\t<\/a>\n\t\t\t\t<\/div>\n\t\t\t\t\t\t\t\t<\/div>\n\t\t\t\t<\/div>\n\t\t\t\t<div class=\"elementor-element elementor-element-f607529 elementor-hidden-mobile elementor-widget elementor-widget-html\" data-id=\"f607529\" data-element_type=\"widget\" data-e-type=\"widget\" data-widget_type=\"html.default\">\n\t\t\t\t<div class=\"elementor-widget-container\">\n\t\t\t\t\t<button-widget widget-id=\"4946f943-a77c-4967-851d-e7445d5b293f\" styles-template-id=\"product-catalog-widget-styles2\"><\/button-widget>\r\n\t\t\t\t<\/div>\n\t\t\t\t<\/div>\n\t\t\t\t<div class=\"elementor-element elementor-element-3f1a9cd elementor-hidden-widescreen elementor-hidden-laptop elementor-hidden-tablet_extra elementor-hidden-tablet elementor-hidden-mobile_extra elementor-hidden-desktop elementor-widget elementor-widget-html\" data-id=\"3f1a9cd\" data-element_type=\"widget\" data-e-type=\"widget\" data-widget_type=\"html.default\">\n\t\t\t\t<div class=\"elementor-widget-container\">\n\t\t\t\t\t<button-widget widget-id=\"f2934c2a-a82d-40b0-ac73-a95565f9e642\" styles-template-id=\"product-catalog-widget-styles2\"><\/button-widget>\t\t\t\t<\/div>\n\t\t\t\t<\/div>\n\t\t\t\t\t<\/div>\n\t\t\t\t<\/div>\n\t\t<div class=\"elementor-element elementor-element-fc2183a e-flex e-con-boxed e-con e-parent\" data-id=\"fc2183a\" data-element_type=\"container\" data-e-type=\"container\" data-settings=\"{&quot;background_background&quot;:&quot;classic&quot;}\">\n\t\t\t\t\t<div class=\"e-con-inner\">\n\t\t\t\t<div class=\"elementor-element elementor-element-b659fc5 elementor-widget elementor-widget-heading\" data-id=\"b659fc5\" data-element_type=\"widget\" data-e-type=\"widget\" data-widget_type=\"heading.default\">\n\t\t\t\t<div class=\"elementor-widget-container\">\n\t\t\t\t\t<p class=\"elementor-heading-title elementor-size-default\">D\u00e9couvrez l'art du flamenco \u00e0<\/p>\t\t\t\t<\/div>\n\t\t\t\t<\/div>\n\t\t\t\t<div class=\"elementor-element elementor-element-99e6c35 elementor-widget elementor-widget-heading\" data-id=\"99e6c35\" data-element_type=\"widget\" data-e-type=\"widget\" data-widget_type=\"heading.default\">\n\t\t\t\t<div class=\"elementor-widget-container\">\n\t\t\t\t\t<p class=\"elementor-heading-title elementor-size-default\">la meilleure grotte de Grenade<\/p>\t\t\t\t<\/div>\n\t\t\t\t<\/div>\n\t\t\t\t<div class=\"elementor-element elementor-element-12b1919 elementor-widget__width-initial uael-aspect-ratio-16_9 elementor-widget elementor-widget-uael-video\" data-id=\"12b1919\" data-element_type=\"widget\" data-e-type=\"widget\" data-widget_type=\"uael-video.default\">\n\t\t\t\t<div class=\"elementor-widget-container\">\n\t\t\t\t\t\t\t\t\t\t\t<div class=\"uael-video__outer-wrap  uael-video-type-hosted\" data-device=\"false\" data-vsticky=\"no\" data-hidedesktop=\"\" data-hidetablet=\"\" data-hidemobile=\"\" data-vsticky-viewport=\"0\" data-hosted-html=\"&quot; &lt;video class=\\&quot;uael-hosted-video\\&quot; src=\\&quot;https:\\\/\\\/cuevalosamayas.com\\\/wp-content\\\/uploads\\\/2025\\\/07\\\/espectaculo-flamenco-sacromonte.mp4\\&quot; controls=&amp;quot;&amp;quot;&gt;&lt;\\\/video&gt; &quot;\" data-autoplay=\"0\">\n\t\t\t\t\t\t<div class=\"uael-video-inner-wrap\">\n\t\t\t\t<div class=\"uael-video__play\" data-src=\"https:\/\/cuevalosamayas.com\/wp-content\/uploads\/2025\/07\/espectaculo-flamenco-sacromonte.mp4\">\n\t\t\t\t\t<video class=\"uael-video__thumb\" src=\"https:\/\/cuevalosamayas.com\/wp-content\/uploads\/2025\/07\/espectaculo-flamenco-sacromonte.mp4\" alt=\"\"><\/video>\n\t\t\t\t\t<div class=\"uael-video__play-icon uael-animation-\">\n\t\t\t\t\t\t<svg aria-hidden=\"true\" class=\"e-font-icon-svg e-fa-play-circle\" viewBox=\"0 0 512 512\" xmlns=\"http:\/\/www.w3.org\/2000\/svg\"><path d=\"M256 8C119 8 8 119 8 256s111 248 248 248 248-111 248-248S393 8 256 8zm115.7 272l-176 101c-15.8 8.8-35.7-2.5-35.7-21V152c0-18.4 19.8-29.8 35.7-21l176 107c16.4 9.2 16.4 32.9 0 42z\"><\/path><\/svg>\t\t\t\t\t<\/div>\n\t\t\t\t<\/div>\n\t\t\t\t\t\t\t\t\t\t\t<\/div>\n\t\t<\/div>\n\t\t\t\t\t\t\t<\/div>\n\t\t\t\t<\/div>\n\t\t\t\t<div class=\"elementor-element elementor-element-810c263 elementor-hidden-widescreen elementor-hidden-desktop elementor-hidden-laptop elementor-hidden-tablet_extra elementor-hidden-tablet elementor-hidden-mobile_extra elementor-hidden-mobile elementor-view-default elementor-widget elementor-widget-icon\" data-id=\"810c263\" data-element_type=\"widget\" data-e-type=\"widget\" data-widget_type=\"icon.default\">\n\t\t\t\t<div class=\"elementor-widget-container\">\n\t\t\t\t\t\t\t<div class=\"elementor-icon-wrapper\">\n\t\t\t<a class=\"elementor-icon\" href=\"#elementor-action%3Aaction%3Dpopup%3Aopen%26settings%3DeyJpZCI6MjYyMSwidG9nZ2xlIjpmYWxzZX0%3D\">\n\t\t\t<svg aria-hidden=\"true\" class=\"e-font-icon-svg e-fas-play-circle\" viewBox=\"0 0 512 512\" xmlns=\"http:\/\/www.w3.org\/2000\/svg\"><path d=\"M256 8C119 8 8 119 8 256s111 248 248 248 248-111 248-248S393 8 256 8zm115.7 272l-176 101c-15.8 8.8-35.7-2.5-35.7-21V152c0-18.4 19.8-29.8 35.7-21l176 107c16.4 9.2 16.4 32.9 0 42z\"><\/path><\/svg>\t\t\t<\/a>\n\t\t<\/div>\n\t\t\t\t\t\t<\/div>\n\t\t\t\t<\/div>\n\t\t\t\t\t<\/div>\n\t\t\t\t<\/div>\n\t\t<div class=\"elementor-element elementor-element-e59203b e-con-full e-flex e-con e-parent\" data-id=\"e59203b\" data-element_type=\"container\" data-e-type=\"container\" data-settings=\"{&quot;background_background&quot;:&quot;classic&quot;}\">\n\t\t<div class=\"elementor-element elementor-element-19bd394 e-con-full e-flex e-con e-child\" data-id=\"19bd394\" data-element_type=\"container\" data-e-type=\"container\">\n\t\t\t\t<div class=\"elementor-element elementor-element-40982ca1 elementor-widget elementor-widget-heading\" data-id=\"40982ca1\" data-element_type=\"widget\" data-e-type=\"widget\" data-widget_type=\"heading.default\">\n\t\t\t\t<div class=\"elementor-widget-container\">\n\t\t\t\t\t<p class=\"elementor-heading-title elementor-size-default\">R\u00e9servez en ligne votre spectacle de flamenco dans le quartier du Sacromonte<\/p>\t\t\t\t<\/div>\n\t\t\t\t<\/div>\n\t\t\t\t<\/div>\n\t\t<div class=\"elementor-element elementor-element-5387b95 e-con-full e-flex e-con e-child\" data-id=\"5387b95\" data-element_type=\"container\" data-e-type=\"container\">\n\t\t\t\t<div class=\"elementor-element elementor-element-9b8b193 elementor-widget elementor-widget-text-editor\" data-id=\"9b8b193\" data-element_type=\"widget\" data-e-type=\"widget\" data-widget_type=\"text-editor.default\">\n\t\t\t\t<div class=\"elementor-widget-container\">\n\t\t\t\t\t\t\t\t\t<p>Notre espace accueillant c\u00e9l\u00e8bre la riche <strong>tradition du flamenco<\/strong>, accueillant aussi bien les amateurs locaux que les visiteurs du monde entier \u00e0 la recherche de l&rsquo;authentique culture andalouse.<\/p>\t\t\t\t\t\t\t\t<\/div>\n\t\t\t\t<\/div>\n\t\t\t\t<\/div>\n\t\t\t\t<\/div>\n\t\t<div class=\"elementor-element elementor-element-fbe69d3 e-con-full e-flex e-con e-parent\" data-id=\"fbe69d3\" data-element_type=\"container\" data-e-type=\"container\" data-settings=\"{&quot;background_background&quot;:&quot;classic&quot;}\">\n\t\t<div class=\"elementor-element elementor-element-75b5aae e-con-full e-flex e-con e-child\" data-id=\"75b5aae\" data-element_type=\"container\" data-e-type=\"container\">\n\t\t\t\t<div class=\"elementor-element elementor-element-812edef elementor-widget elementor-widget-heading\" data-id=\"812edef\" data-element_type=\"widget\" data-e-type=\"widget\" data-widget_type=\"heading.default\">\n\t\t\t\t<div class=\"elementor-widget-container\">\n\t\t\t\t\t<p class=\"elementor-heading-title elementor-size-default\">Soir\u00e9es d'art et d'\u00e9motion<\/p>\t\t\t\t<\/div>\n\t\t\t\t<\/div>\n\t\t\t\t<div class=\"elementor-element elementor-element-0a86bad elementor-widget elementor-widget-text-editor\" data-id=\"0a86bad\" data-element_type=\"widget\" data-e-type=\"widget\" data-widget_type=\"text-editor.default\">\n\t\t\t\t<div class=\"elementor-widget-container\">\n\t\t\t\t\t\t\t\t\t<p>Plongez au c\u0153ur du flamenco avec Cueva Flamenca los Amayas \u00e0 Sacromonte, o\u00f9 l&rsquo;histoire s&rsquo;entrelace avec l&rsquo;art pour offrir des spectacles inoubliables.<\/p>\t\t\t\t\t\t\t\t<\/div>\n\t\t\t\t<\/div>\n\t\t\t\t<\/div>\n\t\t<div class=\"elementor-element elementor-element-2261af9 e-con-full e-flex e-con e-child\" data-id=\"2261af9\" data-element_type=\"container\" data-e-type=\"container\">\n\t\t\t\t<div class=\"elementor-element elementor-element-d6e8bd5 elementor-widget elementor-widget-heading\" data-id=\"d6e8bd5\" data-element_type=\"widget\" data-e-type=\"widget\" data-widget_type=\"heading.default\">\n\t\t\t\t<div class=\"elementor-widget-container\">\n\t\t\t\t\t<p class=\"elementor-heading-title elementor-size-default\">Exp\u00e9rience immersive<\/p>\t\t\t\t<\/div>\n\t\t\t\t<\/div>\n\t\t\t\t<div class=\"elementor-element elementor-element-2150a04 elementor-widget elementor-widget-text-editor\" data-id=\"2150a04\" data-element_type=\"widget\" data-e-type=\"widget\" data-widget_type=\"text-editor.default\">\n\t\t\t\t<div class=\"elementor-widget-container\">\n\t\t\t\t\t\t\t\t\t<p>Vivez la passion du flamenco dans un cadre unique. Chaque soir, Cueva Flamenca los Amayas se transforme en une sc\u00e8ne vibrante d&rsquo;art et de culture. <\/p>\t\t\t\t\t\t\t\t<\/div>\n\t\t\t\t<\/div>\n\t\t\t\t<\/div>\n\t\t<div class=\"elementor-element elementor-element-3bf783f e-con-full e-flex e-con e-child\" data-id=\"3bf783f\" data-element_type=\"container\" data-e-type=\"container\">\n\t\t\t\t<div class=\"elementor-element elementor-element-29b4c22 elementor-widget elementor-widget-heading\" data-id=\"29b4c22\" data-element_type=\"widget\" data-e-type=\"widget\" data-widget_type=\"heading.default\">\n\t\t\t\t<div class=\"elementor-widget-container\">\n\t\t\t\t\t<p class=\"elementor-heading-title elementor-size-default\">R\u00e9servations en ligne<\/p>\t\t\t\t<\/div>\n\t\t\t\t<\/div>\n\t\t\t\t<div class=\"elementor-element elementor-element-a33d012 elementor-widget elementor-widget-text-editor\" data-id=\"a33d012\" data-element_type=\"widget\" data-e-type=\"widget\" data-widget_type=\"text-editor.default\">\n\t\t\t\t<div class=\"elementor-widget-container\">\n\t\t\t\t\t\t\t\t\t<p>Nous facilitons l&rsquo;acc\u00e8s \u00e0 une exp\u00e9rience magique gr\u00e2ce \u00e0 notre syst\u00e8me de r\u00e9servation en ligne. Assurez-vous une place au c\u0153ur du flamenco du Sacromonte. <\/p>\t\t\t\t\t\t\t\t<\/div>\n\t\t\t\t<\/div>\n\t\t\t\t<\/div>\n\t\t<div class=\"elementor-element elementor-element-4319dd0 e-con-full e-flex e-con e-child\" data-id=\"4319dd0\" data-element_type=\"container\" data-e-type=\"container\">\n\t\t\t\t<div class=\"elementor-element elementor-element-0683651 elementor-widget elementor-widget-heading\" data-id=\"0683651\" data-element_type=\"widget\" data-e-type=\"widget\" data-widget_type=\"heading.default\">\n\t\t\t\t<div class=\"elementor-widget-container\">\n\t\t\t\t\t<p class=\"elementor-heading-title elementor-size-default\">Culture et tradition<\/p>\t\t\t\t<\/div>\n\t\t\t\t<\/div>\n\t\t\t\t<div class=\"elementor-element elementor-element-fc1fd97 elementor-widget elementor-widget-text-editor\" data-id=\"fc1fd97\" data-element_type=\"widget\" data-e-type=\"widget\" data-widget_type=\"text-editor.default\">\n\t\t\t\t<div class=\"elementor-widget-container\">\n\t\t\t\t\t\t\t\t\t<p>\u00c0 travers nos activit\u00e9s et \u00e9v\u00e9nements, plongez dans l&rsquo;histoire du flamenco et d\u00e9couvrez les secrets de cet art qui a captiv\u00e9 le monde.<\/p>\t\t\t\t\t\t\t\t<\/div>\n\t\t\t\t<\/div>\n\t\t\t\t<\/div>\n\t\t<div class=\"elementor-element elementor-element-739cf8c e-con-full e-flex e-con e-child\" data-id=\"739cf8c\" data-element_type=\"container\" data-e-type=\"container\">\n\t\t\t\t<div class=\"elementor-element elementor-element-da999c8 elementor-widget elementor-widget-heading\" data-id=\"da999c8\" data-element_type=\"widget\" data-e-type=\"widget\" data-widget_type=\"heading.default\">\n\t\t\t\t<div class=\"elementor-widget-container\">\n\t\t\t\t\t<p class=\"elementor-heading-title elementor-size-default\">Organisation d'\u00e9v\u00e9nements<\/p>\t\t\t\t<\/div>\n\t\t\t\t<\/div>\n\t\t\t\t<div class=\"elementor-element elementor-element-35a5ff3 elementor-widget elementor-widget-text-editor\" data-id=\"35a5ff3\" data-element_type=\"widget\" data-e-type=\"widget\" data-widget_type=\"text-editor.default\">\n\t\t\t\t<div class=\"elementor-widget-container\">\n\t\t\t\t\t\t\t\t\t<p>Nous sommes sp\u00e9cialis\u00e9s dans la transformation de chaque \u00e9v\u00e9nement en une exp\u00e9rience m\u00e9morable, combinant l&rsquo;authenticit\u00e9 du flamenco avec l&rsquo;hospitalit\u00e9 andalouse.<\/p>\t\t\t\t\t\t\t\t<\/div>\n\t\t\t\t<\/div>\n\t\t\t\t<\/div>\n\t\t<div class=\"elementor-element elementor-element-ddef55b e-con-full e-flex e-con e-child\" data-id=\"ddef55b\" data-element_type=\"container\" data-e-type=\"container\">\n\t\t\t\t<div class=\"elementor-element elementor-element-744ba73 elementor-widget elementor-widget-heading\" data-id=\"744ba73\" data-element_type=\"widget\" data-e-type=\"widget\" data-widget_type=\"heading.default\">\n\t\t\t\t<div class=\"elementor-widget-container\">\n\t\t\t\t\t<p class=\"elementor-heading-title elementor-size-default\">Le c\u0153ur flamenco<\/p>\t\t\t\t<\/div>\n\t\t\t\t<\/div>\n\t\t\t\t<div class=\"elementor-element elementor-element-65b7ed9 elementor-widget elementor-widget-text-editor\" data-id=\"65b7ed9\" data-element_type=\"widget\" data-e-type=\"widget\" data-widget_type=\"text-editor.default\">\n\t\t\t\t<div class=\"elementor-widget-container\">\n\t\t\t\t\t\t\t\t\t<p>D\u00e9couvrez l&rsquo;essence du flamenco avec Cueva los Amayas de Grenade, o\u00f9 la tradition s&rsquo;unit \u00e0 la passion pour cr\u00e9er des moments uniques et inoubliables.<\/p>\t\t\t\t\t\t\t\t<\/div>\n\t\t\t\t<\/div>\n\t\t\t\t<\/div>\n\t\t\t\t<\/div>\n\t\t<div class=\"elementor-element elementor-element-451efe2d e-con-full e-flex e-con e-parent\" data-id=\"451efe2d\" data-element_type=\"container\" data-e-type=\"container\">\n\t\t\t\t<div class=\"elementor-element elementor-element-b196a21 elementor-widget elementor-widget-heading\" data-id=\"b196a21\" data-element_type=\"widget\" data-e-type=\"widget\" data-widget_type=\"heading.default\">\n\t\t\t\t<div class=\"elementor-widget-container\">\n\t\t\t\t\t<h2 class=\"elementor-heading-title elementor-size-default\">Spectacle de flamenco traditionnel<\/h2>\t\t\t\t<\/div>\n\t\t\t\t<\/div>\n\t\t\t\t<div class=\"elementor-element elementor-element-365b46f8 elementor-widget-divider--view-line elementor-widget elementor-widget-divider\" data-id=\"365b46f8\" data-element_type=\"widget\" data-e-type=\"widget\" data-widget_type=\"divider.default\">\n\t\t\t\t<div class=\"elementor-widget-container\">\n\t\t\t\t\t\t\t<div class=\"elementor-divider\">\n\t\t\t<span class=\"elementor-divider-separator\">\n\t\t\t\t\t\t<\/span>\n\t\t<\/div>\n\t\t\t\t\t\t<\/div>\n\t\t\t\t<\/div>\n\t\t\t\t<div class=\"elementor-element elementor-element-7319a8c4 elementor-widget elementor-widget-text-editor\" data-id=\"7319a8c4\" data-element_type=\"widget\" data-e-type=\"widget\" data-widget_type=\"text-editor.default\">\n\t\t\t\t<div class=\"elementor-widget-container\">\n\t\t\t\t\t\t\t\t\t<p>Assistez \u00e0 un <strong>spectacle de flamenco traditionnel<\/strong> dans une ambiance unique et chaleureuse \u00e0 Grenade. \u00c0 La Cueva de los Amaya, le spectacle est une <strong>Zambra gitane<\/strong>, une f\u00eate o\u00f9 des artistes de renom interagissent avec le public sans sc\u00e8ne ni sonorisation. Vous sentirez le claquement des talons, la guitare et le chant \u00e0 fleur de peau, vous impr\u00e9gnant du rythme, de la passion et de la tradition de la culture gitane la plus authentique.  <\/p>\t\t\t\t\t\t\t\t<\/div>\n\t\t\t\t<\/div>\n\t\t\t\t<div class=\"elementor-element elementor-element-6aee816 elementor-widget__width-initial elementor-widget elementor-widget-gallery\" data-id=\"6aee816\" data-element_type=\"widget\" data-e-type=\"widget\" data-settings=\"{&quot;gallery_layout&quot;:&quot;justified&quot;,&quot;gap&quot;:{&quot;unit&quot;:&quot;px&quot;,&quot;size&quot;:8,&quot;sizes&quot;:[]},&quot;lazyload&quot;:&quot;yes&quot;,&quot;ideal_row_height&quot;:{&quot;unit&quot;:&quot;px&quot;,&quot;size&quot;:200,&quot;sizes&quot;:[]},&quot;ideal_row_height_widescreen&quot;:{&quot;unit&quot;:&quot;px&quot;,&quot;size&quot;:&quot;&quot;,&quot;sizes&quot;:[]},&quot;ideal_row_height_laptop&quot;:{&quot;unit&quot;:&quot;px&quot;,&quot;size&quot;:150,&quot;sizes&quot;:[]},&quot;ideal_row_height_tablet_extra&quot;:{&quot;unit&quot;:&quot;px&quot;,&quot;size&quot;:150,&quot;sizes&quot;:[]},&quot;ideal_row_height_tablet&quot;:{&quot;unit&quot;:&quot;px&quot;,&quot;size&quot;:150,&quot;sizes&quot;:[]},&quot;ideal_row_height_mobile_extra&quot;:{&quot;unit&quot;:&quot;px&quot;,&quot;size&quot;:150,&quot;sizes&quot;:[]},&quot;ideal_row_height_mobile&quot;:{&quot;unit&quot;:&quot;px&quot;,&quot;size&quot;:150,&quot;sizes&quot;:[]},&quot;gap_widescreen&quot;:{&quot;unit&quot;:&quot;px&quot;,&quot;size&quot;:&quot;&quot;,&quot;sizes&quot;:[]},&quot;gap_laptop&quot;:{&quot;unit&quot;:&quot;px&quot;,&quot;size&quot;:10,&quot;sizes&quot;:[]},&quot;gap_tablet_extra&quot;:{&quot;unit&quot;:&quot;px&quot;,&quot;size&quot;:10,&quot;sizes&quot;:[]},&quot;gap_tablet&quot;:{&quot;unit&quot;:&quot;px&quot;,&quot;size&quot;:10,&quot;sizes&quot;:[]},&quot;gap_mobile_extra&quot;:{&quot;unit&quot;:&quot;px&quot;,&quot;size&quot;:10,&quot;sizes&quot;:[]},&quot;gap_mobile&quot;:{&quot;unit&quot;:&quot;px&quot;,&quot;size&quot;:10,&quot;sizes&quot;:[]},&quot;link_to&quot;:&quot;file&quot;,&quot;overlay_background&quot;:&quot;yes&quot;,&quot;content_hover_animation&quot;:&quot;fade-in&quot;}\" data-widget_type=\"gallery.default\">\n\t\t\t\t<div class=\"elementor-widget-container\">\n\t\t\t\t\t\t\t<div class=\"elementor-gallery__container\">\n\t\t\t\t\t\t\t<a class=\"e-gallery-item elementor-gallery-item elementor-animated-content\" href=\"https:\/\/cuevalosamayas.com\/wp-content\/uploads\/2025\/07\/artistas-en-actuacion-cueva.avif\" data-elementor-open-lightbox=\"yes\" data-elementor-lightbox-slideshow=\"6aee816\" data-e-action-hash=\"#elementor-action%3Aaction%3Dlightbox%26settings%3DeyJpZCI6MTM5MSwidXJsIjoiaHR0cHM6XC9cL2N1ZXZhbG9zYW1heWFzLmNvbVwvd3AtY29udGVudFwvdXBsb2Fkc1wvMjAyNVwvMDdcL2FydGlzdGFzLWVuLWFjdHVhY2lvbi1jdWV2YS5hdmlmIiwic2xpZGVzaG93IjoiNmFlZTgxNiJ9\">\n\t\t\t\t\t<div class=\"e-gallery-image elementor-gallery-item__image\" data-thumbnail=\"https:\/\/cuevalosamayas.com\/wp-content\/uploads\/2025\/07\/artistas-en-actuacion-cueva-1024x683.avif\" data-width=\"800\" data-height=\"534\" aria-label=\"Artistas Actuando\" role=\"img\" ><\/div>\n\t\t\t\t\t\t\t\t\t\t\t<div class=\"elementor-gallery-item__overlay\"><\/div>\n\t\t\t\t\t\t\t\t\t\t\t\t\t\t<\/a>\n\t\t\t\t\t\t\t<a class=\"e-gallery-item elementor-gallery-item elementor-animated-content\" href=\"https:\/\/cuevalosamayas.com\/wp-content\/uploads\/2025\/07\/actuacion-bailaora.avif\" data-elementor-open-lightbox=\"yes\" data-elementor-lightbox-slideshow=\"6aee816\" data-e-action-hash=\"#elementor-action%3Aaction%3Dlightbox%26settings%3DeyJpZCI6MTM5NywidXJsIjoiaHR0cHM6XC9cL2N1ZXZhbG9zYW1heWFzLmNvbVwvd3AtY29udGVudFwvdXBsb2Fkc1wvMjAyNVwvMDdcL2FjdHVhY2lvbi1iYWlsYW9yYS5hdmlmIiwic2xpZGVzaG93IjoiNmFlZTgxNiJ9\">\n\t\t\t\t\t<div class=\"e-gallery-image elementor-gallery-item__image\" data-thumbnail=\"https:\/\/cuevalosamayas.com\/wp-content\/uploads\/2025\/07\/actuacion-bailaora-1024x683.avif\" data-width=\"800\" data-height=\"534\" aria-label=\"Baile Flamenco\" role=\"img\" ><\/div>\n\t\t\t\t\t\t\t\t\t\t\t<div class=\"elementor-gallery-item__overlay\"><\/div>\n\t\t\t\t\t\t\t\t\t\t\t\t\t\t<\/a>\n\t\t\t\t\t\t\t<a class=\"e-gallery-item elementor-gallery-item elementor-animated-content\" href=\"https:\/\/cuevalosamayas.com\/wp-content\/uploads\/2025\/07\/cantaora-flamenco.avif\" data-elementor-open-lightbox=\"yes\" data-elementor-lightbox-slideshow=\"6aee816\" data-e-action-hash=\"#elementor-action%3Aaction%3Dlightbox%26settings%3DeyJpZCI6MTQwMywidXJsIjoiaHR0cHM6XC9cL2N1ZXZhbG9zYW1heWFzLmNvbVwvd3AtY29udGVudFwvdXBsb2Fkc1wvMjAyNVwvMDdcL2NhbnRhb3JhLWZsYW1lbmNvLmF2aWYiLCJzbGlkZXNob3ciOiI2YWVlODE2In0%3D\">\n\t\t\t\t\t<div class=\"e-gallery-image elementor-gallery-item__image\" data-thumbnail=\"https:\/\/cuevalosamayas.com\/wp-content\/uploads\/2025\/07\/cantaora-flamenco-1024x682.avif\" data-width=\"800\" data-height=\"533\" aria-label=\"Cantaora tocando las palmas\" role=\"img\" ><\/div>\n\t\t\t\t\t\t\t\t\t\t\t<div class=\"elementor-gallery-item__overlay\"><\/div>\n\t\t\t\t\t\t\t\t\t\t\t\t\t\t<\/a>\n\t\t\t\t\t\t\t<a class=\"e-gallery-item elementor-gallery-item elementor-animated-content\" href=\"https:\/\/cuevalosamayas.com\/wp-content\/uploads\/2025\/07\/bailaora-gitana-granada.avif\" data-elementor-open-lightbox=\"yes\" data-elementor-lightbox-slideshow=\"6aee816\" data-e-action-hash=\"#elementor-action%3Aaction%3Dlightbox%26settings%3DeyJpZCI6MTQxNSwidXJsIjoiaHR0cHM6XC9cL2N1ZXZhbG9zYW1heWFzLmNvbVwvd3AtY29udGVudFwvdXBsb2Fkc1wvMjAyNVwvMDdcL2JhaWxhb3JhLWdpdGFuYS1ncmFuYWRhLmF2aWYiLCJzbGlkZXNob3ciOiI2YWVlODE2In0%3D\">\n\t\t\t\t\t<div class=\"e-gallery-image elementor-gallery-item__image\" data-thumbnail=\"https:\/\/cuevalosamayas.com\/wp-content\/uploads\/2025\/07\/bailaora-gitana-granada-1024x683.avif\" data-width=\"800\" data-height=\"534\" aria-label=\"Bailaora flamenca gitana\" role=\"img\" ><\/div>\n\t\t\t\t\t\t\t\t\t\t\t<div class=\"elementor-gallery-item__overlay\"><\/div>\n\t\t\t\t\t\t\t\t\t\t\t\t\t\t<\/a>\n\t\t\t\t\t\t\t<a class=\"e-gallery-item elementor-gallery-item elementor-animated-content\" href=\"https:\/\/cuevalosamayas.com\/wp-content\/uploads\/2025\/07\/zapateo-flamenco.avif\" data-elementor-open-lightbox=\"yes\" data-elementor-lightbox-slideshow=\"6aee816\" data-e-action-hash=\"#elementor-action%3Aaction%3Dlightbox%26settings%3DeyJpZCI6MTQyMSwidXJsIjoiaHR0cHM6XC9cL2N1ZXZhbG9zYW1heWFzLmNvbVwvd3AtY29udGVudFwvdXBsb2Fkc1wvMjAyNVwvMDdcL3phcGF0ZW8tZmxhbWVuY28uYXZpZiIsInNsaWRlc2hvdyI6IjZhZWU4MTYifQ%3D%3D\">\n\t\t\t\t\t<div class=\"e-gallery-image elementor-gallery-item__image\" data-thumbnail=\"https:\/\/cuevalosamayas.com\/wp-content\/uploads\/2025\/07\/zapateo-flamenco-1024x683.avif\" data-width=\"800\" data-height=\"534\" aria-label=\"Zapateo flamenco en tarima\" role=\"img\" ><\/div>\n\t\t\t\t\t\t\t\t\t\t\t<div class=\"elementor-gallery-item__overlay\"><\/div>\n\t\t\t\t\t\t\t\t\t\t\t\t\t\t<\/a>\n\t\t\t\t\t\t\t<a class=\"e-gallery-item elementor-gallery-item elementor-animated-content\" href=\"https:\/\/cuevalosamayas.com\/wp-content\/uploads\/2025\/07\/bailaor-flamenco-en-cueva.avif\" data-elementor-open-lightbox=\"yes\" data-elementor-lightbox-slideshow=\"6aee816\" data-e-action-hash=\"#elementor-action%3Aaction%3Dlightbox%26settings%3DeyJpZCI6MTQzMywidXJsIjoiaHR0cHM6XC9cL2N1ZXZhbG9zYW1heWFzLmNvbVwvd3AtY29udGVudFwvdXBsb2Fkc1wvMjAyNVwvMDdcL2JhaWxhb3ItZmxhbWVuY28tZW4tY3VldmEuYXZpZiIsInNsaWRlc2hvdyI6IjZhZWU4MTYifQ%3D%3D\">\n\t\t\t\t\t<div class=\"e-gallery-image elementor-gallery-item__image\" data-thumbnail=\"https:\/\/cuevalosamayas.com\/wp-content\/uploads\/2025\/07\/bailaor-flamenco-en-cueva-1024x683.avif\" data-width=\"800\" data-height=\"534\" aria-label=\"Bailaor flamenco en cueva\" role=\"img\" ><\/div>\n\t\t\t\t\t\t\t\t\t\t\t<div class=\"elementor-gallery-item__overlay\"><\/div>\n\t\t\t\t\t\t\t\t\t\t\t\t\t\t<\/a>\n\t\t\t\t\t\t\t<a class=\"e-gallery-item elementor-gallery-item elementor-animated-content\" href=\"https:\/\/cuevalosamayas.com\/wp-content\/uploads\/2025\/07\/plena-actuacion.avif\" data-elementor-open-lightbox=\"yes\" data-elementor-lightbox-slideshow=\"6aee816\" data-e-action-hash=\"#elementor-action%3Aaction%3Dlightbox%26settings%3DeyJpZCI6MTQzOSwidXJsIjoiaHR0cHM6XC9cL2N1ZXZhbG9zYW1heWFzLmNvbVwvd3AtY29udGVudFwvdXBsb2Fkc1wvMjAyNVwvMDdcL3BsZW5hLWFjdHVhY2lvbi5hdmlmIiwic2xpZGVzaG93IjoiNmFlZTgxNiJ9\">\n\t\t\t\t\t<div class=\"e-gallery-image elementor-gallery-item__image\" data-thumbnail=\"https:\/\/cuevalosamayas.com\/wp-content\/uploads\/2025\/07\/plena-actuacion-683x1024.avif\" data-width=\"683\" data-height=\"1024\" aria-label=\"Actuaci\u00f3n flamenca\" role=\"img\" ><\/div>\n\t\t\t\t\t\t\t\t\t\t\t<div class=\"elementor-gallery-item__overlay\"><\/div>\n\t\t\t\t\t\t\t\t\t\t\t\t\t\t<\/a>\n\t\t\t\t\t\t\t<a class=\"e-gallery-item elementor-gallery-item elementor-animated-content\" href=\"https:\/\/cuevalosamayas.com\/wp-content\/uploads\/2025\/08\/exterior-cueva-sacromonte.avif\" data-elementor-open-lightbox=\"yes\" data-elementor-lightbox-slideshow=\"6aee816\" data-e-action-hash=\"#elementor-action%3Aaction%3Dlightbox%26settings%3DeyJpZCI6NDEzNywidXJsIjoiaHR0cHM6XC9cL2N1ZXZhbG9zYW1heWFzLmNvbVwvd3AtY29udGVudFwvdXBsb2Fkc1wvMjAyNVwvMDhcL2V4dGVyaW9yLWN1ZXZhLXNhY3JvbW9udGUuYXZpZiIsInNsaWRlc2hvdyI6IjZhZWU4MTYifQ%3D%3D\">\n\t\t\t\t\t<div class=\"e-gallery-image elementor-gallery-item__image\" data-thumbnail=\"https:\/\/cuevalosamayas.com\/wp-content\/uploads\/2025\/08\/exterior-cueva-sacromonte-1024x683.avif\" data-width=\"800\" data-height=\"534\" aria-label=\"Exterior cueva flamenca los Amaya\" role=\"img\" ><\/div>\n\t\t\t\t\t\t\t\t\t\t\t<div class=\"elementor-gallery-item__overlay\"><\/div>\n\t\t\t\t\t\t\t\t\t\t\t\t\t\t<\/a>\n\t\t\t\t\t<\/div>\n\t\t\t\t\t<\/div>\n\t\t\t\t<\/div>\n\t\t\t\t<div class=\"elementor-element elementor-element-39e73c9 elementor-align-center elementor-mobile-align-left elementor-widget elementor-widget-button\" data-id=\"39e73c9\" data-element_type=\"widget\" data-e-type=\"widget\" data-widget_type=\"button.default\">\n\t\t\t\t<div class=\"elementor-widget-container\">\n\t\t\t\t\t\t\t\t\t<div class=\"elementor-button-wrapper\">\n\t\t\t\t\t<a class=\"elementor-button elementor-button-link elementor-size-sm\" href=\"https:\/\/cuevalosamayas.com\/fr\/galerie-dimages\" title=\"Galer\u00eda\">\n\t\t\t\t\t\t<span class=\"elementor-button-content-wrapper\">\n\t\t\t\t\t\t<span class=\"elementor-button-icon\">\n\t\t\t\t<svg aria-hidden=\"true\" class=\"e-font-icon-svg e-fas-long-arrow-alt-right\" viewBox=\"0 0 448 512\" xmlns=\"http:\/\/www.w3.org\/2000\/svg\"><path d=\"M313.941 216H12c-6.627 0-12 5.373-12 12v56c0 6.627 5.373 12 12 12h301.941v46.059c0 21.382 25.851 32.09 40.971 16.971l86.059-86.059c9.373-9.373 9.373-24.569 0-33.941l-86.059-86.059c-15.119-15.119-40.971-4.411-40.971 16.971V216z\"><\/path><\/svg>\t\t\t<\/span>\n\t\t\t\t\t\t\t\t\t<span class=\"elementor-button-text\">voir toutes les photos<\/span>\n\t\t\t\t\t<\/span>\n\t\t\t\t\t<\/a>\n\t\t\t\t<\/div>\n\t\t\t\t\t\t\t\t<\/div>\n\t\t\t\t<\/div>\n\t\t\t\t<\/div>\n\t\t<div class=\"elementor-element elementor-element-28aa589f e-con-full e-flex e-con e-parent\" data-id=\"28aa589f\" data-element_type=\"container\" data-e-type=\"container\">\n\t\t<div class=\"elementor-element elementor-element-7b75b85e e-con-full e-flex e-con e-child\" data-id=\"7b75b85e\" data-element_type=\"container\" data-e-type=\"container\">\n\t\t<div class=\"elementor-element elementor-element-5b102dbe e-flex e-con-boxed e-con e-child\" data-id=\"5b102dbe\" data-element_type=\"container\" data-e-type=\"container\">\n\t\t\t\t\t<div class=\"e-con-inner\">\n\t\t\t\t<div class=\"elementor-element elementor-element-61a92463 elementor-widget__width-inherit elementor-widget elementor-widget-cta\" data-id=\"61a92463\" data-element_type=\"widget\" data-e-type=\"widget\" data-settings=\"{&quot;layout_preset&quot;:&quot;focus&quot;,&quot;cta_vertical_position&quot;:&quot;start&quot;,&quot;primary_button_shape&quot;:&quot;default&quot;,&quot;box_shape&quot;:&quot;sharp&quot;}\" data-widget_type=\"cta.default\">\n\t\t\t\t<div class=\"elementor-widget-container\">\n\t\t\t\t\t\t\t<div class=\"has-shape-sharp shape-type-box ehp-cta has-preset-focus\">\n\t\t\t<div class=\"ehp-cta__overlay\"><\/div>\n\t\t\t<div class=\"ehp-cta__elements-container\">\n\t\t\t\t\t\t<div class=\"ehp-cta__text-container\">\n\t\t\t<p class=\"ehp-cta__heading\">Spectacle<\/p>\t\t<\/div>\n\t\t\t\t\t<div class=\"ehp-cta__ctas-container\">\n\t\t\t\t<div class=\"ehp-cta__buttons-wrapper\">\n\t\t\t\t\t\t\t<a class=\"has-shape-default shape-type-button ehp-button ehp-button--primary ehp-cta__button ehp-cta__button--primary is-type-button\" href=\"https:\/\/cuevalosamayas.com\/fr\/reservez-votre-place\" title=\"Reservar espect\u00e1culo\">\n\t\t\t<svg aria-hidden=\"true\" class=\"ehp-button__icon e-font-icon-svg e-fas-arrow-right\" 0=\"ehp-cta__button-icon\" viewBox=\"0 0 448 512\" xmlns=\"http:\/\/www.w3.org\/2000\/svg\"><path d=\"M190.5 66.9l22.2-22.2c9.4-9.4 24.6-9.4 33.9 0L441 239c9.4 9.4 9.4 24.6 0 33.9L246.6 467.3c-9.4 9.4-24.6 9.4-33.9 0l-22.2-22.2c-9.5-9.5-9.3-25 .4-34.3L311.4 296H24c-13.3 0-24-10.7-24-24v-32c0-13.3 10.7-24 24-24h287.4L190.9 101.2c-9.8-9.3-10-24.8-.4-34.3z\"><\/path><\/svg>\t\t<span class=\"ehp-button__text ehp-cta__button-text ehp-cta__button-text--primary\">\n\t\t\tr\u00e9server\t\t\t\t<\/a>\n\t\t\t\t\t\t\t\t\t\t\t<\/div>\n\t\t\t<\/div>\n\t\t\t\t\t<\/div>\n\t\t<\/div>\n\t\t\t\t\t\t<\/div>\n\t\t\t\t<\/div>\n\t\t\t\t\t<\/div>\n\t\t\t\t<\/div>\n\t\t\t\t<div class=\"elementor-element elementor-element-7d9cbb33 elementor-widget-divider--view-line elementor-widget elementor-widget-divider\" data-id=\"7d9cbb33\" data-element_type=\"widget\" data-e-type=\"widget\" data-widget_type=\"divider.default\">\n\t\t\t\t<div class=\"elementor-widget-container\">\n\t\t\t\t\t\t\t<div class=\"elementor-divider\">\n\t\t\t<span class=\"elementor-divider-separator\">\n\t\t\t\t\t\t<\/span>\n\t\t<\/div>\n\t\t\t\t\t\t<\/div>\n\t\t\t\t<\/div>\n\t\t\t\t<div class=\"elementor-element elementor-element-16a688b2 elementor-widget elementor-widget-image\" data-id=\"16a688b2\" data-element_type=\"widget\" data-e-type=\"widget\" data-widget_type=\"image.default\">\n\t\t\t\t<div class=\"elementor-widget-container\">\n\t\t\t\t\t\t\t\t\t\t\t\t<figure class=\"wp-caption\">\n\t\t\t\t\t\t\t\t\t\t<img fetchpriority=\"high\" decoding=\"async\" width=\"1200\" height=\"800\" src=\"https:\/\/cuevalosamayas.com\/wp-content\/uploads\/2025\/07\/flamenca-tocando-palmas.avif\" class=\"attachment-full size-full wp-image-1429\" alt=\"Flamenca tocando palmas\" srcset=\"https:\/\/cuevalosamayas.com\/wp-content\/uploads\/2025\/07\/flamenca-tocando-palmas.avif 1200w, https:\/\/cuevalosamayas.com\/wp-content\/uploads\/2025\/07\/flamenca-tocando-palmas-300x200.avif 300w, https:\/\/cuevalosamayas.com\/wp-content\/uploads\/2025\/07\/flamenca-tocando-palmas-1024x683.avif 1024w, https:\/\/cuevalosamayas.com\/wp-content\/uploads\/2025\/07\/flamenca-tocando-palmas-768x512.avif 768w\" sizes=\"(max-width: 1200px) 100vw, 1200px\" \/>\t\t\t\t\t\t\t\t\t\t\t<figcaption class=\"widget-image-caption wp-caption-text\">60 minutes de passion \u00e0 l'\u00e9tat pur. Spectacle de flamenco dans la Cueva del Sacromonte de Grenade. <\/figcaption>\n\t\t\t\t\t\t\t\t\t\t<\/figure>\n\t\t\t\t\t\t\t\t\t<\/div>\n\t\t\t\t<\/div>\n\t\t\t\t<\/div>\n\t\t<div class=\"elementor-element elementor-element-160c9a77 e-con-full e-flex e-con e-child\" data-id=\"160c9a77\" data-element_type=\"container\" data-e-type=\"container\">\n\t\t<div class=\"elementor-element elementor-element-77e585c3 e-flex e-con-boxed e-con e-child\" data-id=\"77e585c3\" data-element_type=\"container\" data-e-type=\"container\">\n\t\t\t\t\t<div class=\"e-con-inner\">\n\t\t\t\t<div class=\"elementor-element elementor-element-65c8aa36 elementor-widget__width-inherit elementor-widget elementor-widget-cta\" data-id=\"65c8aa36\" data-element_type=\"widget\" data-e-type=\"widget\" data-settings=\"{&quot;layout_preset&quot;:&quot;focus&quot;,&quot;cta_vertical_position&quot;:&quot;start&quot;,&quot;primary_button_shape&quot;:&quot;default&quot;,&quot;box_shape&quot;:&quot;sharp&quot;}\" data-widget_type=\"cta.default\">\n\t\t\t\t<div class=\"elementor-widget-container\">\n\t\t\t\t\t\t\t<div class=\"has-shape-sharp shape-type-box ehp-cta has-preset-focus\">\n\t\t\t<div class=\"ehp-cta__overlay\"><\/div>\n\t\t\t<div class=\"ehp-cta__elements-container\">\n\t\t\t\t\t\t<div class=\"ehp-cta__text-container\">\n\t\t\t<p class=\"ehp-cta__heading\">Spectacle + consommation<\/p>\t\t<\/div>\n\t\t\t\t\t<div class=\"ehp-cta__ctas-container\">\n\t\t\t\t<div class=\"ehp-cta__buttons-wrapper\">\n\t\t\t\t\t\t\t<a class=\"has-shape-default shape-type-button ehp-button ehp-button--primary ehp-cta__button ehp-cta__button--primary is-type-button\" href=\"https:\/\/cuevalosamayas.com\/fr\/reservez-votre-place\" title=\"Reservar espect\u00e1culo + consumici\u00f3n\">\n\t\t\t<svg aria-hidden=\"true\" class=\"ehp-button__icon e-font-icon-svg e-fas-arrow-right\" 0=\"ehp-cta__button-icon\" viewBox=\"0 0 448 512\" xmlns=\"http:\/\/www.w3.org\/2000\/svg\"><path d=\"M190.5 66.9l22.2-22.2c9.4-9.4 24.6-9.4 33.9 0L441 239c9.4 9.4 9.4 24.6 0 33.9L246.6 467.3c-9.4 9.4-24.6 9.4-33.9 0l-22.2-22.2c-9.5-9.5-9.3-25 .4-34.3L311.4 296H24c-13.3 0-24-10.7-24-24v-32c0-13.3 10.7-24 24-24h287.4L190.9 101.2c-9.8-9.3-10-24.8-.4-34.3z\"><\/path><\/svg>\t\t<span class=\"ehp-button__text ehp-cta__button-text ehp-cta__button-text--primary\">\n\t\t\tr\u00e9server\t\t\t\t<\/a>\n\t\t\t\t\t\t\t\t\t\t\t<\/div>\n\t\t\t<\/div>\n\t\t\t\t\t<\/div>\n\t\t<\/div>\n\t\t\t\t\t\t<\/div>\n\t\t\t\t<\/div>\n\t\t\t\t\t<\/div>\n\t\t\t\t<\/div>\n\t\t\t\t<div class=\"elementor-element elementor-element-5110ddb1 elementor-widget-divider--view-line elementor-widget elementor-widget-divider\" data-id=\"5110ddb1\" data-element_type=\"widget\" data-e-type=\"widget\" data-widget_type=\"divider.default\">\n\t\t\t\t<div class=\"elementor-widget-container\">\n\t\t\t\t\t\t\t<div class=\"elementor-divider\">\n\t\t\t<span class=\"elementor-divider-separator\">\n\t\t\t\t\t\t<\/span>\n\t\t<\/div>\n\t\t\t\t\t\t<\/div>\n\t\t\t\t<\/div>\n\t\t\t\t<div class=\"elementor-element elementor-element-2890685b elementor-widget elementor-widget-image\" data-id=\"2890685b\" data-element_type=\"widget\" data-e-type=\"widget\" data-widget_type=\"image.default\">\n\t\t\t\t<div class=\"elementor-widget-container\">\n\t\t\t\t\t\t\t\t\t\t\t\t<figure class=\"wp-caption\">\n\t\t\t\t\t\t\t\t\t\t<img decoding=\"async\" width=\"800\" height=\"534\" src=\"https:\/\/cuevalosamayas.com\/wp-content\/uploads\/2025\/07\/espectaculo-y-consumicion-1024x683.avif\" class=\"attachment-large size-large wp-image-1488\" alt=\"Espectaculo y consumicion\" srcset=\"https:\/\/cuevalosamayas.com\/wp-content\/uploads\/2025\/07\/espectaculo-y-consumicion-1024x683.avif 1024w, https:\/\/cuevalosamayas.com\/wp-content\/uploads\/2025\/07\/espectaculo-y-consumicion-300x200.avif 300w, https:\/\/cuevalosamayas.com\/wp-content\/uploads\/2025\/07\/espectaculo-y-consumicion-768x512.avif 768w, https:\/\/cuevalosamayas.com\/wp-content\/uploads\/2025\/07\/espectaculo-y-consumicion.avif 1200w\" sizes=\"(max-width: 800px) 100vw, 800px\" \/>\t\t\t\t\t\t\t\t\t\t\t<figcaption class=\"widget-image-caption wp-caption-text\">Avec le spectacle, profitez d'un verre de vin, d'une bi\u00e8re, d'un soda ou d'un jus de fruits.<\/figcaption>\n\t\t\t\t\t\t\t\t\t\t<\/figure>\n\t\t\t\t\t\t\t\t\t<\/div>\n\t\t\t\t<\/div>\n\t\t\t\t<\/div>\n\t\t<div class=\"elementor-element elementor-element-2ab3afc e-con-full e-flex e-con e-child\" data-id=\"2ab3afc\" data-element_type=\"container\" data-e-type=\"container\">\n\t\t<div class=\"elementor-element elementor-element-76bdfefb e-flex e-con-boxed e-con e-child\" data-id=\"76bdfefb\" data-element_type=\"container\" data-e-type=\"container\">\n\t\t\t\t\t<div class=\"e-con-inner\">\n\t\t\t\t<div class=\"elementor-element elementor-element-20fd162a elementor-widget__width-inherit elementor-widget elementor-widget-cta\" data-id=\"20fd162a\" data-element_type=\"widget\" data-e-type=\"widget\" data-settings=\"{&quot;layout_preset&quot;:&quot;focus&quot;,&quot;cta_vertical_position&quot;:&quot;start&quot;,&quot;primary_button_shape&quot;:&quot;default&quot;,&quot;box_shape&quot;:&quot;sharp&quot;}\" data-widget_type=\"cta.default\">\n\t\t\t\t<div class=\"elementor-widget-container\">\n\t\t\t\t\t\t\t<div class=\"has-shape-sharp shape-type-box ehp-cta has-preset-focus\">\n\t\t\t<div class=\"ehp-cta__overlay\"><\/div>\n\t\t\t<div class=\"ehp-cta__elements-container\">\n\t\t\t\t\t\t<div class=\"ehp-cta__text-container\">\n\t\t\t<p class=\"ehp-cta__heading\">Spectacle + D\u00eener<\/p>\t\t<\/div>\n\t\t\t\t\t<div class=\"ehp-cta__ctas-container\">\n\t\t\t\t<div class=\"ehp-cta__buttons-wrapper\">\n\t\t\t\t\t\t\t<a class=\"has-shape-default shape-type-button ehp-button ehp-button--primary ehp-cta__button ehp-cta__button--primary is-type-button\" href=\"https:\/\/cuevalosamayas.com\/fr\/reservez-votre-place\" title=\"Reservar espect\u00e1culo\">\n\t\t\t<svg aria-hidden=\"true\" class=\"ehp-button__icon e-font-icon-svg e-fas-arrow-right\" 0=\"ehp-cta__button-icon\" viewBox=\"0 0 448 512\" xmlns=\"http:\/\/www.w3.org\/2000\/svg\"><path d=\"M190.5 66.9l22.2-22.2c9.4-9.4 24.6-9.4 33.9 0L441 239c9.4 9.4 9.4 24.6 0 33.9L246.6 467.3c-9.4 9.4-24.6 9.4-33.9 0l-22.2-22.2c-9.5-9.5-9.3-25 .4-34.3L311.4 296H24c-13.3 0-24-10.7-24-24v-32c0-13.3 10.7-24 24-24h287.4L190.9 101.2c-9.8-9.3-10-24.8-.4-34.3z\"><\/path><\/svg>\t\t<span class=\"ehp-button__text ehp-cta__button-text ehp-cta__button-text--primary\">\n\t\t\tr\u00e9server\t\t\t\t<\/a>\n\t\t\t\t\t\t\t\t\t\t\t<\/div>\n\t\t\t<\/div>\n\t\t\t\t\t<\/div>\n\t\t<\/div>\n\t\t\t\t\t\t<\/div>\n\t\t\t\t<\/div>\n\t\t\t\t\t<\/div>\n\t\t\t\t<\/div>\n\t\t\t\t<div class=\"elementor-element elementor-element-3de7210d elementor-widget-divider--view-line elementor-widget elementor-widget-divider\" data-id=\"3de7210d\" data-element_type=\"widget\" data-e-type=\"widget\" data-widget_type=\"divider.default\">\n\t\t\t\t<div class=\"elementor-widget-container\">\n\t\t\t\t\t\t\t<div class=\"elementor-divider\">\n\t\t\t<span class=\"elementor-divider-separator\">\n\t\t\t\t\t\t<\/span>\n\t\t<\/div>\n\t\t\t\t\t\t<\/div>\n\t\t\t\t<\/div>\n\t\t\t\t<div class=\"elementor-element elementor-element-181a23b9 elementor-widget elementor-widget-image\" data-id=\"181a23b9\" data-element_type=\"widget\" data-e-type=\"widget\" data-widget_type=\"image.default\">\n\t\t\t\t<div class=\"elementor-widget-container\">\n\t\t\t\t\t\t\t\t\t\t\t\t<figure class=\"wp-caption\">\n\t\t\t\t\t\t\t\t\t\t\t<a href=\"https:\/\/cuevalosamayas.com\/fr\/diner-et-flamenco-a-grenade\" title=\"Informaci\u00f3n espect\u00e1culo flamenco y cena\">\n\t\t\t\t\t\t\t<img decoding=\"async\" width=\"800\" height=\"534\" src=\"https:\/\/cuevalosamayas.com\/wp-content\/uploads\/2025\/08\/cena-albaicin-1024x683.avif\" class=\"attachment-large size-large wp-image-4130\" alt=\"Cena en el Albaic\u00edn de Granada\" srcset=\"https:\/\/cuevalosamayas.com\/wp-content\/uploads\/2025\/08\/cena-albaicin-1024x683.avif 1024w, https:\/\/cuevalosamayas.com\/wp-content\/uploads\/2025\/08\/cena-albaicin-300x200.avif 300w, https:\/\/cuevalosamayas.com\/wp-content\/uploads\/2025\/08\/cena-albaicin-768x512.avif 768w, https:\/\/cuevalosamayas.com\/wp-content\/uploads\/2025\/08\/cena-albaicin.avif 1200w\" sizes=\"(max-width: 800px) 100vw, 800px\" \/>\t\t\t\t\t\t\t\t<\/a>\n\t\t\t\t\t\t\t\t\t\t\t<figcaption class=\"widget-image-caption wp-caption-text\">Vivez une nuit inoubliable avec notre pass spectacle de flamenco + d\u00eener.<\/figcaption>\n\t\t\t\t\t\t\t\t\t\t<\/figure>\n\t\t\t\t\t\t\t\t\t<\/div>\n\t\t\t\t<\/div>\n\t\t\t\t<\/div>\n\t\t\t\t<\/div>\n\t\t<div class=\"elementor-element elementor-element-4e7af377 e-flex e-con-boxed e-con e-parent\" data-id=\"4e7af377\" data-element_type=\"container\" data-e-type=\"container\">\n\t\t\t\t\t<div class=\"e-con-inner\">\n\t\t\t\t<div class=\"elementor-element elementor-element-5790a859 elementor-widget-divider--view-line_icon elementor-view-default elementor-widget-divider--element-align-center elementor-widget elementor-widget-divider\" data-id=\"5790a859\" data-element_type=\"widget\" data-e-type=\"widget\" data-widget_type=\"divider.default\">\n\t\t\t\t<div class=\"elementor-widget-container\">\n\t\t\t\t\t\t\t<div class=\"elementor-divider\">\n\t\t\t<span class=\"elementor-divider-separator\">\n\t\t\t\t\t\t\t<div class=\"elementor-icon elementor-divider__element\">\n\t\t\t\t\t<svg xmlns=\"http:\/\/www.w3.org\/2000\/svg\" id=\"f9eb21bf-2219-47db-ad86-312d0028a39c\" data-name=\"Layer 1\" width=\"59.3281\" height=\"42.3096\" viewBox=\"0 0 59.3281 42.3096\"><polygon points=\"59.28 27.219 59.28 0 33.197 0 33.197 27.269 49.859 27.269 40.781 37.618 46.129 42.31 59.328 27.262 59.28 27.219\"><\/polygon><polygon points=\"26.083 0 0 0 0 27.269 16.663 27.269 7.585 37.618 12.933 42.31 26.131 27.262 26.083 27.219 26.083 0\"><\/polygon><\/svg><\/div>\n\t\t\t\t\t\t<\/span>\n\t\t<\/div>\n\t\t\t\t\t\t<\/div>\n\t\t\t\t<\/div>\n\t\t\t\t<div class=\"elementor-element elementor-element-78b826b4 elementor-widget elementor-widget-testimonial\" data-id=\"78b826b4\" data-element_type=\"widget\" data-e-type=\"widget\" data-widget_type=\"testimonial.default\">\n\t\t\t\t<div class=\"elementor-widget-container\">\n\t\t\t\t\t\t\t<div class=\"elementor-testimonial-wrapper\">\n\t\t\t\t\t\t\t<div class=\"elementor-testimonial-content\">Du pur flamenco au c\u0153ur du Sacromonte ! Un coin magique o\u00f9 l'\u00e2me vibre \u00e0 chaque plainte et \u00e0 chaque claquement de talons. La Cueva de los Amayas est une exp\u00e9rience qui vous touche au c\u0153ur.  <\/div>\n\t\t\t\n\t\t\t\t\t<\/div>\n\t\t\t\t\t\t<\/div>\n\t\t\t\t<\/div>\n\t\t\t\t\t<\/div>\n\t\t\t\t<\/div>\n\t\t<div class=\"elementor-element elementor-element-4c0b7d7c e-con-full e-flex e-con e-parent\" data-id=\"4c0b7d7c\" data-element_type=\"container\" data-e-type=\"container\">\n\t\t\t\t<div class=\"elementor-element elementor-element-50c1847e elementor-widget__width-inherit elementor-widget elementor-widget-cta\" data-id=\"50c1847e\" data-element_type=\"widget\" data-e-type=\"widget\" data-settings=\"{&quot;layout_preset&quot;:&quot;focus&quot;,&quot;cta_vertical_position&quot;:&quot;start&quot;,&quot;primary_button_shape&quot;:&quot;default&quot;,&quot;box_shape&quot;:&quot;sharp&quot;}\" data-widget_type=\"cta.default\">\n\t\t\t\t<div class=\"elementor-widget-container\">\n\t\t\t\t\t\t\t<div class=\"has-shape-sharp shape-type-box ehp-cta has-preset-focus\">\n\t\t\t<div class=\"ehp-cta__overlay\"><\/div>\n\t\t\t<div class=\"ehp-cta__elements-container\">\n\t\t\t\t\t\t<div class=\"ehp-cta__text-container\">\n\t\t\t<h2 class=\"ehp-cta__heading\">Notre histoire<\/h2>\t\t<\/div>\n\t\t\t\t\t<div class=\"ehp-cta__ctas-container\">\n\t\t\t\t<div class=\"ehp-cta__buttons-wrapper\">\n\t\t\t\t\t\t\t<a class=\"has-shape-default shape-type-button ehp-button ehp-button--primary ehp-cta__button ehp-cta__button--primary is-type-button\" href=\"https:\/\/cuevalosamayas.com\/fr\/notre-histoire\" title=\"Nuestra historia\">\n\t\t\t<svg aria-hidden=\"true\" class=\"ehp-button__icon e-font-icon-svg e-fas-arrow-right\" 0=\"ehp-cta__button-icon\" viewBox=\"0 0 448 512\" xmlns=\"http:\/\/www.w3.org\/2000\/svg\"><path d=\"M190.5 66.9l22.2-22.2c9.4-9.4 24.6-9.4 33.9 0L441 239c9.4 9.4 9.4 24.6 0 33.9L246.6 467.3c-9.4 9.4-24.6 9.4-33.9 0l-22.2-22.2c-9.5-9.5-9.3-25 .4-34.3L311.4 296H24c-13.3 0-24-10.7-24-24v-32c0-13.3 10.7-24 24-24h287.4L190.9 101.2c-9.8-9.3-10-24.8-.4-34.3z\"><\/path><\/svg>\t\t<span class=\"ehp-button__text ehp-cta__button-text ehp-cta__button-text--primary\">\n\t\t\tLire plus\t\t\t\t<\/a>\n\t\t\t\t\t\t\t\t\t\t\t<\/div>\n\t\t\t<\/div>\n\t\t\t\t\t<\/div>\n\t\t<\/div>\n\t\t\t\t\t\t<\/div>\n\t\t\t\t<\/div>\n\t\t<div class=\"elementor-element elementor-element-134bfe2f e-con-full e-flex e-con e-child\" data-id=\"134bfe2f\" data-element_type=\"container\" data-e-type=\"container\">\n\t\t\t\t<div class=\"elementor-element elementor-element-6ffb35fd elementor-widget-divider--view-line elementor-widget elementor-widget-divider\" data-id=\"6ffb35fd\" data-element_type=\"widget\" data-e-type=\"widget\" data-widget_type=\"divider.default\">\n\t\t\t\t<div class=\"elementor-widget-container\">\n\t\t\t\t\t\t\t<div class=\"elementor-divider\">\n\t\t\t<span class=\"elementor-divider-separator\">\n\t\t\t\t\t\t<\/span>\n\t\t<\/div>\n\t\t\t\t\t\t<\/div>\n\t\t\t\t<\/div>\n\t\t\t\t<div class=\"elementor-element elementor-element-4ec88711 elementor-widget elementor-widget-text-editor\" data-id=\"4ec88711\" data-element_type=\"widget\" data-e-type=\"widget\" data-widget_type=\"text-editor.default\">\n\t\t\t\t<div class=\"elementor-widget-container\">\n\t\t\t\t\t\t\t\t\t<p>L&rsquo;histoire des zambras flamencas \u00e0 Grenade est profonde et riche, remontant aux innovations d&rsquo;Antonio Torcuato \u00ab Cuj\u00f3n \u00bb, un gitan \u00e9minent d&rsquo;\u00cdtrabo.<\/p><p>C&rsquo;est lui qui, dans une forge de la Plaza del Humilladero, a con\u00e7u l&rsquo;id\u00e9e de la premi\u00e8re zambra. Cet \u00e9v\u00e9nement pr\u00e9curseur a donn\u00e9 naissance \u00e0 l&#8217;embl\u00e9matique Zambra de los Amayas \u00e0 Sacromonte, dirig\u00e9e par le Capitaine Juan Amaya au d\u00e9but du XXe si\u00e8cle. <\/p>\t\t\t\t\t\t\t\t<\/div>\n\t\t\t\t<\/div>\n\t\t\t\t<\/div>\n\t\t<div class=\"elementor-element elementor-element-3d835186 e-con-full e-flex e-con e-child\" data-id=\"3d835186\" data-element_type=\"container\" data-e-type=\"container\">\n\t\t<div class=\"elementor-element elementor-element-7b089db3 e-con-full e-flex e-con e-child\" data-id=\"7b089db3\" data-element_type=\"container\" data-e-type=\"container\">\n\t\t\t\t<div class=\"elementor-element elementor-element-5795fd19 elementor-widget elementor-widget-image\" data-id=\"5795fd19\" data-element_type=\"widget\" data-e-type=\"widget\" data-widget_type=\"image.default\">\n\t\t\t\t<div class=\"elementor-widget-container\">\n\t\t\t\t\t\t\t\t\t\t\t\t<figure class=\"wp-caption\">\n\t\t\t\t\t\t\t\t\t\t<img loading=\"lazy\" decoding=\"async\" width=\"800\" height=\"596\" src=\"https:\/\/cuevalosamayas.com\/wp-content\/uploads\/2025\/07\/zambra-gitana-sacromonte.webp\" class=\"attachment-large size-large wp-image-1539\" alt=\"Foto antigua Zambra de los Amayas Sacromonte Granadino\" srcset=\"https:\/\/cuevalosamayas.com\/wp-content\/uploads\/2025\/07\/zambra-gitana-sacromonte.webp 999w, https:\/\/cuevalosamayas.com\/wp-content\/uploads\/2025\/07\/zambra-gitana-sacromonte-300x223.webp 300w, https:\/\/cuevalosamayas.com\/wp-content\/uploads\/2025\/07\/zambra-gitana-sacromonte-768x572.webp 768w\" sizes=\"(max-width: 800px) 100vw, 800px\" \/>\t\t\t\t\t\t\t\t\t\t\t<figcaption class=\"widget-image-caption wp-caption-text\">Le Capitaine, Juan Amaya dans la premi\u00e8re Zambra du Sacromonte, d\u00e9but du XXe si\u00e8cle<\/figcaption>\n\t\t\t\t\t\t\t\t\t\t<\/figure>\n\t\t\t\t\t\t\t\t\t<\/div>\n\t\t\t\t<\/div>\n\t\t\t\t<\/div>\n\t\t<div class=\"elementor-element elementor-element-1a9f3595 e-con-full e-flex e-con e-child\" data-id=\"1a9f3595\" data-element_type=\"container\" data-e-type=\"container\">\n\t\t\t\t<div class=\"elementor-element elementor-element-850aef8 elementor-widget elementor-widget-image\" data-id=\"850aef8\" data-element_type=\"widget\" data-e-type=\"widget\" data-widget_type=\"image.default\">\n\t\t\t\t<div class=\"elementor-widget-container\">\n\t\t\t\t\t\t\t\t\t\t\t\t<figure class=\"wp-caption\">\n\t\t\t\t\t\t\t\t\t\t<img loading=\"lazy\" decoding=\"async\" width=\"768\" height=\"1152\" src=\"https:\/\/cuevalosamayas.com\/wp-content\/uploads\/2025\/08\/cartel-antiguo-flamenco-sacromonte-768x1152.avif\" class=\"attachment-medium_large size-medium_large wp-image-4121\" alt=\"Cartel antiguo Zambra Gitana del Sacromonte\" srcset=\"https:\/\/cuevalosamayas.com\/wp-content\/uploads\/2025\/08\/cartel-antiguo-flamenco-sacromonte-768x1152.avif 768w, https:\/\/cuevalosamayas.com\/wp-content\/uploads\/2025\/08\/cartel-antiguo-flamenco-sacromonte-200x300.avif 200w, https:\/\/cuevalosamayas.com\/wp-content\/uploads\/2025\/08\/cartel-antiguo-flamenco-sacromonte-683x1024.avif 683w, https:\/\/cuevalosamayas.com\/wp-content\/uploads\/2025\/08\/cartel-antiguo-flamenco-sacromonte.avif 800w\" sizes=\"(max-width: 768px) 100vw, 768px\" \/>\t\t\t\t\t\t\t\t\t\t\t<figcaption class=\"widget-image-caption wp-caption-text\">Ancienne affiche de spectacle de flamenco<\/figcaption>\n\t\t\t\t\t\t\t\t\t\t<\/figure>\n\t\t\t\t\t\t\t\t\t<\/div>\n\t\t\t\t<\/div>\n\t\t\t\t<\/div>\n\t\t<div class=\"elementor-element elementor-element-6b98114d e-con-full e-flex e-con e-child\" data-id=\"6b98114d\" data-element_type=\"container\" data-e-type=\"container\">\n\t\t\t\t<div class=\"elementor-element elementor-element-8ff145b elementor-widget elementor-widget-image\" data-id=\"8ff145b\" data-element_type=\"widget\" data-e-type=\"widget\" data-widget_type=\"image.default\">\n\t\t\t\t<div class=\"elementor-widget-container\">\n\t\t\t\t\t\t\t\t\t\t\t\t<figure class=\"wp-caption\">\n\t\t\t\t\t\t\t\t\t\t<img loading=\"lazy\" decoding=\"async\" width=\"800\" height=\"550\" src=\"https:\/\/cuevalosamayas.com\/wp-content\/uploads\/2025\/07\/antonio-canales-tablao-de-los-amayas-1024x704.webp\" class=\"attachment-large size-large wp-image-1552\" alt=\"Antonio Canales en Cueva los Amayas\" srcset=\"https:\/\/cuevalosamayas.com\/wp-content\/uploads\/2025\/07\/antonio-canales-tablao-de-los-amayas-1024x704.webp 1024w, https:\/\/cuevalosamayas.com\/wp-content\/uploads\/2025\/07\/antonio-canales-tablao-de-los-amayas-300x206.webp 300w, https:\/\/cuevalosamayas.com\/wp-content\/uploads\/2025\/07\/antonio-canales-tablao-de-los-amayas-768x528.webp 768w, https:\/\/cuevalosamayas.com\/wp-content\/uploads\/2025\/07\/antonio-canales-tablao-de-los-amayas.webp 1537w\" sizes=\"(max-width: 800px) 100vw, 800px\" \/>\t\t\t\t\t\t\t\t\t\t\t<figcaption class=\"widget-image-caption wp-caption-text\">Bailaor Antonio Canales dans la Cueva de los Amayas<\/figcaption>\n\t\t\t\t\t\t\t\t\t\t<\/figure>\n\t\t\t\t\t\t\t\t\t<\/div>\n\t\t\t\t<\/div>\n\t\t\t\t<\/div>\n\t\t\t\t<\/div>\n\t\t\t\t<div class=\"elementor-element elementor-element-fd732f2 elementor-align-center elementor-mobile-align-left elementor-widget elementor-widget-button\" data-id=\"fd732f2\" data-element_type=\"widget\" data-e-type=\"widget\" data-widget_type=\"button.default\">\n\t\t\t\t<div class=\"elementor-widget-container\">\n\t\t\t\t\t\t\t\t\t<div class=\"elementor-button-wrapper\">\n\t\t\t\t\t<a class=\"elementor-button elementor-button-link elementor-size-sm\" href=\"https:\/\/cuevalosamayas.com\/fr\/blog\" title=\"Articulos del blog\">\n\t\t\t\t\t\t<span class=\"elementor-button-content-wrapper\">\n\t\t\t\t\t\t<span class=\"elementor-button-icon\">\n\t\t\t\t<svg aria-hidden=\"true\" class=\"e-font-icon-svg e-fas-long-arrow-alt-right\" viewBox=\"0 0 448 512\" xmlns=\"http:\/\/www.w3.org\/2000\/svg\"><path d=\"M313.941 216H12c-6.627 0-12 5.373-12 12v56c0 6.627 5.373 12 12 12h301.941v46.059c0 21.382 25.851 32.09 40.971 16.971l86.059-86.059c9.373-9.373 9.373-24.569 0-33.941l-86.059-86.059c-15.119-15.119-40.971-4.411-40.971 16.971V216z\"><\/path><\/svg>\t\t\t<\/span>\n\t\t\t\t\t\t\t\t\t<span class=\"elementor-button-text\">Lire plus<\/span>\n\t\t\t\t\t<\/span>\n\t\t\t\t\t<\/a>\n\t\t\t\t<\/div>\n\t\t\t\t\t\t\t\t<\/div>\n\t\t\t\t<\/div>\n\t\t\t\t<\/div>\n\t\t<div class=\"elementor-element elementor-element-8e691bf e-con-full e-flex e-con e-parent\" data-id=\"8e691bf\" data-element_type=\"container\" data-e-type=\"container\">\n\t\t<div class=\"elementor-element elementor-element-4e31d489 e-con-full e-flex e-con e-child\" data-id=\"4e31d489\" data-element_type=\"container\" data-e-type=\"container\">\n\t\t\t\t<div class=\"elementor-element elementor-element-3d0546b3 elementor-widget elementor-widget-image\" data-id=\"3d0546b3\" data-element_type=\"widget\" data-e-type=\"widget\" data-widget_type=\"image.default\">\n\t\t\t\t<div class=\"elementor-widget-container\">\n\t\t\t\t\t\t\t\t\t\t\t\t<figure class=\"wp-caption\">\n\t\t\t\t\t\t\t\t\t\t<img loading=\"lazy\" decoding=\"async\" width=\"800\" height=\"534\" src=\"https:\/\/cuevalosamayas.com\/wp-content\/uploads\/2025\/07\/interior-cueva-1024x683.avif\" class=\"attachment-large size-large wp-image-1465\" alt=\"Interior Cueva\" srcset=\"https:\/\/cuevalosamayas.com\/wp-content\/uploads\/2025\/07\/interior-cueva-1024x683.avif 1024w, https:\/\/cuevalosamayas.com\/wp-content\/uploads\/2025\/07\/interior-cueva-300x200.avif 300w, https:\/\/cuevalosamayas.com\/wp-content\/uploads\/2025\/07\/interior-cueva-768x512.avif 768w, https:\/\/cuevalosamayas.com\/wp-content\/uploads\/2025\/07\/interior-cueva.avif 1200w\" sizes=\"(max-width: 800px) 100vw, 800px\" \/>\t\t\t\t\t\t\t\t\t\t\t<figcaption class=\"widget-image-caption wp-caption-text\">Int\u00e9rieur de la Cueva de Los Amayas<\/figcaption>\n\t\t\t\t\t\t\t\t\t\t<\/figure>\n\t\t\t\t\t\t\t\t\t<\/div>\n\t\t\t\t<\/div>\n\t\t\t\t<div class=\"elementor-element elementor-element-4f4cdce9 elementor-widget elementor-widget-image\" data-id=\"4f4cdce9\" data-element_type=\"widget\" data-e-type=\"widget\" data-widget_type=\"image.default\">\n\t\t\t\t<div class=\"elementor-widget-container\">\n\t\t\t\t\t\t\t\t\t\t\t\t<figure class=\"wp-caption\">\n\t\t\t\t\t\t\t\t\t\t<img loading=\"lazy\" decoding=\"async\" width=\"800\" height=\"534\" src=\"https:\/\/cuevalosamayas.com\/wp-content\/uploads\/2025\/07\/evento-flamenco-privado-1024x683.avif\" class=\"attachment-large size-large wp-image-1565\" alt=\"Evento privado en la cueva de los Amayas\" srcset=\"https:\/\/cuevalosamayas.com\/wp-content\/uploads\/2025\/07\/evento-flamenco-privado-1024x683.avif 1024w, https:\/\/cuevalosamayas.com\/wp-content\/uploads\/2025\/07\/evento-flamenco-privado-300x200.avif 300w, https:\/\/cuevalosamayas.com\/wp-content\/uploads\/2025\/07\/evento-flamenco-privado-768x512.avif 768w, https:\/\/cuevalosamayas.com\/wp-content\/uploads\/2025\/07\/evento-flamenco-privado.avif 1200w\" sizes=\"(max-width: 800px) 100vw, 800px\" \/>\t\t\t\t\t\t\t\t\t\t\t<figcaption class=\"widget-image-caption wp-caption-text\">Artistes lors d'un \u00e9v\u00e9nement priv\u00e9<\/figcaption>\n\t\t\t\t\t\t\t\t\t\t<\/figure>\n\t\t\t\t\t\t\t\t\t<\/div>\n\t\t\t\t<\/div>\n\t\t\t\t<\/div>\n\t\t<div class=\"elementor-element elementor-element-c414f0d e-con-full e-flex e-con e-child\" data-id=\"c414f0d\" data-element_type=\"container\" data-e-type=\"container\">\n\t\t\t\t<div class=\"elementor-element elementor-element-30d007b9 elementor-widget elementor-widget-heading\" data-id=\"30d007b9\" data-element_type=\"widget\" data-e-type=\"widget\" data-widget_type=\"heading.default\">\n\t\t\t\t<div class=\"elementor-widget-container\">\n\t\t\t\t\t<p class=\"elementor-heading-title elementor-size-default\">\u00c9v\u00e9nements priv\u00e9s et groupes<\/p>\t\t\t\t<\/div>\n\t\t\t\t<\/div>\n\t\t\t\t<div class=\"elementor-element elementor-element-7bc02e45 elementor-widget elementor-widget-cta\" data-id=\"7bc02e45\" data-element_type=\"widget\" data-e-type=\"widget\" data-settings=\"{&quot;layout_preset&quot;:&quot;streamline&quot;,&quot;content_alignment&quot;:&quot;start&quot;,&quot;primary_button_shape&quot;:&quot;sharp&quot;,&quot;content_alignment_tablet&quot;:&quot;center&quot;,&quot;content_alignment_mobile&quot;:&quot;center&quot;,&quot;cta_width&quot;:&quot;default&quot;,&quot;cta_position&quot;:&quot;default&quot;,&quot;box_shape&quot;:&quot;sharp&quot;}\" data-widget_type=\"cta.default\">\n\t\t\t\t<div class=\"elementor-widget-container\">\n\t\t\t\t\t\t\t<div class=\"has-shape-sharp shape-type-box ehp-cta has-preset-streamline\">\n\t\t\t<div class=\"ehp-cta__overlay\"><\/div>\n\t\t\t<div class=\"ehp-cta__elements-container\">\n\t\t\t\t\t\t<div class=\"ehp-cta__text-container\">\n\t\t\t<h2 class=\"ehp-cta__heading\">Spectacles priv\u00e9s<\/h2><p class=\"ehp-cta__description\">Profitez d'un coin unique pour vos c\u00e9l\u00e9brations priv\u00e9es.\n\u00c0 la Cueva de los Amayas, nous vous donnons la possibilit\u00e9 de cr\u00e9er un \u00e9v\u00e9nement inoubliable. Qu'il s'agisse d'une c\u00e9l\u00e9bration intime, d'un d\u00eener d'entreprise, d'une pr\u00e9sentation sp\u00e9ciale ou d'une rencontre culturelle, nous offrons un espace unique au c\u0153ur du Sacromonte, o\u00f9 la magie du flamenco et l'hospitalit\u00e9 andalouse s'unissent pour vous. \n\nProfitez de nos artistes dans une ambiance chaleureuse et traditionnelle, accompagn\u00e9s d'une gastronomie locale, d'un accueil chaleureux et professionnel.<\/p>\t\t<\/div>\n\t\t\t\t\t<div class=\"ehp-cta__ctas-container has-cta-width-default\">\n\t\t\t\t<div class=\"ehp-cta__buttons-wrapper\">\n\t\t\t\t\t\t\t<a class=\"has-shape-sharp shape-type-button ehp-button ehp-button--primary ehp-cta__button ehp-cta__button--primary is-type-button has-border\" href=\"tel:626759129\" title=\"Tel\u00e9fono de contacto\">\n\t\t\t\t\t<span class=\"ehp-button__text ehp-cta__button-text ehp-cta__button-text--primary\">\n\t\t\tAPPELEZ-NOUS\t\t\t\t<\/a>\n\t\t\t\t\t\t\t\t\t\t\t<\/div>\n\t\t\t<\/div>\n\t\t\t\t\t<\/div>\n\t\t<\/div>\n\t\t\t\t\t\t<\/div>\n\t\t\t\t<\/div>\n\t\t\t\t<\/div>\n\t\t\t\t<\/div>\n\t\t<div class=\"elementor-element elementor-element-9e62348 e-con-full e-flex e-con e-parent\" data-id=\"9e62348\" data-element_type=\"container\" data-e-type=\"container\">\n\t\t<div class=\"elementor-element elementor-element-dd2fdb8 e-con-full e-flex e-con e-child\" data-id=\"dd2fdb8\" data-element_type=\"container\" data-e-type=\"container\">\n\t\t\t\t<div class=\"elementor-element elementor-element-b159da4 elementor-widget elementor-widget-heading\" data-id=\"b159da4\" data-element_type=\"widget\" data-e-type=\"widget\" data-widget_type=\"heading.default\">\n\t\t\t\t<div class=\"elementor-widget-container\">\n\t\t\t\t\t<h2 class=\"elementor-heading-title elementor-size-default\">Pr\u00eat \u00e0 vivre l'authentique flamenco ?<\/h2>\t\t\t\t<\/div>\n\t\t\t\t<\/div>\n\t\t\t\t<div class=\"elementor-element elementor-element-5db01af elementor-widget elementor-widget-text-editor\" data-id=\"5db01af\" data-element_type=\"widget\" data-e-type=\"widget\" data-widget_type=\"text-editor.default\">\n\t\t\t\t<div class=\"elementor-widget-container\">\n\t\t\t\t\t\t\t\t\t<p>R\u00e9servez facilement vos billets gr\u00e2ce \u00e0 notre syst\u00e8me de vente de billets en ligne<\/p>\t\t\t\t\t\t\t\t<\/div>\n\t\t\t\t<\/div>\n\t\t\t\t<div class=\"elementor-element elementor-element-b4e1da4 elementor-align-center elementor-widget elementor-widget-button\" data-id=\"b4e1da4\" data-element_type=\"widget\" data-e-type=\"widget\" data-widget_type=\"button.default\">\n\t\t\t\t<div class=\"elementor-widget-container\">\n\t\t\t\t\t\t\t\t\t<div class=\"elementor-button-wrapper\">\n\t\t\t\t\t<a class=\"elementor-button elementor-button-link elementor-size-sm\" href=\"https:\/\/cuevalosamayas.com\/fr\/reservez-votre-place\" title=\"Reserva ahora\">\n\t\t\t\t\t\t<span class=\"elementor-button-content-wrapper\">\n\t\t\t\t\t\t\t\t\t<span class=\"elementor-button-text\">R\u00c9SERVEZ MAINTENANT<\/span>\n\t\t\t\t\t<\/span>\n\t\t\t\t\t<\/a>\n\t\t\t\t<\/div>\n\t\t\t\t\t\t\t\t<\/div>\n\t\t\t\t<\/div>\n\t\t\t\t<\/div>\n\t\t\t\t<\/div>\n\t\t<div class=\"elementor-element elementor-element-5b2fcd6 e-con-full e-flex e-con e-parent\" data-id=\"5b2fcd6\" data-element_type=\"container\" data-e-type=\"container\">\n\t\t\t\t<div class=\"elementor-element elementor-element-c40f6cf elementor-widget__width-initial elementor-widget-mobile__width-inherit elementor-widget elementor-widget-heading\" data-id=\"c40f6cf\" data-element_type=\"widget\" data-e-type=\"widget\" data-widget_type=\"heading.default\">\n\t\t\t\t<div class=\"elementor-widget-container\">\n\t\t\t\t\t<p class=\"elementor-heading-title elementor-size-default\">Informations utiles<br> pour profiter<br> du spectacle<\/p>\t\t\t\t<\/div>\n\t\t\t\t<\/div>\n\t\t\t\t<div class=\"elementor-element elementor-element-a905915 elementor-widget elementor-widget-n-accordion\" data-id=\"a905915\" data-element_type=\"widget\" data-e-type=\"widget\" data-settings=\"{&quot;n_accordion_animation_duration&quot;:{&quot;unit&quot;:&quot;ms&quot;,&quot;size&quot;:300,&quot;sizes&quot;:[]},&quot;default_state&quot;:&quot;expanded&quot;,&quot;max_items_expended&quot;:&quot;one&quot;}\" data-widget_type=\"nested-accordion.default\">\n\t\t\t\t<div class=\"elementor-widget-container\">\n\t\t\t\t\t\t\t<div class=\"e-n-accordion\" aria-label=\"Accordion. Open links with Enter or Space, close with Escape, and navigate with Arrow Keys\">\n\t\t\t\t\t\t<details id=\"e-n-accordion-item-1770\" class=\"e-n-accordion-item\" open>\n\t\t\t\t<summary class=\"e-n-accordion-item-title\" data-accordion-index=\"1\" tabindex=\"0\" aria-expanded=\"true\" aria-controls=\"e-n-accordion-item-1770\" >\n\t\t\t\t\t<span class='e-n-accordion-item-title-header'><div class=\"e-n-accordion-item-title-text\"> Quelle est la meilleure grotte de Grenade ? <\/div><\/span>\n\t\t\t\t\t\t\t<span class='e-n-accordion-item-title-icon'>\n\t\t\t<span class='e-opened' ><svg aria-hidden=\"true\" class=\"e-font-icon-svg e-fas-minus\" viewBox=\"0 0 448 512\" xmlns=\"http:\/\/www.w3.org\/2000\/svg\"><path d=\"M416 208H32c-17.67 0-32 14.33-32 32v32c0 17.67 14.33 32 32 32h384c17.67 0 32-14.33 32-32v-32c0-17.67-14.33-32-32-32z\"><\/path><\/svg><\/span>\n\t\t\t<span class='e-closed'><svg aria-hidden=\"true\" class=\"e-font-icon-svg e-fas-plus\" viewBox=\"0 0 448 512\" xmlns=\"http:\/\/www.w3.org\/2000\/svg\"><path d=\"M416 208H272V64c0-17.67-14.33-32-32-32h-32c-17.67 0-32 14.33-32 32v144H32c-17.67 0-32 14.33-32 32v32c0 17.67 14.33 32 32 32h144v144c0 17.67 14.33 32 32 32h32c17.67 0 32-14.33 32-32V304h144c17.67 0 32-14.33 32-32v-32c0-17.67-14.33-32-32-32z\"><\/path><\/svg><\/span>\n\t\t<\/span>\n\n\t\t\t\t\t\t<\/summary>\n\t\t\t\t<div role=\"region\" aria-labelledby=\"e-n-accordion-item-1770\" class=\"elementor-element elementor-element-d856d66 e-con-full e-flex e-con e-child\" data-id=\"d856d66\" data-element_type=\"container\" data-e-type=\"container\">\n\t\t\t\t<div class=\"elementor-element elementor-element-cedf297 elementor-widget elementor-widget-text-editor\" data-id=\"cedf297\" data-element_type=\"widget\" data-e-type=\"widget\" data-widget_type=\"text-editor.default\">\n\t\t\t\t<div class=\"elementor-widget-container\">\n\t\t\t\t\t\t\t\t\t<p>Grenade est c\u00e9l\u00e8bre pour ses grottes flamencas dans le quartier du Sacromonte, mais si vous recherchez une exp\u00e9rience authentique et charg\u00e9e d&rsquo;art, <strong>la Cueva de Los Amayas<\/strong> se distingue comme l&rsquo;une des meilleures. Son ambiance traditionnelle, son acoustique naturelle et la proximit\u00e9 avec les artistes rendent chaque spectacle inoubliable. <\/p>\t\t\t\t\t\t\t\t<\/div>\n\t\t\t\t<\/div>\n\t\t\t\t<\/div>\n\t\t\t\t\t<\/details>\n\t\t\t\t\t\t<details id=\"e-n-accordion-item-1771\" class=\"e-n-accordion-item\" >\n\t\t\t\t<summary class=\"e-n-accordion-item-title\" data-accordion-index=\"2\" tabindex=\"-1\" aria-expanded=\"false\" aria-controls=\"e-n-accordion-item-1771\" >\n\t\t\t\t\t<span class='e-n-accordion-item-title-header'><div class=\"e-n-accordion-item-title-text\"> Quel est le meilleur endroit pour voir un spectacle de flamenco ? <\/div><\/span>\n\t\t\t\t\t\t\t<span class='e-n-accordion-item-title-icon'>\n\t\t\t<span class='e-opened' ><svg aria-hidden=\"true\" class=\"e-font-icon-svg e-fas-minus\" viewBox=\"0 0 448 512\" xmlns=\"http:\/\/www.w3.org\/2000\/svg\"><path d=\"M416 208H32c-17.67 0-32 14.33-32 32v32c0 17.67 14.33 32 32 32h384c17.67 0 32-14.33 32-32v-32c0-17.67-14.33-32-32-32z\"><\/path><\/svg><\/span>\n\t\t\t<span class='e-closed'><svg aria-hidden=\"true\" class=\"e-font-icon-svg e-fas-plus\" viewBox=\"0 0 448 512\" xmlns=\"http:\/\/www.w3.org\/2000\/svg\"><path d=\"M416 208H272V64c0-17.67-14.33-32-32-32h-32c-17.67 0-32 14.33-32 32v144H32c-17.67 0-32 14.33-32 32v32c0 17.67 14.33 32 32 32h144v144c0 17.67 14.33 32 32 32h32c17.67 0 32-14.33 32-32V304h144c17.67 0 32-14.33 32-32v-32c0-17.67-14.33-32-32-32z\"><\/path><\/svg><\/span>\n\t\t<\/span>\n\n\t\t\t\t\t\t<\/summary>\n\t\t\t\t<div role=\"region\" aria-labelledby=\"e-n-accordion-item-1771\" class=\"elementor-element elementor-element-69958e0 e-con-full e-flex e-con e-child\" data-id=\"69958e0\" data-element_type=\"container\" data-e-type=\"container\">\n\t\t\t\t<div class=\"elementor-element elementor-element-cdf9aac elementor-widget elementor-widget-text-editor\" data-id=\"cdf9aac\" data-element_type=\"widget\" data-e-type=\"widget\" data-widget_type=\"text-editor.default\">\n\t\t\t\t<div class=\"elementor-widget-container\">\n\t\t\t\t\t\t\t\t\t<p>Le meilleur endroit pour vivre le flamenco \u00e0 Grenade est sans aucun doute une grotte du <strong>Sacromonte<\/strong>, o\u00f9 cette tradition est n\u00e9e et reste vivante. En particulier, <strong>la Cueva de Los Amayas<\/strong> offre un spectacle de flamenco pur, avec des danseurs, des guitaristes et des chanteurs de premier plan, dans un espace qui respire l&rsquo;histoire et la passion flamenca. <\/p>\t\t\t\t\t\t\t\t<\/div>\n\t\t\t\t<\/div>\n\t\t\t\t<\/div>\n\t\t\t\t\t<\/details>\n\t\t\t\t\t\t<details id=\"e-n-accordion-item-1772\" class=\"e-n-accordion-item\" >\n\t\t\t\t<summary class=\"e-n-accordion-item-title\" data-accordion-index=\"3\" tabindex=\"-1\" aria-expanded=\"false\" aria-controls=\"e-n-accordion-item-1772\" >\n\t\t\t\t\t<span class='e-n-accordion-item-title-header'><div class=\"e-n-accordion-item-title-text\"> Est-ce que \u00e7a vaut la peine de voir un spectacle de flamenco ? <\/div><\/span>\n\t\t\t\t\t\t\t<span class='e-n-accordion-item-title-icon'>\n\t\t\t<span class='e-opened' ><svg aria-hidden=\"true\" class=\"e-font-icon-svg e-fas-minus\" viewBox=\"0 0 448 512\" xmlns=\"http:\/\/www.w3.org\/2000\/svg\"><path d=\"M416 208H32c-17.67 0-32 14.33-32 32v32c0 17.67 14.33 32 32 32h384c17.67 0 32-14.33 32-32v-32c0-17.67-14.33-32-32-32z\"><\/path><\/svg><\/span>\n\t\t\t<span class='e-closed'><svg aria-hidden=\"true\" class=\"e-font-icon-svg e-fas-plus\" viewBox=\"0 0 448 512\" xmlns=\"http:\/\/www.w3.org\/2000\/svg\"><path d=\"M416 208H272V64c0-17.67-14.33-32-32-32h-32c-17.67 0-32 14.33-32 32v144H32c-17.67 0-32 14.33-32 32v32c0 17.67 14.33 32 32 32h144v144c0 17.67 14.33 32 32 32h32c17.67 0 32-14.33 32-32V304h144c17.67 0 32-14.33 32-32v-32c0-17.67-14.33-32-32-32z\"><\/path><\/svg><\/span>\n\t\t<\/span>\n\n\t\t\t\t\t\t<\/summary>\n\t\t\t\t<div role=\"region\" aria-labelledby=\"e-n-accordion-item-1772\" class=\"elementor-element elementor-element-9ab4d4b e-con-full e-flex e-con e-child\" data-id=\"9ab4d4b\" data-element_type=\"container\" data-e-type=\"container\">\n\t\t\t\t<div class=\"elementor-element elementor-element-397526a elementor-widget elementor-widget-text-editor\" data-id=\"397526a\" data-element_type=\"widget\" data-e-type=\"widget\" data-widget_type=\"text-editor.default\">\n\t\t\t\t<div class=\"elementor-widget-container\">\n\t\t\t\t\t\t\t\t\tOui, \u00e7a vaut vraiment la peine. <strong>Le flamenco est un patrimoine culturel immat\u00e9riel de l&rsquo;humanit\u00e9 de l&rsquo;UNESCO<\/strong> et assister \u00e0 un spectacle dans une <strong>grotte grenadine<\/strong> comme <strong>Los Amayas<\/strong> est une fa\u00e7on unique de se connecter \u00e0 la culture andalouse. C&rsquo;est une exp\u00e9rience qui \u00e9meut m\u00eame ceux qui ne connaissent pas le flamenco. \t\t\t\t\t\t\t\t<\/div>\n\t\t\t\t<\/div>\n\t\t\t\t<\/div>\n\t\t\t\t\t<\/details>\n\t\t\t\t\t\t<details id=\"e-n-accordion-item-1773\" class=\"e-n-accordion-item\" >\n\t\t\t\t<summary class=\"e-n-accordion-item-title\" data-accordion-index=\"4\" tabindex=\"-1\" aria-expanded=\"false\" aria-controls=\"e-n-accordion-item-1773\" >\n\t\t\t\t\t<span class='e-n-accordion-item-title-header'><div class=\"e-n-accordion-item-title-text\"> Combien de temps dure le spectacle de flamenco ? <\/div><\/span>\n\t\t\t\t\t\t\t<span class='e-n-accordion-item-title-icon'>\n\t\t\t<span class='e-opened' ><svg aria-hidden=\"true\" class=\"e-font-icon-svg e-fas-minus\" viewBox=\"0 0 448 512\" xmlns=\"http:\/\/www.w3.org\/2000\/svg\"><path d=\"M416 208H32c-17.67 0-32 14.33-32 32v32c0 17.67 14.33 32 32 32h384c17.67 0 32-14.33 32-32v-32c0-17.67-14.33-32-32-32z\"><\/path><\/svg><\/span>\n\t\t\t<span class='e-closed'><svg aria-hidden=\"true\" class=\"e-font-icon-svg e-fas-plus\" viewBox=\"0 0 448 512\" xmlns=\"http:\/\/www.w3.org\/2000\/svg\"><path d=\"M416 208H272V64c0-17.67-14.33-32-32-32h-32c-17.67 0-32 14.33-32 32v144H32c-17.67 0-32 14.33-32 32v32c0 17.67 14.33 32 32 32h144v144c0 17.67 14.33 32 32 32h32c17.67 0 32-14.33 32-32V304h144c17.67 0 32-14.33 32-32v-32c0-17.67-14.33-32-32-32z\"><\/path><\/svg><\/span>\n\t\t<\/span>\n\n\t\t\t\t\t\t<\/summary>\n\t\t\t\t<div role=\"region\" aria-labelledby=\"e-n-accordion-item-1773\" class=\"elementor-element elementor-element-19920bd e-con-full e-flex e-con e-child\" data-id=\"19920bd\" data-element_type=\"container\" data-e-type=\"container\">\n\t\t\t\t<div class=\"elementor-element elementor-element-0d2bc3b elementor-widget elementor-widget-text-editor\" data-id=\"0d2bc3b\" data-element_type=\"widget\" data-e-type=\"widget\" data-widget_type=\"text-editor.default\">\n\t\t\t\t<div class=\"elementor-widget-container\">\n\t\t\t\t\t\t\t\t\tLe <strong>spectacle de flamenco<\/strong> \u00e0 la <strong>Cueva de Los Amayas<\/strong> dure environ <strong>1 heure.<\/strong> Pendant ce temps, vous pourrez profiter de diff\u00e9rents palos de flamenco : des danses tr\u00e8s rythm\u00e9es aux chansons vraiment \u00e9mouvantes. Tout se d\u00e9roule dans une ambiance particuli\u00e8re, tr\u00e8s intime, o\u00f9 l&rsquo;on ressent la passion et l&rsquo;\u00e9nergie du flamenco d\u00e8s la premi\u00e8re minute. \t\t\t\t\t\t\t\t<\/div>\n\t\t\t\t<\/div>\n\t\t\t\t<\/div>\n\t\t\t\t\t<\/details>\n\t\t\t\t\t\t<details id=\"e-n-accordion-item-1774\" class=\"e-n-accordion-item\" >\n\t\t\t\t<summary class=\"e-n-accordion-item-title\" data-accordion-index=\"5\" tabindex=\"-1\" aria-expanded=\"false\" aria-controls=\"e-n-accordion-item-1774\" >\n\t\t\t\t\t<span class='e-n-accordion-item-title-header'><div class=\"e-n-accordion-item-title-text\"> Quels v\u00eatements porter pour voir un spectacle de flamenco ? <\/div><\/span>\n\t\t\t\t\t\t\t<span class='e-n-accordion-item-title-icon'>\n\t\t\t<span class='e-opened' ><svg aria-hidden=\"true\" class=\"e-font-icon-svg e-fas-minus\" viewBox=\"0 0 448 512\" xmlns=\"http:\/\/www.w3.org\/2000\/svg\"><path d=\"M416 208H32c-17.67 0-32 14.33-32 32v32c0 17.67 14.33 32 32 32h384c17.67 0 32-14.33 32-32v-32c0-17.67-14.33-32-32-32z\"><\/path><\/svg><\/span>\n\t\t\t<span class='e-closed'><svg aria-hidden=\"true\" class=\"e-font-icon-svg e-fas-plus\" viewBox=\"0 0 448 512\" xmlns=\"http:\/\/www.w3.org\/2000\/svg\"><path d=\"M416 208H272V64c0-17.67-14.33-32-32-32h-32c-17.67 0-32 14.33-32 32v144H32c-17.67 0-32 14.33-32 32v32c0 17.67 14.33 32 32 32h144v144c0 17.67 14.33 32 32 32h32c17.67 0 32-14.33 32-32V304h144c17.67 0 32-14.33 32-32v-32c0-17.67-14.33-32-32-32z\"><\/path><\/svg><\/span>\n\t\t<\/span>\n\n\t\t\t\t\t\t<\/summary>\n\t\t\t\t<div role=\"region\" aria-labelledby=\"e-n-accordion-item-1774\" class=\"elementor-element elementor-element-8d8c45f e-con-full e-flex e-con e-child\" data-id=\"8d8c45f\" data-element_type=\"container\" data-e-type=\"container\">\n\t\t\t\t<div class=\"elementor-element elementor-element-0dad245 elementor-widget elementor-widget-text-editor\" data-id=\"0dad245\" data-element_type=\"widget\" data-e-type=\"widget\" data-widget_type=\"text-editor.default\">\n\t\t\t\t<div class=\"elementor-widget-container\">\n\t\t\t\t\t\t\t\t\t<p>Il n&rsquo;y a pas de code vestimentaire strict, mais il est recommand\u00e9 de s&rsquo;habiller de mani\u00e8re confortable et appropri\u00e9e pour un \u00e9v\u00e9nement culturel. Beaucoup de gens optent pour des v\u00eatements d\u00e9contract\u00e9s mais \u00e9l\u00e9gants, surtout s&rsquo;ils vont d\u00eener ou prendre un verre avant ou apr\u00e8s le spectacle. Il n&rsquo;est pas n\u00e9cessaire de s&rsquo;habiller de fa\u00e7on habill\u00e9e, mais \u00e9viter les v\u00eatements trop sportifs ou de plage contribue \u00e0 maintenir l&rsquo;ambiance sp\u00e9ciale du spectacle.  <\/p>\t\t\t\t\t\t\t\t<\/div>\n\t\t\t\t<\/div>\n\t\t\t\t<\/div>\n\t\t\t\t\t<\/details>\n\t\t\t\t\t<\/div>\n\t\t\t\t\t<script type=\"application\/ld+json\">{\"@context\":\"https:\\\/\\\/schema.org\",\"@type\":\"FAQPage\",\"mainEntity\":[{\"@type\":\"Question\",\"name\":\"Quelle est la meilleure grotte de Grenade ?\",\"acceptedAnswer\":{\"@type\":\"Answer\",\"text\":\"Grenade est c\\u00e9l\\u00e8bre pour ses grottes flamencas dans le quartier du Sacromonte, mais si vous recherchez une exp\\u00e9rience authentique et charg\\u00e9e d&rsquo;art, la Cueva de Los Amayas se distingue comme l&rsquo;une des meilleures. Son ambiance traditionnelle, son acoustique naturelle et la proximit\\u00e9 avec les artistes rendent chaque spectacle inoubliable.\"}},{\"@type\":\"Question\",\"name\":\"Quel est le meilleur endroit pour voir un spectacle de flamenco ?\",\"acceptedAnswer\":{\"@type\":\"Answer\",\"text\":\"Le meilleur endroit pour vivre le flamenco \\u00e0 Grenade est sans aucun doute une grotte du Sacromonte, o\\u00f9 cette tradition est n\\u00e9e et reste vivante. En particulier, la Cueva de Los Amayas offre un spectacle de flamenco pur, avec des danseurs, des guitaristes et des chanteurs de premier plan, dans un espace qui respire l&rsquo;histoire et la passion flamenca.\"}},{\"@type\":\"Question\",\"name\":\"Est-ce que \\u00e7a vaut la peine de voir un spectacle de flamenco ?\",\"acceptedAnswer\":{\"@type\":\"Answer\",\"text\":\"Oui, \\u00e7a vaut vraiment la peine. Le flamenco est un patrimoine culturel immat\\u00e9riel de l&rsquo;humanit\\u00e9 de l&rsquo;UNESCO et assister \\u00e0 un spectacle dans une grotte grenadine comme Los Amayas est une fa\\u00e7on unique de se connecter \\u00e0 la culture andalouse. C&rsquo;est une exp\\u00e9rience qui \\u00e9meut m\\u00eame ceux qui ne connaissent pas le flamenco.\"}},{\"@type\":\"Question\",\"name\":\"Combien de temps dure le spectacle de flamenco ?\",\"acceptedAnswer\":{\"@type\":\"Answer\",\"text\":\"Le spectacle de flamenco \\u00e0 la Cueva de Los Amayas dure environ 1 heure. Pendant ce temps, vous pourrez profiter de diff\\u00e9rents palos de flamenco : des danses tr\\u00e8s rythm\\u00e9es aux chansons vraiment \\u00e9mouvantes. Tout se d\\u00e9roule dans une ambiance particuli\\u00e8re, tr\\u00e8s intime, o\\u00f9 l&rsquo;on ressent la passion et l&rsquo;\\u00e9nergie du flamenco d\\u00e8s la premi\\u00e8re minute.\"}},{\"@type\":\"Question\",\"name\":\"Quels v\\u00eatements porter pour voir un spectacle de flamenco ?\",\"acceptedAnswer\":{\"@type\":\"Answer\",\"text\":\"Il n&rsquo;y a pas de code vestimentaire strict, mais il est recommand\\u00e9 de s&rsquo;habiller de mani\\u00e8re confortable et appropri\\u00e9e pour un \\u00e9v\\u00e9nement culturel. Beaucoup de gens optent pour des v\\u00eatements d\\u00e9contract\\u00e9s mais \\u00e9l\\u00e9gants, surtout s&rsquo;ils vont d\\u00eener ou prendre un verre avant ou apr\\u00e8s le spectacle. Il n&rsquo;est pas n\\u00e9cessaire de s&rsquo;habiller de fa\\u00e7on habill\\u00e9e, mais \\u00e9viter les v\\u00eatements trop sportifs ou de plage contribue \\u00e0 maintenir l&rsquo;ambiance sp\\u00e9ciale du spectacle.\"}}]}<\/script>\n\t\t\t\t\t\t\t<\/div>\n\t\t\t\t<\/div>\n\t\t\t\t<\/div>\n\t\t\t\t<\/div>\n\t\t","protected":false},"excerpt":{"rendered":"<p>Flamenco \u00e0 Sacromonte CUEVA LOS AMAYAS La Cueva de Los Amaya Tablao Flamenco est la premi\u00e8re Zambra Flamenca du Sacromonte de Grenade. Dirig\u00e9e par la famille Amaya, une famille gitane historique de Grenade et berceau de grands artistes de flamenco. Capacit\u00e9 limit\u00e9e \u00e0 60 personnes, avec les meilleures vues sur le Generalife et l&rsquo;Alhambra, sans [&hellip;]<\/p>\n","protected":false},"author":1,"featured_media":0,"parent":0,"menu_order":0,"comment_status":"closed","ping_status":"closed","template":"","meta":{"footnotes":""},"class_list":["post-4514","page","type-page","status-publish","hentry"],"_links":{"self":[{"href":"https:\/\/cuevalosamayas.com\/fr\/wp-json\/wp\/v2\/pages\/4514","targetHints":{"allow":["GET"]}}],"collection":[{"href":"https:\/\/cuevalosamayas.com\/fr\/wp-json\/wp\/v2\/pages"}],"about":[{"href":"https:\/\/cuevalosamayas.com\/fr\/wp-json\/wp\/v2\/types\/page"}],"author":[{"embeddable":true,"href":"https:\/\/cuevalosamayas.com\/fr\/wp-json\/wp\/v2\/users\/1"}],"replies":[{"embeddable":true,"href":"https:\/\/cuevalosamayas.com\/fr\/wp-json\/wp\/v2\/comments?post=4514"}],"version-history":[{"count":20,"href":"https:\/\/cuevalosamayas.com\/fr\/wp-json\/wp\/v2\/pages\/4514\/revisions"}],"predecessor-version":[{"id":6623,"href":"https:\/\/cuevalosamayas.com\/fr\/wp-json\/wp\/v2\/pages\/4514\/revisions\/6623"}],"wp:attachment":[{"href":"https:\/\/cuevalosamayas.com\/fr\/wp-json\/wp\/v2\/media?parent=4514"}],"curies":[{"name":"wp","href":"https:\/\/api.w.org\/{rel}","templated":true}]}}